{"id":3953,"date":"2017-07-10T09:21:14","date_gmt":"2017-07-10T13:21:14","guid":{"rendered":"https:\/\/www.janvogler.com\/en-us\/?page_id=3953"},"modified":"2021-09-29T14:13:42","modified_gmt":"2021-09-29T18:13:42","slug":"media","status":"publish","type":"page","link":"https:\/\/www.janvogler.com\/en-us\/media\/","title":{"rendered":"Media"},"content":{"rendered":"<div class=\"wpb-content-wrapper\"><p>[vc_row padding_top_multiplier=&#8221;3x&#8221; padding_bottom_multiplier=&#8221;3x&#8221;][vc_column]<h1 class=\"eut-element eut-title eut-align-center eut-h1\" style=\"\"><span>Media<\/span><\/h1><h4 class=\"eut-element eut-title eut-align-center eut-h4 eut-custom-font-1\" style=\"margin-bottom: 15px;\"><span>A selection of images and videos from throughout Jan&#8217;s career<\/span><\/h4><div class=\"eut-empty-space eut-height-1x\" style=\"\"><\/div><div class=\"eut-element eut-with-gap eut-auto-headings eut-portfolio eut-isotope eut-isotope-column-3\" style=\"\" data-spinner=\"no\" data-columns=\"2\" data-columns-large-screen=\"2\" data-columns-tablet-landscape=\"2\" data-columns-tablet-portrait=\"2\" data-columns-mobile=\"1\" data-layout=\"masonry\" data-gutter-size=\"15\">                <div class=\"wpcptm-filter eut-filter eut-filter-style-simple eut-align-center eut-link-text\">\r\n                    <ul>\r\n                        <li data-filter=\"*\" class=\"selected\"><span>All<\/span><\/li><li data-filter=\".media-assets-categories-on-stage\"><span>On Stage<\/span><\/li><li data-filter=\".media-assets-categories-portraits\"><span>Portraits<\/span><\/li><li data-filter=\".media-assets-categories-videos\"><span>Videos<\/span><\/li><li data-filter=\".media-assets-categories-off-stage\"><span>Off Stage<\/span><\/li>                    <\/ul>\r\n                <\/div>\r\n                <div class=\"grid-container eut-isotope-container eut-gallery-popup\">\r\n                <article id=\"media-asset-6160\" class=\"grid-item eut-isotope-item wpcptm-media-asset-item eut-image-square post-6160 media-assets type-media-assets status-publish has-post-thumbnail hentry media-assets-categories-videos\">\r\n                    <div class=\"eut-isotope-item-inner eut-hover-item eut-zoom-in eut-hover-style-3 eut-animated\">\r\n                        <figure class=\"eut-image-hover eut-media eut-zoom-in\">\r\n                                                                                            <a class=\"eut-item-url\"\r\n                                   href=\"https:\/\/www.youtube.com\/watch?v=Npu4yWtNOIs\"\r\n                                   data-title=\"Elgar Cello Concerto with the Korean National Symphony Orchestra and Leo\u0161 Sv\u00e1rovsk\u00fd\"\r\n                                   data-desc=\"Edward Elgar: Cello Concerto Jan Vogler, cello Korean National Symphony Orchestra Leo\u0161 Sv\u00e1rovsk\u00fd\"\r\n                                   data-iframe=\"true\"><\/a>\r\n                                                        <div class=\"eut-bg-dark eut-hover-overlay eut-opacity-40\"><\/div>\r\n                            <img loading=\"lazy\" decoding=\"async\" width=\"560\" height=\"560\" src=\"https:\/\/www.janvogler.com\/en-us\/wp-content\/uploads\/sites\/2\/2024\/12\/KoreanOrchestra_JanVogler-560x560.jpg\" class=\"attachment-fildisi-eutf-small-square size-fildisi-eutf-small-square\" alt=\"\" srcset=\"https:\/\/www.janvogler.com\/en-us\/wp-content\/uploads\/sites\/2\/2024\/12\/KoreanOrchestra_JanVogler-560x560.jpg 560w, https:\/\/www.janvogler.com\/en-us\/wp-content\/uploads\/sites\/2\/2024\/12\/KoreanOrchestra_JanVogler-150x150.jpg 150w, https:\/\/www.janvogler.com\/en-us\/wp-content\/uploads\/sites\/2\/2024\/12\/KoreanOrchestra_JanVogler-900x900.jpg 900w\" sizes=\"auto, (max-width: 560px) 100vw, 560px\" \/>                                                    <\/figure>\r\n                    <\/div>\r\n                <\/article>\r\n\r\n            \r\n                <article id=\"media-asset-6133\" class=\"grid-item eut-isotope-item wpcptm-media-asset-item eut-image-square post-6133 media-assets type-media-assets status-publish has-post-thumbnail hentry media-assets-categories-videos\">\r\n                    <div class=\"eut-isotope-item-inner eut-hover-item eut-zoom-in eut-hover-style-3 eut-animated\">\r\n                        <figure class=\"eut-image-hover eut-media eut-zoom-in\">\r\n                                                                                            <a class=\"eut-item-url\"\r\n                                   href=\"https:\/\/www.youtube.com\/watch?v=oeks8wBohtI\"\r\n                                   data-title=\"Filarmonica Arturo Toscanini, Omer Meir Wellber &#038; Jan Vogler | Shostakovich Cello Concerto No. 1\"\r\n                                   data-desc=\"Shostakovich Cello Concerto No. 1 recorded at the Kulturpalast Dresden, Dresden Music Festival 2024\"\r\n                                   data-iframe=\"true\"><\/a>\r\n                                                        <div class=\"eut-bg-dark eut-hover-overlay eut-opacity-40\"><\/div>\r\n                            <img loading=\"lazy\" decoding=\"async\" width=\"560\" height=\"560\" src=\"https:\/\/www.janvogler.com\/en-us\/wp-content\/uploads\/sites\/2\/2024\/07\/Bildschirmfoto-2024-07-13-um-13.20.20-scaled-560x560.jpg\" class=\"attachment-fildisi-eutf-small-square size-fildisi-eutf-small-square\" alt=\"\" srcset=\"https:\/\/www.janvogler.com\/en-us\/wp-content\/uploads\/sites\/2\/2024\/07\/Bildschirmfoto-2024-07-13-um-13.20.20-scaled-560x560.jpg 560w, https:\/\/www.janvogler.com\/en-us\/wp-content\/uploads\/sites\/2\/2024\/07\/Bildschirmfoto-2024-07-13-um-13.20.20-scaled-150x150.jpg 150w, https:\/\/www.janvogler.com\/en-us\/wp-content\/uploads\/sites\/2\/2024\/07\/Bildschirmfoto-2024-07-13-um-13.20.20-scaled-900x900.jpg 900w\" sizes=\"auto, (max-width: 560px) 100vw, 560px\" \/>                                                    <\/figure>\r\n                    <\/div>\r\n                <\/article>\r\n\r\n            \r\n                <article id=\"media-asset-6035\" class=\"grid-item eut-isotope-item wpcptm-media-asset-item eut-image-square post-6035 media-assets type-media-assets status-publish has-post-thumbnail hentry media-assets-categories-videos\">\r\n                    <div class=\"eut-isotope-item-inner eut-hover-item eut-zoom-in eut-hover-style-3 eut-animated\">\r\n                        <figure class=\"eut-image-hover eut-media eut-zoom-in\">\r\n                                                                                            <a class=\"eut-item-url\"\r\n                                   href=\"https:\/\/www.youtube.com\/watch?v=pWrCVWfNDf0\"\r\n                                   data-title=\"&#8220;What We Carry&#8221; &#8211; The Late Show with Stephen Colbert\"\r\n                                   data-desc=\"Amanda Gorman and Jan Vogler collaborate on a unique performance of Gorman\u2019s \u201cWhat We Carry.,\u201d\"\r\n                                   data-iframe=\"true\"><\/a>\r\n                                                        <div class=\"eut-bg-dark eut-hover-overlay eut-opacity-40\"><\/div>\r\n                            <img loading=\"lazy\" decoding=\"async\" width=\"560\" height=\"560\" src=\"https:\/\/www.janvogler.com\/en-us\/wp-content\/uploads\/sites\/2\/2010\/03\/d3a54a00-ff50-4454-9852-bfdfe30f7071-560x560.jpg\" class=\"attachment-fildisi-eutf-small-square size-fildisi-eutf-small-square\" alt=\"(c) Colbert Late Show\" srcset=\"https:\/\/www.janvogler.com\/en-us\/wp-content\/uploads\/sites\/2\/2010\/03\/d3a54a00-ff50-4454-9852-bfdfe30f7071-560x560.jpg 560w, https:\/\/www.janvogler.com\/en-us\/wp-content\/uploads\/sites\/2\/2010\/03\/d3a54a00-ff50-4454-9852-bfdfe30f7071-150x150.jpg 150w, https:\/\/www.janvogler.com\/en-us\/wp-content\/uploads\/sites\/2\/2010\/03\/d3a54a00-ff50-4454-9852-bfdfe30f7071-900x900.jpg 900w\" sizes=\"auto, (max-width: 560px) 100vw, 560px\" \/>                                                    <\/figure>\r\n                    <\/div>\r\n                <\/article>\r\n\r\n            \r\n                <article id=\"media-asset-6096\" class=\"grid-item eut-isotope-item wpcptm-media-asset-item eut-image-square post-6096 media-assets type-media-assets status-publish has-post-thumbnail hentry media-assets-categories-on-stage\">\r\n                    <div class=\"eut-isotope-item-inner eut-hover-item eut-zoom-in eut-hover-style-3 eut-animated\">\r\n                        <figure class=\"eut-image-hover eut-media eut-zoom-in\">\r\n                                                            <a class=\"eut-item-url\"\r\n                                   href=\"https:\/\/www.janvogler.com\/en-us\/wp-content\/uploads\/sites\/2\/2024\/03\/image0.jpeg\"\r\n                                   data-title=\"Amanda Gorman and Jan Vogler\"\r\n                                   data-desc=\"Amanda and Jan at the Late Show with Stephen Colbert\"\r\n                                   data-link=\"https:\/\/www.janvogler.com\/en-us\/wp-content\/uploads\/sites\/2\/2024\/03\/image0.jpeg\"><\/a>\r\n                                                        <div class=\"eut-bg-dark eut-hover-overlay eut-opacity-40\"><\/div>\r\n                            <img loading=\"lazy\" decoding=\"async\" width=\"560\" height=\"560\" src=\"https:\/\/www.janvogler.com\/en-us\/wp-content\/uploads\/sites\/2\/2024\/03\/image0-560x560.jpeg\" class=\"attachment-fildisi-eutf-small-square size-fildisi-eutf-small-square\" alt=\"(c) Dorn Music\" srcset=\"https:\/\/www.janvogler.com\/en-us\/wp-content\/uploads\/sites\/2\/2024\/03\/image0-560x560.jpeg 560w, https:\/\/www.janvogler.com\/en-us\/wp-content\/uploads\/sites\/2\/2024\/03\/image0-150x150.jpeg 150w, https:\/\/www.janvogler.com\/en-us\/wp-content\/uploads\/sites\/2\/2024\/03\/image0-900x900.jpeg 900w\" sizes=\"auto, (max-width: 560px) 100vw, 560px\" \/>                                                    <\/figure>\r\n                    <\/div>\r\n                <\/article>\r\n\r\n            \r\n                <article id=\"media-asset-6107\" class=\"grid-item eut-isotope-item wpcptm-media-asset-item eut-image-square post-6107 media-assets type-media-assets status-publish has-post-thumbnail hentry media-assets-categories-portraits\">\r\n                    <div class=\"eut-isotope-item-inner eut-hover-item eut-zoom-in eut-hover-style-3 eut-animated\">\r\n                        <figure class=\"eut-image-hover eut-media eut-zoom-in\">\r\n                                                            <a class=\"eut-item-url\"\r\n                                   href=\"https:\/\/www.janvogler.com\/en-us\/wp-content\/uploads\/sites\/2\/2024\/03\/Jan_Vogler_10_2330_V2-Kopie-scaled.jpg\"\r\n                                   data-title=\"(c) Marco Grob\"\r\n                                   data-desc=\"\"\r\n                                   data-link=\"https:\/\/www.janvogler.com\/en-us\/wp-content\/uploads\/sites\/2\/2024\/03\/Jan_Vogler_10_2330_V2-Kopie-scaled.jpg\"><\/a>\r\n                                                        <div class=\"eut-bg-dark eut-hover-overlay eut-opacity-40\"><\/div>\r\n                            <img loading=\"lazy\" decoding=\"async\" width=\"560\" height=\"560\" src=\"https:\/\/www.janvogler.com\/en-us\/wp-content\/uploads\/sites\/2\/2024\/03\/Jan_Vogler_10_2330_V2-Kopie-scaled-560x560.jpg\" class=\"attachment-fildisi-eutf-small-square size-fildisi-eutf-small-square\" alt=\"\" srcset=\"https:\/\/www.janvogler.com\/en-us\/wp-content\/uploads\/sites\/2\/2024\/03\/Jan_Vogler_10_2330_V2-Kopie-scaled-560x560.jpg 560w, https:\/\/www.janvogler.com\/en-us\/wp-content\/uploads\/sites\/2\/2024\/03\/Jan_Vogler_10_2330_V2-Kopie-scaled-150x150.jpg 150w, https:\/\/www.janvogler.com\/en-us\/wp-content\/uploads\/sites\/2\/2024\/03\/Jan_Vogler_10_2330_V2-Kopie-scaled-900x900.jpg 900w\" sizes=\"auto, (max-width: 560px) 100vw, 560px\" \/>                                                    <\/figure>\r\n                    <\/div>\r\n                <\/article>\r\n\r\n            \r\n                <article id=\"media-asset-6105\" class=\"grid-item eut-isotope-item wpcptm-media-asset-item eut-image-square post-6105 media-assets type-media-assets status-publish has-post-thumbnail hentry media-assets-categories-portraits\">\r\n                    <div class=\"eut-isotope-item-inner eut-hover-item eut-zoom-in eut-hover-style-3 eut-animated\">\r\n                        <figure class=\"eut-image-hover eut-media eut-zoom-in\">\r\n                                                            <a class=\"eut-item-url\"\r\n                                   href=\"https:\/\/www.janvogler.com\/en-us\/wp-content\/uploads\/sites\/2\/2024\/03\/Jan_Vogler_01_0056_V3_OHNE-KNOEPFE-Kopie-scaled.jpg\"\r\n                                   data-title=\"(c) Marco Grob\"\r\n                                   data-desc=\"\"\r\n                                   data-link=\"https:\/\/www.janvogler.com\/en-us\/wp-content\/uploads\/sites\/2\/2024\/03\/Jan_Vogler_01_0056_V3_OHNE-KNOEPFE-Kopie-scaled.jpg\"><\/a>\r\n                                                        <div class=\"eut-bg-dark eut-hover-overlay eut-opacity-40\"><\/div>\r\n                            <img loading=\"lazy\" decoding=\"async\" width=\"560\" height=\"560\" src=\"https:\/\/www.janvogler.com\/en-us\/wp-content\/uploads\/sites\/2\/2024\/03\/Jan_Vogler_01_0056_V3_OHNE-KNOEPFE-Kopie-scaled-560x560.jpg\" class=\"attachment-fildisi-eutf-small-square size-fildisi-eutf-small-square\" alt=\"\" srcset=\"https:\/\/www.janvogler.com\/en-us\/wp-content\/uploads\/sites\/2\/2024\/03\/Jan_Vogler_01_0056_V3_OHNE-KNOEPFE-Kopie-scaled-560x560.jpg 560w, https:\/\/www.janvogler.com\/en-us\/wp-content\/uploads\/sites\/2\/2024\/03\/Jan_Vogler_01_0056_V3_OHNE-KNOEPFE-Kopie-scaled-150x150.jpg 150w, https:\/\/www.janvogler.com\/en-us\/wp-content\/uploads\/sites\/2\/2024\/03\/Jan_Vogler_01_0056_V3_OHNE-KNOEPFE-Kopie-scaled-900x900.jpg 900w\" sizes=\"auto, (max-width: 560px) 100vw, 560px\" \/>                                                    <\/figure>\r\n                    <\/div>\r\n                <\/article>\r\n\r\n            \r\n                <article id=\"media-asset-6103\" class=\"grid-item eut-isotope-item wpcptm-media-asset-item eut-image-square post-6103 media-assets type-media-assets status-publish has-post-thumbnail hentry media-assets-categories-portraits\">\r\n                    <div class=\"eut-isotope-item-inner eut-hover-item eut-zoom-in eut-hover-style-3 eut-animated\">\r\n                        <figure class=\"eut-image-hover eut-media eut-zoom-in\">\r\n                                                            <a class=\"eut-item-url\"\r\n                                   href=\"https:\/\/www.janvogler.com\/en-us\/wp-content\/uploads\/sites\/2\/2024\/03\/Jan_Vogler_02_0005_V1-Kopie-scaled.jpg\"\r\n                                   data-title=\"(c) Marco Grob\"\r\n                                   data-desc=\"\"\r\n                                   data-link=\"https:\/\/www.janvogler.com\/en-us\/wp-content\/uploads\/sites\/2\/2024\/03\/Jan_Vogler_02_0005_V1-Kopie-scaled.jpg\"><\/a>\r\n                                                        <div class=\"eut-bg-dark eut-hover-overlay eut-opacity-40\"><\/div>\r\n                            <img loading=\"lazy\" decoding=\"async\" width=\"560\" height=\"560\" src=\"https:\/\/www.janvogler.com\/en-us\/wp-content\/uploads\/sites\/2\/2024\/03\/Jan_Vogler_02_0005_V1-Kopie-scaled-560x560.jpg\" class=\"attachment-fildisi-eutf-small-square size-fildisi-eutf-small-square\" alt=\"\" srcset=\"https:\/\/www.janvogler.com\/en-us\/wp-content\/uploads\/sites\/2\/2024\/03\/Jan_Vogler_02_0005_V1-Kopie-scaled-560x560.jpg 560w, https:\/\/www.janvogler.com\/en-us\/wp-content\/uploads\/sites\/2\/2024\/03\/Jan_Vogler_02_0005_V1-Kopie-scaled-150x150.jpg 150w, https:\/\/www.janvogler.com\/en-us\/wp-content\/uploads\/sites\/2\/2024\/03\/Jan_Vogler_02_0005_V1-Kopie-scaled-900x900.jpg 900w\" sizes=\"auto, (max-width: 560px) 100vw, 560px\" \/>                                                    <\/figure>\r\n                    <\/div>\r\n                <\/article>\r\n\r\n            \r\n                <article id=\"media-asset-6109\" class=\"grid-item eut-isotope-item wpcptm-media-asset-item eut-image-square post-6109 media-assets type-media-assets status-publish has-post-thumbnail hentry media-assets-categories-portraits\">\r\n                    <div class=\"eut-isotope-item-inner eut-hover-item eut-zoom-in eut-hover-style-3 eut-animated\">\r\n                        <figure class=\"eut-image-hover eut-media eut-zoom-in\">\r\n                                                            <a class=\"eut-item-url\"\r\n                                   href=\"https:\/\/www.janvogler.com\/en-us\/wp-content\/uploads\/sites\/2\/2024\/03\/230120-TrulyYours_0010_V2-Kopie-scaled.jpg\"\r\n                                   data-title=\"(c) Privat\"\r\n                                   data-desc=\"\"\r\n                                   data-link=\"https:\/\/www.janvogler.com\/en-us\/wp-content\/uploads\/sites\/2\/2024\/03\/230120-TrulyYours_0010_V2-Kopie-scaled.jpg\"><\/a>\r\n                                                        <div class=\"eut-bg-dark eut-hover-overlay eut-opacity-40\"><\/div>\r\n                            <img loading=\"lazy\" decoding=\"async\" width=\"560\" height=\"560\" src=\"https:\/\/www.janvogler.com\/en-us\/wp-content\/uploads\/sites\/2\/2024\/03\/230120-TrulyYours_0010_V2-Kopie-560x560.jpg\" class=\"attachment-fildisi-eutf-small-square size-fildisi-eutf-small-square\" alt=\"\" srcset=\"https:\/\/www.janvogler.com\/en-us\/wp-content\/uploads\/sites\/2\/2024\/03\/230120-TrulyYours_0010_V2-Kopie-560x560.jpg 560w, https:\/\/www.janvogler.com\/en-us\/wp-content\/uploads\/sites\/2\/2024\/03\/230120-TrulyYours_0010_V2-Kopie-150x150.jpg 150w, https:\/\/www.janvogler.com\/en-us\/wp-content\/uploads\/sites\/2\/2024\/03\/230120-TrulyYours_0010_V2-Kopie-900x900.jpg 900w\" sizes=\"auto, (max-width: 560px) 100vw, 560px\" \/>                                                    <\/figure>\r\n                    <\/div>\r\n                <\/article>\r\n\r\n            \r\n                <article id=\"media-asset-5927\" class=\"grid-item eut-isotope-item wpcptm-media-asset-item eut-image-square post-5927 media-assets type-media-assets status-publish has-post-thumbnail hentry media-assets-categories-on-stage\">\r\n                    <div class=\"eut-isotope-item-inner eut-hover-item eut-zoom-in eut-hover-style-3 eut-animated\">\r\n                        <figure class=\"eut-image-hover eut-media eut-zoom-in\">\r\n                                                            <a class=\"eut-item-url\"\r\n                                   href=\"https:\/\/www.janvogler.com\/en-us\/wp-content\/uploads\/sites\/2\/2021\/08\/DSF9530.jpeg\"\r\n                                   data-title=\"&#8220;New Worlds: The Cradle of Civilization&#8221; at the Festival de Cannes\"\r\n                                   data-desc=\"\"\r\n                                   data-link=\"https:\/\/www.janvogler.com\/en-us\/wp-content\/uploads\/sites\/2\/2021\/08\/DSF9530.jpeg\"><\/a>\r\n                                                        <div class=\"eut-bg-dark eut-hover-overlay eut-opacity-40\"><\/div>\r\n                            <img loading=\"lazy\" decoding=\"async\" width=\"560\" height=\"560\" src=\"https:\/\/www.janvogler.com\/en-us\/wp-content\/uploads\/sites\/2\/2021\/08\/DSF9530-560x560.jpeg\" class=\"attachment-fildisi-eutf-small-square size-fildisi-eutf-small-square\" alt=\"\" srcset=\"https:\/\/www.janvogler.com\/en-us\/wp-content\/uploads\/sites\/2\/2021\/08\/DSF9530-560x560.jpeg 560w, https:\/\/www.janvogler.com\/en-us\/wp-content\/uploads\/sites\/2\/2021\/08\/DSF9530-150x150.jpeg 150w\" sizes=\"auto, (max-width: 560px) 100vw, 560px\" \/>                                                    <\/figure>\r\n                    <\/div>\r\n                <\/article>\r\n\r\n            \r\n                <article id=\"media-asset-5891\" class=\"grid-item eut-isotope-item wpcptm-media-asset-item eut-image-square post-5891 media-assets type-media-assets status-publish has-post-thumbnail hentry media-assets-categories-on-stage\">\r\n                    <div class=\"eut-isotope-item-inner eut-hover-item eut-zoom-in eut-hover-style-3 eut-animated\">\r\n                        <figure class=\"eut-image-hover eut-media eut-zoom-in\">\r\n                                                            <a class=\"eut-item-url\"\r\n                                   href=\"https:\/\/www.janvogler.com\/en-us\/wp-content\/uploads\/sites\/2\/2021\/06\/Pablo-Sainz-Villegas-c-Oliver-Killig.jpg\"\r\n                                   data-title=\"With Pablo S\u00e1inz Villegas (c) Oliver Killig\"\r\n                                   data-desc=\"\"\r\n                                   data-link=\"https:\/\/www.janvogler.com\/en-us\/wp-content\/uploads\/sites\/2\/2021\/06\/Pablo-Sainz-Villegas-c-Oliver-Killig.jpg\"><\/a>\r\n                                                        <div class=\"eut-bg-dark eut-hover-overlay eut-opacity-40\"><\/div>\r\n                            <img loading=\"lazy\" decoding=\"async\" width=\"560\" height=\"560\" src=\"https:\/\/www.janvogler.com\/en-us\/wp-content\/uploads\/sites\/2\/2021\/06\/Pablo-Sainz-Villegas-c-Oliver-Killig-560x560.jpg\" class=\"attachment-fildisi-eutf-small-square size-fildisi-eutf-small-square\" alt=\"\" srcset=\"https:\/\/www.janvogler.com\/en-us\/wp-content\/uploads\/sites\/2\/2021\/06\/Pablo-Sainz-Villegas-c-Oliver-Killig-560x560.jpg 560w, https:\/\/www.janvogler.com\/en-us\/wp-content\/uploads\/sites\/2\/2021\/06\/Pablo-Sainz-Villegas-c-Oliver-Killig-150x150.jpg 150w, https:\/\/www.janvogler.com\/en-us\/wp-content\/uploads\/sites\/2\/2021\/06\/Pablo-Sainz-Villegas-c-Oliver-Killig-900x900.jpg 900w\" sizes=\"auto, (max-width: 560px) 100vw, 560px\" \/>                                                    <\/figure>\r\n                    <\/div>\r\n                <\/article>\r\n\r\n            \r\n                <article id=\"media-asset-5895\" class=\"grid-item eut-isotope-item wpcptm-media-asset-item eut-image-square post-5895 media-assets type-media-assets status-publish has-post-thumbnail hentry media-assets-categories-videos\">\r\n                    <div class=\"eut-isotope-item-inner eut-hover-item eut-zoom-in eut-hover-style-3 eut-animated\">\r\n                        <figure class=\"eut-image-hover eut-media eut-zoom-in\">\r\n                                                                                            <a class=\"eut-item-url\"\r\n                                   href=\"https:\/\/www.youtube.com\/watch?v=hFfE9CVgk_g\"\r\n                                   data-title=\"Dmitri Shostakovich: Concerto for Cello and Orchestra\"\r\n                                   data-desc=\"\"\r\n                                   data-iframe=\"true\"><\/a>\r\n                                                        <div class=\"eut-bg-dark eut-hover-overlay eut-opacity-40\"><\/div>\r\n                            <img loading=\"lazy\" decoding=\"async\" width=\"560\" height=\"560\" src=\"https:\/\/www.janvogler.com\/en-us\/wp-content\/uploads\/sites\/2\/2021\/07\/88_20190603-7809-560x560.jpg\" class=\"attachment-fildisi-eutf-small-square size-fildisi-eutf-small-square\" alt=\"\" srcset=\"https:\/\/www.janvogler.com\/en-us\/wp-content\/uploads\/sites\/2\/2021\/07\/88_20190603-7809-560x560.jpg 560w, https:\/\/www.janvogler.com\/en-us\/wp-content\/uploads\/sites\/2\/2021\/07\/88_20190603-7809-150x150.jpg 150w, https:\/\/www.janvogler.com\/en-us\/wp-content\/uploads\/sites\/2\/2021\/07\/88_20190603-7809-900x900.jpg 900w\" sizes=\"auto, (max-width: 560px) 100vw, 560px\" \/>                                                    <\/figure>\r\n                    <\/div>\r\n                <\/article>\r\n\r\n            \r\n                <article id=\"media-asset-5489\" class=\"grid-item eut-isotope-item wpcptm-media-asset-item eut-image-landscape post-5489 media-assets type-media-assets status-publish has-post-thumbnail hentry media-assets-categories-on-stage\">\r\n                    <div class=\"eut-isotope-item-inner eut-hover-item eut-zoom-in eut-hover-style-3 eut-animated\">\r\n                        <figure class=\"eut-image-hover eut-media eut-zoom-in\">\r\n                                                            <a class=\"eut-item-url\"\r\n                                   href=\"https:\/\/www.janvogler.com\/en-us\/wp-content\/uploads\/sites\/2\/2019\/05\/JV_3-premiere-IMG_7538.jpg\"\r\n                                   data-title=\"&#8220;3 Composers &#8211; 3 Continents&#8221; premiere with Sven Helbig, Jan Vogler, Cristian Macelaru, Zhou Long, and Nico Muhly\"\r\n                                   data-desc=\"\"\r\n                                   data-link=\"https:\/\/www.janvogler.com\/en-us\/wp-content\/uploads\/sites\/2\/2019\/05\/JV_3-premiere-IMG_7538.jpg\"><\/a>\r\n                                                        <div class=\"eut-bg-dark eut-hover-overlay eut-opacity-40\"><\/div>\r\n                            <img loading=\"lazy\" decoding=\"async\" width=\"900\" height=\"675\" src=\"https:\/\/www.janvogler.com\/en-us\/wp-content\/uploads\/sites\/2\/2019\/05\/JV_3-premiere-IMG_7538-900x675.jpg\" class=\"attachment-fildisi-eutf-medium-rect-horizontal size-fildisi-eutf-medium-rect-horizontal\" alt=\"\" srcset=\"https:\/\/www.janvogler.com\/en-us\/wp-content\/uploads\/sites\/2\/2019\/05\/JV_3-premiere-IMG_7538-900x675.jpg 900w, https:\/\/www.janvogler.com\/en-us\/wp-content\/uploads\/sites\/2\/2019\/05\/JV_3-premiere-IMG_7538-560x420.jpg 560w\" sizes=\"auto, (max-width: 900px) 100vw, 900px\" \/>                                                    <\/figure>\r\n                    <\/div>\r\n                <\/article>\r\n\r\n            \r\n                <article id=\"media-asset-5516\" class=\"grid-item eut-isotope-item wpcptm-media-asset-item eut-image-landscape post-5516 media-assets type-media-assets status-publish has-post-thumbnail hentry media-assets-categories-on-stage\">\r\n                    <div class=\"eut-isotope-item-inner eut-hover-item eut-zoom-in eut-hover-style-3 eut-animated\">\r\n                        <figure class=\"eut-image-hover eut-media eut-zoom-in\">\r\n                                                            <a class=\"eut-item-url\"\r\n                                   href=\"https:\/\/www.janvogler.com\/en-us\/wp-content\/uploads\/sites\/2\/2019\/06\/100619killig305.jpg\"\r\n                                   data-title=\"Eric Clapton, Jan Vogler and Nathan East, Dresdner Musikfestspiele 2019 (Oliver Killig)\"\r\n                                   data-desc=\"\"\r\n                                   data-link=\"https:\/\/www.janvogler.com\/en-us\/wp-content\/uploads\/sites\/2\/2019\/06\/100619killig305.jpg\"><\/a>\r\n                                                        <div class=\"eut-bg-dark eut-hover-overlay eut-opacity-40\"><\/div>\r\n                            <img loading=\"lazy\" decoding=\"async\" width=\"900\" height=\"675\" src=\"https:\/\/www.janvogler.com\/en-us\/wp-content\/uploads\/sites\/2\/2019\/06\/100619killig305-900x675.jpg\" class=\"attachment-fildisi-eutf-medium-rect-horizontal size-fildisi-eutf-medium-rect-horizontal\" alt=\"\" srcset=\"https:\/\/www.janvogler.com\/en-us\/wp-content\/uploads\/sites\/2\/2019\/06\/100619killig305-900x675.jpg 900w, https:\/\/www.janvogler.com\/en-us\/wp-content\/uploads\/sites\/2\/2019\/06\/100619killig305-560x420.jpg 560w\" sizes=\"auto, (max-width: 900px) 100vw, 900px\" \/>                                                    <\/figure>\r\n                    <\/div>\r\n                <\/article>\r\n\r\n            \r\n                <article id=\"media-asset-5518\" class=\"grid-item eut-isotope-item wpcptm-media-asset-item eut-image-square post-5518 media-assets type-media-assets status-publish has-post-thumbnail hentry media-assets-categories-on-stage\">\r\n                    <div class=\"eut-isotope-item-inner eut-hover-item eut-zoom-in eut-hover-style-3 eut-animated\">\r\n                        <figure class=\"eut-image-hover eut-media eut-zoom-in\">\r\n                                                            <a class=\"eut-item-url\"\r\n                                   href=\"https:\/\/www.janvogler.com\/en-us\/wp-content\/uploads\/sites\/2\/2019\/06\/100619killig302.jpg\"\r\n                                   data-title=\"with Eric Clapton, Dresdner Musikfestspiele 2019 (Oliver Killig)\"\r\n                                   data-desc=\"\"\r\n                                   data-link=\"https:\/\/www.janvogler.com\/en-us\/wp-content\/uploads\/sites\/2\/2019\/06\/100619killig302.jpg\"><\/a>\r\n                                                        <div class=\"eut-bg-dark eut-hover-overlay eut-opacity-40\"><\/div>\r\n                            <img loading=\"lazy\" decoding=\"async\" width=\"560\" height=\"560\" src=\"https:\/\/www.janvogler.com\/en-us\/wp-content\/uploads\/sites\/2\/2019\/06\/100619killig302-560x560.jpg\" class=\"attachment-fildisi-eutf-small-square size-fildisi-eutf-small-square\" alt=\"\" srcset=\"https:\/\/www.janvogler.com\/en-us\/wp-content\/uploads\/sites\/2\/2019\/06\/100619killig302-560x560.jpg 560w, https:\/\/www.janvogler.com\/en-us\/wp-content\/uploads\/sites\/2\/2019\/06\/100619killig302-150x150.jpg 150w, https:\/\/www.janvogler.com\/en-us\/wp-content\/uploads\/sites\/2\/2019\/06\/100619killig302-900x900.jpg 900w\" sizes=\"auto, (max-width: 560px) 100vw, 560px\" \/>                                                    <\/figure>\r\n                    <\/div>\r\n                <\/article>\r\n\r\n            \r\n                <article id=\"media-asset-5491\" class=\"grid-item eut-isotope-item wpcptm-media-asset-item eut-image-landscape post-5491 media-assets type-media-assets status-publish has-post-thumbnail hentry media-assets-categories-on-stage\">\r\n                    <div class=\"eut-isotope-item-inner eut-hover-item eut-zoom-in eut-hover-style-3 eut-animated\">\r\n                        <figure class=\"eut-image-hover eut-media eut-zoom-in\">\r\n                                                            <a class=\"eut-item-url\"\r\n                                   href=\"https:\/\/www.janvogler.com\/en-us\/wp-content\/uploads\/sites\/2\/2019\/05\/JV_3-premiere-IMG_7540.jpg\"\r\n                                   data-title=\"&#8220;3 Composers &#8211; 3 Continents&#8221; premiere performance at the Dresdner Musikfestspiele\"\r\n                                   data-desc=\"\"\r\n                                   data-link=\"https:\/\/www.janvogler.com\/en-us\/wp-content\/uploads\/sites\/2\/2019\/05\/JV_3-premiere-IMG_7540.jpg\"><\/a>\r\n                                                        <div class=\"eut-bg-dark eut-hover-overlay eut-opacity-40\"><\/div>\r\n                            <img loading=\"lazy\" decoding=\"async\" width=\"900\" height=\"675\" src=\"https:\/\/www.janvogler.com\/en-us\/wp-content\/uploads\/sites\/2\/2019\/05\/JV_3-premiere-IMG_7540-900x675.jpg\" class=\"attachment-fildisi-eutf-medium-rect-horizontal size-fildisi-eutf-medium-rect-horizontal\" alt=\"\" srcset=\"https:\/\/www.janvogler.com\/en-us\/wp-content\/uploads\/sites\/2\/2019\/05\/JV_3-premiere-IMG_7540-900x675.jpg 900w, https:\/\/www.janvogler.com\/en-us\/wp-content\/uploads\/sites\/2\/2019\/05\/JV_3-premiere-IMG_7540-560x420.jpg 560w\" sizes=\"auto, (max-width: 900px) 100vw, 900px\" \/>                                                    <\/figure>\r\n                    <\/div>\r\n                <\/article>\r\n\r\n            \r\n                <article id=\"media-asset-5493\" class=\"grid-item eut-isotope-item wpcptm-media-asset-item eut-image-landscape post-5493 media-assets type-media-assets status-publish has-post-thumbnail hentry media-assets-categories-on-stage\">\r\n                    <div class=\"eut-isotope-item-inner eut-hover-item eut-zoom-in eut-hover-style-3 eut-animated\">\r\n                        <figure class=\"eut-image-hover eut-media eut-zoom-in\">\r\n                                                            <a class=\"eut-item-url\"\r\n                                   href=\"https:\/\/www.janvogler.com\/en-us\/wp-content\/uploads\/sites\/2\/2019\/05\/JV_3-premiere-IMG_7539.jpg\"\r\n                                   data-title=\"&#8220;3 Composers &#8211; 3 Continents&#8221; premiere performance at the Dresdner Musikfestspiele\"\r\n                                   data-desc=\"\"\r\n                                   data-link=\"https:\/\/www.janvogler.com\/en-us\/wp-content\/uploads\/sites\/2\/2019\/05\/JV_3-premiere-IMG_7539.jpg\"><\/a>\r\n                                                        <div class=\"eut-bg-dark eut-hover-overlay eut-opacity-40\"><\/div>\r\n                            <img loading=\"lazy\" decoding=\"async\" width=\"900\" height=\"675\" src=\"https:\/\/www.janvogler.com\/en-us\/wp-content\/uploads\/sites\/2\/2019\/05\/JV_3-premiere-IMG_7539-900x675.jpg\" class=\"attachment-fildisi-eutf-medium-rect-horizontal size-fildisi-eutf-medium-rect-horizontal\" alt=\"\" srcset=\"https:\/\/www.janvogler.com\/en-us\/wp-content\/uploads\/sites\/2\/2019\/05\/JV_3-premiere-IMG_7539-900x675.jpg 900w, https:\/\/www.janvogler.com\/en-us\/wp-content\/uploads\/sites\/2\/2019\/05\/JV_3-premiere-IMG_7539-560x420.jpg 560w\" sizes=\"auto, (max-width: 900px) 100vw, 900px\" \/>                                                    <\/figure>\r\n                    <\/div>\r\n                <\/article>\r\n\r\n            \r\n                <article id=\"media-asset-5390\" class=\"grid-item eut-isotope-item wpcptm-media-asset-item eut-image-portrait post-5390 media-assets type-media-assets status-publish has-post-thumbnail hentry media-assets-categories-on-stage\">\r\n                    <div class=\"eut-isotope-item-inner eut-hover-item eut-zoom-in eut-hover-style-3 eut-animated\">\r\n                        <figure class=\"eut-image-hover eut-media eut-zoom-in\">\r\n                                                            <a class=\"eut-item-url\"\r\n                                   href=\"https:\/\/www.janvogler.com\/en-us\/wp-content\/uploads\/sites\/2\/2018\/10\/Jan-playing.jpg\"\r\n                                   data-title=\"Jan in performance\"\r\n                                   data-desc=\"\"\r\n                                   data-link=\"https:\/\/www.janvogler.com\/en-us\/wp-content\/uploads\/sites\/2\/2018\/10\/Jan-playing.jpg\"><\/a>\r\n                                                        <div class=\"eut-bg-dark eut-hover-overlay eut-opacity-40\"><\/div>\r\n                            <img loading=\"lazy\" decoding=\"async\" width=\"472\" height=\"640\" src=\"https:\/\/www.janvogler.com\/en-us\/wp-content\/uploads\/sites\/2\/2018\/10\/Jan-playing.jpg\" class=\"attachment-fildisi-eutf-medium-rect-vertical size-fildisi-eutf-medium-rect-vertical\" alt=\"\" srcset=\"https:\/\/www.janvogler.com\/en-us\/wp-content\/uploads\/sites\/2\/2018\/10\/Jan-playing.jpg 472w, https:\/\/www.janvogler.com\/en-us\/wp-content\/uploads\/sites\/2\/2018\/10\/Jan-playing-221x300.jpg 221w\" sizes=\"auto, (max-width: 472px) 100vw, 472px\" \/>                                                    <\/figure>\r\n                    <\/div>\r\n                <\/article>\r\n\r\n            \r\n                <article id=\"media-asset-5544\" class=\"grid-item eut-isotope-item wpcptm-media-asset-item eut-image-square post-5544 media-assets type-media-assets status-publish has-post-thumbnail hentry media-assets-categories-off-stage\">\r\n                    <div class=\"eut-isotope-item-inner eut-hover-item eut-zoom-in eut-hover-style-3 eut-animated\">\r\n                        <figure class=\"eut-image-hover eut-media eut-zoom-in\">\r\n                                                            <a class=\"eut-item-url\"\r\n                                   href=\"https:\/\/www.janvogler.com\/en-us\/wp-content\/uploads\/sites\/2\/2018\/03\/JV_BillMurrayRigaudPress.jpg\"\r\n                                   data-title=\"Bill Murray and Jan Vogler\"\r\n                                   data-desc=\"\"\r\n                                   data-link=\"https:\/\/www.janvogler.com\/en-us\/wp-content\/uploads\/sites\/2\/2018\/03\/JV_BillMurrayRigaudPress.jpg\"><\/a>\r\n                                                        <div class=\"eut-bg-dark eut-hover-overlay eut-opacity-40\"><\/div>\r\n                            <img loading=\"lazy\" decoding=\"async\" width=\"560\" height=\"560\" src=\"https:\/\/www.janvogler.com\/en-us\/wp-content\/uploads\/sites\/2\/2018\/03\/JV_BillMurrayRigaudPress-560x560.jpg\" class=\"attachment-fildisi-eutf-small-square size-fildisi-eutf-small-square\" alt=\"\" srcset=\"https:\/\/www.janvogler.com\/en-us\/wp-content\/uploads\/sites\/2\/2018\/03\/JV_BillMurrayRigaudPress-560x560.jpg 560w, https:\/\/www.janvogler.com\/en-us\/wp-content\/uploads\/sites\/2\/2018\/03\/JV_BillMurrayRigaudPress-150x150.jpg 150w\" sizes=\"auto, (max-width: 560px) 100vw, 560px\" \/>                                                    <\/figure>\r\n                    <\/div>\r\n                <\/article>\r\n\r\n            \r\n                <article id=\"media-asset-5543\" class=\"grid-item eut-isotope-item wpcptm-media-asset-item eut-image-square post-5543 media-assets type-media-assets status-publish has-post-thumbnail hentry media-assets-categories-on-stage\">\r\n                    <div class=\"eut-isotope-item-inner eut-hover-item eut-zoom-in eut-hover-style-3 eut-animated\">\r\n                        <figure class=\"eut-image-hover eut-media eut-zoom-in\">\r\n                                                            <a class=\"eut-item-url\"\r\n                                   href=\"https:\/\/www.janvogler.com\/en-us\/wp-content\/uploads\/sites\/2\/2018\/01\/JV.McCaw1-news-e1513889233495.jpeg\"\r\n                                   data-title=\"New Worlds McCaw Hall\"\r\n                                   data-desc=\"\"\r\n                                   data-link=\"https:\/\/www.janvogler.com\/en-us\/wp-content\/uploads\/sites\/2\/2018\/01\/JV.McCaw1-news-e1513889233495.jpeg\"><\/a>\r\n                                                        <div class=\"eut-bg-dark eut-hover-overlay eut-opacity-40\"><\/div>\r\n                            <img loading=\"lazy\" decoding=\"async\" width=\"560\" height=\"560\" src=\"https:\/\/www.janvogler.com\/en-us\/wp-content\/uploads\/sites\/2\/2018\/01\/JV.McCaw1-news-e1513889233495-560x560.jpeg\" class=\"attachment-fildisi-eutf-small-square size-fildisi-eutf-small-square\" alt=\"\" srcset=\"https:\/\/www.janvogler.com\/en-us\/wp-content\/uploads\/sites\/2\/2018\/01\/JV.McCaw1-news-e1513889233495-560x560.jpeg 560w, https:\/\/www.janvogler.com\/en-us\/wp-content\/uploads\/sites\/2\/2018\/01\/JV.McCaw1-news-e1513889233495-150x150.jpeg 150w\" sizes=\"auto, (max-width: 560px) 100vw, 560px\" \/>                                                    <\/figure>\r\n                    <\/div>\r\n                <\/article>\r\n\r\n            \r\n                <article id=\"media-asset-5412\" class=\"grid-item eut-isotope-item wpcptm-media-asset-item eut-image-square post-5412 media-assets type-media-assets status-publish has-post-thumbnail hentry media-assets-categories-videos\">\r\n                    <div class=\"eut-isotope-item-inner eut-hover-item eut-zoom-in eut-hover-style-3 eut-animated\">\r\n                        <figure class=\"eut-image-hover eut-media eut-zoom-in\">\r\n                                                                                            <a class=\"eut-item-url\"\r\n                                   href=\"https:\/\/www.youtube.com\/watch?v=RRGMPCXS_yM\"\r\n                                   data-title=\"Bloch: Schelomo \u2013 Hebr\u00e4ische Rhapsodie \u2219 hr-Sinfonieorchester \u2219 Jan Vogler \u2219 Eliahu Inbal\"\r\n                                   data-desc=\"\"\r\n                                   data-iframe=\"true\"><\/a>\r\n                                                        <div class=\"eut-bg-dark eut-hover-overlay eut-opacity-40\"><\/div>\r\n                            <img loading=\"lazy\" decoding=\"async\" width=\"560\" height=\"370\" src=\"https:\/\/www.janvogler.com\/en-us\/wp-content\/uploads\/sites\/2\/2018\/11\/Screen-Shot-2018-11-12-at-7.52.51-PM-560x370.png\" class=\"attachment-fildisi-eutf-small-square size-fildisi-eutf-small-square\" alt=\"\" \/>                                                    <\/figure>\r\n                    <\/div>\r\n                <\/article>\r\n\r\n            \r\n                <article id=\"media-asset-5542\" class=\"grid-item eut-isotope-item wpcptm-media-asset-item eut-image-landscape post-5542 media-assets type-media-assets status-publish has-post-thumbnail hentry media-assets-categories-off-stage\">\r\n                    <div class=\"eut-isotope-item-inner eut-hover-item eut-zoom-in eut-hover-style-3 eut-animated\">\r\n                        <figure class=\"eut-image-hover eut-media eut-zoom-in\">\r\n                                                            <a class=\"eut-item-url\"\r\n                                   href=\"https:\/\/www.janvogler.com\/en-us\/wp-content\/uploads\/sites\/2\/2016\/11\/Jan-Voglar-new-worlds-main-banner.jpg\"\r\n                                   data-title=\"New Worlds\"\r\n                                   data-desc=\"\"\r\n                                   data-link=\"https:\/\/www.janvogler.com\/en-us\/wp-content\/uploads\/sites\/2\/2016\/11\/Jan-Voglar-new-worlds-main-banner.jpg\"><\/a>\r\n                                                        <div class=\"eut-bg-dark eut-hover-overlay eut-opacity-40\"><\/div>\r\n                            <img loading=\"lazy\" decoding=\"async\" width=\"900\" height=\"675\" src=\"https:\/\/www.janvogler.com\/en-us\/wp-content\/uploads\/sites\/2\/2016\/11\/Jan-Voglar-new-worlds-main-banner-900x675.jpg\" class=\"attachment-fildisi-eutf-medium-rect-horizontal size-fildisi-eutf-medium-rect-horizontal\" alt=\"\" srcset=\"https:\/\/www.janvogler.com\/en-us\/wp-content\/uploads\/sites\/2\/2016\/11\/Jan-Voglar-new-worlds-main-banner-900x675.jpg 900w, https:\/\/www.janvogler.com\/en-us\/wp-content\/uploads\/sites\/2\/2016\/11\/Jan-Voglar-new-worlds-main-banner-560x420.jpg 560w\" sizes=\"auto, (max-width: 900px) 100vw, 900px\" \/>                                                    <\/figure>\r\n                    <\/div>\r\n                <\/article>\r\n\r\n            \r\n                <article id=\"media-asset-5709\" class=\"grid-item eut-isotope-item wpcptm-media-asset-item eut-image-square post-5709 media-assets type-media-assets status-publish has-post-thumbnail hentry media-assets-categories-portraits\">\r\n                    <div class=\"eut-isotope-item-inner eut-hover-item eut-zoom-in eut-hover-style-3 eut-animated\">\r\n                        <figure class=\"eut-image-hover eut-media eut-zoom-in\">\r\n                                                            <a class=\"eut-item-url\"\r\n                                   href=\"https:\/\/www.janvogler.com\/en-us\/wp-content\/uploads\/sites\/2\/2019\/09\/190215_JANVOGLER_0010_retouched_v1.jpg\"\r\n                                   data-title=\"\u00a9 Marco Grob\"\r\n                                   data-desc=\"\"\r\n                                   data-link=\"https:\/\/www.janvogler.com\/en-us\/wp-content\/uploads\/sites\/2\/2019\/09\/190215_JANVOGLER_0010_retouched_v1.jpg\"><\/a>\r\n                                                        <div class=\"eut-bg-dark eut-hover-overlay eut-opacity-40\"><\/div>\r\n                            <img loading=\"lazy\" decoding=\"async\" width=\"560\" height=\"560\" src=\"https:\/\/www.janvogler.com\/en-us\/wp-content\/uploads\/sites\/2\/2019\/09\/190215_JANVOGLER_0010_retouched_v1-560x560.jpg\" class=\"attachment-fildisi-eutf-small-square size-fildisi-eutf-small-square\" alt=\"\" srcset=\"https:\/\/www.janvogler.com\/en-us\/wp-content\/uploads\/sites\/2\/2019\/09\/190215_JANVOGLER_0010_retouched_v1-560x560.jpg 560w, https:\/\/www.janvogler.com\/en-us\/wp-content\/uploads\/sites\/2\/2019\/09\/190215_JANVOGLER_0010_retouched_v1-150x150.jpg 150w, https:\/\/www.janvogler.com\/en-us\/wp-content\/uploads\/sites\/2\/2019\/09\/190215_JANVOGLER_0010_retouched_v1-900x900.jpg 900w\" sizes=\"auto, (max-width: 560px) 100vw, 560px\" \/>                                                    <\/figure>\r\n                    <\/div>\r\n                <\/article>\r\n\r\n            \r\n                <article id=\"media-asset-5711\" class=\"grid-item eut-isotope-item wpcptm-media-asset-item eut-image-square post-5711 media-assets type-media-assets status-publish has-post-thumbnail hentry media-assets-categories-portraits\">\r\n                    <div class=\"eut-isotope-item-inner eut-hover-item eut-zoom-in eut-hover-style-3 eut-animated\">\r\n                        <figure class=\"eut-image-hover eut-media eut-zoom-in\">\r\n                                                            <a class=\"eut-item-url\"\r\n                                   href=\"https:\/\/www.janvogler.com\/en-us\/wp-content\/uploads\/sites\/2\/2019\/09\/190215_JANVOGLER_0235_retouched_v1.jpg\"\r\n                                   data-title=\"\u00a9 Marco Grob\"\r\n                                   data-desc=\"\"\r\n                                   data-link=\"https:\/\/www.janvogler.com\/en-us\/wp-content\/uploads\/sites\/2\/2019\/09\/190215_JANVOGLER_0235_retouched_v1.jpg\"><\/a>\r\n                                                        <div class=\"eut-bg-dark eut-hover-overlay eut-opacity-40\"><\/div>\r\n                            <img loading=\"lazy\" decoding=\"async\" width=\"560\" height=\"560\" src=\"https:\/\/www.janvogler.com\/en-us\/wp-content\/uploads\/sites\/2\/2019\/09\/190215_JANVOGLER_0235_retouched_v1-560x560.jpg\" class=\"attachment-fildisi-eutf-small-square size-fildisi-eutf-small-square\" alt=\"\" srcset=\"https:\/\/www.janvogler.com\/en-us\/wp-content\/uploads\/sites\/2\/2019\/09\/190215_JANVOGLER_0235_retouched_v1-560x560.jpg 560w, https:\/\/www.janvogler.com\/en-us\/wp-content\/uploads\/sites\/2\/2019\/09\/190215_JANVOGLER_0235_retouched_v1-150x150.jpg 150w, https:\/\/www.janvogler.com\/en-us\/wp-content\/uploads\/sites\/2\/2019\/09\/190215_JANVOGLER_0235_retouched_v1-900x900.jpg 900w\" sizes=\"auto, (max-width: 560px) 100vw, 560px\" \/>                                                    <\/figure>\r\n                    <\/div>\r\n                <\/article>\r\n\r\n            \r\n                <article id=\"media-asset-5713\" class=\"grid-item eut-isotope-item wpcptm-media-asset-item eut-image-square post-5713 media-assets type-media-assets status-publish has-post-thumbnail hentry media-assets-categories-portraits\">\r\n                    <div class=\"eut-isotope-item-inner eut-hover-item eut-zoom-in eut-hover-style-3 eut-animated\">\r\n                        <figure class=\"eut-image-hover eut-media eut-zoom-in\">\r\n                                                            <a class=\"eut-item-url\"\r\n                                   href=\"https:\/\/www.janvogler.com\/en-us\/wp-content\/uploads\/sites\/2\/2019\/09\/190215_JANVOGLER_0280_retouched_v1.jpg\"\r\n                                   data-title=\"\u00a9 Marco Grob\"\r\n                                   data-desc=\"\"\r\n                                   data-link=\"https:\/\/www.janvogler.com\/en-us\/wp-content\/uploads\/sites\/2\/2019\/09\/190215_JANVOGLER_0280_retouched_v1.jpg\"><\/a>\r\n                                                        <div class=\"eut-bg-dark eut-hover-overlay eut-opacity-40\"><\/div>\r\n                            <img loading=\"lazy\" decoding=\"async\" width=\"560\" height=\"560\" src=\"https:\/\/www.janvogler.com\/en-us\/wp-content\/uploads\/sites\/2\/2019\/09\/190215_JANVOGLER_0280_retouched_v1-560x560.jpg\" class=\"attachment-fildisi-eutf-small-square size-fildisi-eutf-small-square\" alt=\"\" srcset=\"https:\/\/www.janvogler.com\/en-us\/wp-content\/uploads\/sites\/2\/2019\/09\/190215_JANVOGLER_0280_retouched_v1-560x560.jpg 560w, https:\/\/www.janvogler.com\/en-us\/wp-content\/uploads\/sites\/2\/2019\/09\/190215_JANVOGLER_0280_retouched_v1-150x150.jpg 150w, https:\/\/www.janvogler.com\/en-us\/wp-content\/uploads\/sites\/2\/2019\/09\/190215_JANVOGLER_0280_retouched_v1-900x900.jpg 900w\" sizes=\"auto, (max-width: 560px) 100vw, 560px\" \/>                                                    <\/figure>\r\n                    <\/div>\r\n                <\/article>\r\n\r\n            \r\n                <article id=\"media-asset-5715\" class=\"grid-item eut-isotope-item wpcptm-media-asset-item eut-image-square post-5715 media-assets type-media-assets status-publish has-post-thumbnail hentry media-assets-categories-portraits\">\r\n                    <div class=\"eut-isotope-item-inner eut-hover-item eut-zoom-in eut-hover-style-3 eut-animated\">\r\n                        <figure class=\"eut-image-hover eut-media eut-zoom-in\">\r\n                                                            <a class=\"eut-item-url\"\r\n                                   href=\"https:\/\/www.janvogler.com\/en-us\/wp-content\/uploads\/sites\/2\/2019\/09\/190215_JANVOGLER_0352_retouched_v1.jpg\"\r\n                                   data-title=\"\u00a9 Marco Grob\"\r\n                                   data-desc=\"\"\r\n                                   data-link=\"https:\/\/www.janvogler.com\/en-us\/wp-content\/uploads\/sites\/2\/2019\/09\/190215_JANVOGLER_0352_retouched_v1.jpg\"><\/a>\r\n                                                        <div class=\"eut-bg-dark eut-hover-overlay eut-opacity-40\"><\/div>\r\n                            <img loading=\"lazy\" decoding=\"async\" width=\"560\" height=\"560\" src=\"https:\/\/www.janvogler.com\/en-us\/wp-content\/uploads\/sites\/2\/2019\/09\/190215_JANVOGLER_0352_retouched_v1-560x560.jpg\" class=\"attachment-fildisi-eutf-small-square size-fildisi-eutf-small-square\" alt=\"\" srcset=\"https:\/\/www.janvogler.com\/en-us\/wp-content\/uploads\/sites\/2\/2019\/09\/190215_JANVOGLER_0352_retouched_v1-560x560.jpg 560w, https:\/\/www.janvogler.com\/en-us\/wp-content\/uploads\/sites\/2\/2019\/09\/190215_JANVOGLER_0352_retouched_v1-150x150.jpg 150w, https:\/\/www.janvogler.com\/en-us\/wp-content\/uploads\/sites\/2\/2019\/09\/190215_JANVOGLER_0352_retouched_v1-900x900.jpg 900w\" sizes=\"auto, (max-width: 560px) 100vw, 560px\" \/>                                                    <\/figure>\r\n                    <\/div>\r\n                <\/article>\r\n\r\n            \r\n                <article id=\"media-asset-5717\" class=\"grid-item eut-isotope-item wpcptm-media-asset-item eut-image-square post-5717 media-assets type-media-assets status-publish has-post-thumbnail hentry media-assets-categories-portraits\">\r\n                    <div class=\"eut-isotope-item-inner eut-hover-item eut-zoom-in eut-hover-style-3 eut-animated\">\r\n                        <figure class=\"eut-image-hover eut-media eut-zoom-in\">\r\n                                                            <a class=\"eut-item-url\"\r\n                                   href=\"https:\/\/www.janvogler.com\/en-us\/wp-content\/uploads\/sites\/2\/2019\/09\/190215_JANVOGLER_0511_retouched_v1.jpg\"\r\n                                   data-title=\"\u00a9 Marco Grob\"\r\n                                   data-desc=\"\"\r\n                                   data-link=\"https:\/\/www.janvogler.com\/en-us\/wp-content\/uploads\/sites\/2\/2019\/09\/190215_JANVOGLER_0511_retouched_v1.jpg\"><\/a>\r\n                                                        <div class=\"eut-bg-dark eut-hover-overlay eut-opacity-40\"><\/div>\r\n                            <img loading=\"lazy\" decoding=\"async\" width=\"560\" height=\"560\" src=\"https:\/\/www.janvogler.com\/en-us\/wp-content\/uploads\/sites\/2\/2019\/09\/190215_JANVOGLER_0511_retouched_v1-560x560.jpg\" class=\"attachment-fildisi-eutf-small-square size-fildisi-eutf-small-square\" alt=\"\" srcset=\"https:\/\/www.janvogler.com\/en-us\/wp-content\/uploads\/sites\/2\/2019\/09\/190215_JANVOGLER_0511_retouched_v1-560x560.jpg 560w, https:\/\/www.janvogler.com\/en-us\/wp-content\/uploads\/sites\/2\/2019\/09\/190215_JANVOGLER_0511_retouched_v1-150x150.jpg 150w, https:\/\/www.janvogler.com\/en-us\/wp-content\/uploads\/sites\/2\/2019\/09\/190215_JANVOGLER_0511_retouched_v1-900x900.jpg 900w\" sizes=\"auto, (max-width: 560px) 100vw, 560px\" \/>                                                    <\/figure>\r\n                    <\/div>\r\n                <\/article>\r\n\r\n            \r\n                <article id=\"media-asset-5719\" class=\"grid-item eut-isotope-item wpcptm-media-asset-item eut-image-square post-5719 media-assets type-media-assets status-publish has-post-thumbnail hentry media-assets-categories-portraits\">\r\n                    <div class=\"eut-isotope-item-inner eut-hover-item eut-zoom-in eut-hover-style-3 eut-animated\">\r\n                        <figure class=\"eut-image-hover eut-media eut-zoom-in\">\r\n                                                            <a class=\"eut-item-url\"\r\n                                   href=\"https:\/\/www.janvogler.com\/en-us\/wp-content\/uploads\/sites\/2\/2019\/09\/190215_JANVOGLER_0528_retouched_v1.jpg\"\r\n                                   data-title=\"\u00a9 Marco Grob\"\r\n                                   data-desc=\"\"\r\n                                   data-link=\"https:\/\/www.janvogler.com\/en-us\/wp-content\/uploads\/sites\/2\/2019\/09\/190215_JANVOGLER_0528_retouched_v1.jpg\"><\/a>\r\n                                                        <div class=\"eut-bg-dark eut-hover-overlay eut-opacity-40\"><\/div>\r\n                            <img loading=\"lazy\" decoding=\"async\" width=\"560\" height=\"560\" src=\"https:\/\/www.janvogler.com\/en-us\/wp-content\/uploads\/sites\/2\/2019\/09\/190215_JANVOGLER_0528_retouched_v1-560x560.jpg\" class=\"attachment-fildisi-eutf-small-square size-fildisi-eutf-small-square\" alt=\"\" srcset=\"https:\/\/www.janvogler.com\/en-us\/wp-content\/uploads\/sites\/2\/2019\/09\/190215_JANVOGLER_0528_retouched_v1-560x560.jpg 560w, https:\/\/www.janvogler.com\/en-us\/wp-content\/uploads\/sites\/2\/2019\/09\/190215_JANVOGLER_0528_retouched_v1-150x150.jpg 150w, https:\/\/www.janvogler.com\/en-us\/wp-content\/uploads\/sites\/2\/2019\/09\/190215_JANVOGLER_0528_retouched_v1-900x900.jpg 900w\" sizes=\"auto, (max-width: 560px) 100vw, 560px\" \/>                                                    <\/figure>\r\n                    <\/div>\r\n                <\/article>\r\n\r\n            \r\n                <article id=\"media-asset-5721\" class=\"grid-item eut-isotope-item wpcptm-media-asset-item eut-image-square post-5721 media-assets type-media-assets status-publish has-post-thumbnail hentry media-assets-categories-portraits\">\r\n                    <div class=\"eut-isotope-item-inner eut-hover-item eut-zoom-in eut-hover-style-3 eut-animated\">\r\n                        <figure class=\"eut-image-hover eut-media eut-zoom-in\">\r\n                                                            <a class=\"eut-item-url\"\r\n                                   href=\"https:\/\/www.janvogler.com\/en-us\/wp-content\/uploads\/sites\/2\/2019\/09\/190215_JANVOGLER_0545_retouched_v1.jpg\"\r\n                                   data-title=\"\u00a9 Marco Grob\"\r\n                                   data-desc=\"\"\r\n                                   data-link=\"https:\/\/www.janvogler.com\/en-us\/wp-content\/uploads\/sites\/2\/2019\/09\/190215_JANVOGLER_0545_retouched_v1.jpg\"><\/a>\r\n                                                        <div class=\"eut-bg-dark eut-hover-overlay eut-opacity-40\"><\/div>\r\n                            <img loading=\"lazy\" decoding=\"async\" width=\"560\" height=\"560\" src=\"https:\/\/www.janvogler.com\/en-us\/wp-content\/uploads\/sites\/2\/2019\/09\/190215_JANVOGLER_0545_retouched_v1-560x560.jpg\" class=\"attachment-fildisi-eutf-small-square size-fildisi-eutf-small-square\" alt=\"\" srcset=\"https:\/\/www.janvogler.com\/en-us\/wp-content\/uploads\/sites\/2\/2019\/09\/190215_JANVOGLER_0545_retouched_v1-560x560.jpg 560w, https:\/\/www.janvogler.com\/en-us\/wp-content\/uploads\/sites\/2\/2019\/09\/190215_JANVOGLER_0545_retouched_v1-150x150.jpg 150w, https:\/\/www.janvogler.com\/en-us\/wp-content\/uploads\/sites\/2\/2019\/09\/190215_JANVOGLER_0545_retouched_v1-900x900.jpg 900w\" sizes=\"auto, (max-width: 560px) 100vw, 560px\" \/>                                                    <\/figure>\r\n                    <\/div>\r\n                <\/article>\r\n\r\n            \r\n                <article id=\"media-asset-5723\" class=\"grid-item eut-isotope-item wpcptm-media-asset-item eut-image-square post-5723 media-assets type-media-assets status-publish has-post-thumbnail hentry media-assets-categories-portraits\">\r\n                    <div class=\"eut-isotope-item-inner eut-hover-item eut-zoom-in eut-hover-style-3 eut-animated\">\r\n                        <figure class=\"eut-image-hover eut-media eut-zoom-in\">\r\n                                                            <a class=\"eut-item-url\"\r\n                                   href=\"https:\/\/www.janvogler.com\/en-us\/wp-content\/uploads\/sites\/2\/2019\/09\/190215_JANVOGLER_0560_retouched_v1.jpg\"\r\n                                   data-title=\"\u00a9 Marco Grob\"\r\n                                   data-desc=\"\"\r\n                                   data-link=\"https:\/\/www.janvogler.com\/en-us\/wp-content\/uploads\/sites\/2\/2019\/09\/190215_JANVOGLER_0560_retouched_v1.jpg\"><\/a>\r\n                                                        <div class=\"eut-bg-dark eut-hover-overlay eut-opacity-40\"><\/div>\r\n                            <img loading=\"lazy\" decoding=\"async\" width=\"560\" height=\"560\" src=\"https:\/\/www.janvogler.com\/en-us\/wp-content\/uploads\/sites\/2\/2019\/09\/190215_JANVOGLER_0560_retouched_v1-560x560.jpg\" class=\"attachment-fildisi-eutf-small-square size-fildisi-eutf-small-square\" alt=\"\" srcset=\"https:\/\/www.janvogler.com\/en-us\/wp-content\/uploads\/sites\/2\/2019\/09\/190215_JANVOGLER_0560_retouched_v1-560x560.jpg 560w, https:\/\/www.janvogler.com\/en-us\/wp-content\/uploads\/sites\/2\/2019\/09\/190215_JANVOGLER_0560_retouched_v1-150x150.jpg 150w, https:\/\/www.janvogler.com\/en-us\/wp-content\/uploads\/sites\/2\/2019\/09\/190215_JANVOGLER_0560_retouched_v1-900x900.jpg 900w\" sizes=\"auto, (max-width: 560px) 100vw, 560px\" \/>                                                    <\/figure>\r\n                    <\/div>\r\n                <\/article>\r\n\r\n            \r\n                <article id=\"media-asset-5725\" class=\"grid-item eut-isotope-item wpcptm-media-asset-item eut-image-square post-5725 media-assets type-media-assets status-publish has-post-thumbnail hentry media-assets-categories-portraits\">\r\n                    <div class=\"eut-isotope-item-inner eut-hover-item eut-zoom-in eut-hover-style-3 eut-animated\">\r\n                        <figure class=\"eut-image-hover eut-media eut-zoom-in\">\r\n                                                            <a class=\"eut-item-url\"\r\n                                   href=\"https:\/\/www.janvogler.com\/en-us\/wp-content\/uploads\/sites\/2\/2019\/09\/190215_JANVOGLER_0673_retouched_v1.jpg\"\r\n                                   data-title=\"\u00a9 Marco Grob\"\r\n                                   data-desc=\"\"\r\n                                   data-link=\"https:\/\/www.janvogler.com\/en-us\/wp-content\/uploads\/sites\/2\/2019\/09\/190215_JANVOGLER_0673_retouched_v1.jpg\"><\/a>\r\n                                                        <div class=\"eut-bg-dark eut-hover-overlay eut-opacity-40\"><\/div>\r\n                            <img loading=\"lazy\" decoding=\"async\" width=\"560\" height=\"560\" src=\"https:\/\/www.janvogler.com\/en-us\/wp-content\/uploads\/sites\/2\/2019\/09\/190215_JANVOGLER_0673_retouched_v1-560x560.jpg\" class=\"attachment-fildisi-eutf-small-square size-fildisi-eutf-small-square\" alt=\"\" srcset=\"https:\/\/www.janvogler.com\/en-us\/wp-content\/uploads\/sites\/2\/2019\/09\/190215_JANVOGLER_0673_retouched_v1-560x560.jpg 560w, https:\/\/www.janvogler.com\/en-us\/wp-content\/uploads\/sites\/2\/2019\/09\/190215_JANVOGLER_0673_retouched_v1-150x150.jpg 150w, https:\/\/www.janvogler.com\/en-us\/wp-content\/uploads\/sites\/2\/2019\/09\/190215_JANVOGLER_0673_retouched_v1-900x900.jpg 900w\" sizes=\"auto, (max-width: 560px) 100vw, 560px\" \/>                                                    <\/figure>\r\n                    <\/div>\r\n                <\/article>\r\n\r\n            \r\n                <article id=\"media-asset-5727\" class=\"grid-item eut-isotope-item wpcptm-media-asset-item eut-image-square post-5727 media-assets type-media-assets status-publish has-post-thumbnail hentry media-assets-categories-portraits\">\r\n                    <div class=\"eut-isotope-item-inner eut-hover-item eut-zoom-in eut-hover-style-3 eut-animated\">\r\n                        <figure class=\"eut-image-hover eut-media eut-zoom-in\">\r\n                                                            <a class=\"eut-item-url\"\r\n                                   href=\"https:\/\/www.janvogler.com\/en-us\/wp-content\/uploads\/sites\/2\/2019\/09\/190215_JANVOGLER_0711_retouched_v1.jpg\"\r\n                                   data-title=\"\u00a9 Marco Grob\"\r\n                                   data-desc=\"\"\r\n                                   data-link=\"https:\/\/www.janvogler.com\/en-us\/wp-content\/uploads\/sites\/2\/2019\/09\/190215_JANVOGLER_0711_retouched_v1.jpg\"><\/a>\r\n                                                        <div class=\"eut-bg-dark eut-hover-overlay eut-opacity-40\"><\/div>\r\n                            <img loading=\"lazy\" decoding=\"async\" width=\"560\" height=\"560\" src=\"https:\/\/www.janvogler.com\/en-us\/wp-content\/uploads\/sites\/2\/2019\/09\/190215_JANVOGLER_0711_retouched_v1-560x560.jpg\" class=\"attachment-fildisi-eutf-small-square size-fildisi-eutf-small-square\" alt=\"\" srcset=\"https:\/\/www.janvogler.com\/en-us\/wp-content\/uploads\/sites\/2\/2019\/09\/190215_JANVOGLER_0711_retouched_v1-560x560.jpg 560w, https:\/\/www.janvogler.com\/en-us\/wp-content\/uploads\/sites\/2\/2019\/09\/190215_JANVOGLER_0711_retouched_v1-150x150.jpg 150w, https:\/\/www.janvogler.com\/en-us\/wp-content\/uploads\/sites\/2\/2019\/09\/190215_JANVOGLER_0711_retouched_v1-900x900.jpg 900w\" sizes=\"auto, (max-width: 560px) 100vw, 560px\" \/>                                                    <\/figure>\r\n                    <\/div>\r\n                <\/article>\r\n\r\n            \r\n                <article id=\"media-asset-5392\" class=\"grid-item eut-isotope-item wpcptm-media-asset-item eut-image-square post-5392 media-assets type-media-assets status-publish has-post-thumbnail hentry media-assets-categories-on-stage\">\r\n                    <div class=\"eut-isotope-item-inner eut-hover-item eut-zoom-in eut-hover-style-3 eut-animated\">\r\n                        <figure class=\"eut-image-hover eut-media eut-zoom-in\">\r\n                                                            <a class=\"eut-item-url\"\r\n                                   href=\"https:\/\/www.janvogler.com\/en-us\/wp-content\/uploads\/sites\/2\/2018\/10\/Jan-with-Cello.jpg\"\r\n                                   data-title=\"\"\r\n                                   data-desc=\"\"\r\n                                   data-link=\"https:\/\/www.janvogler.com\/en-us\/wp-content\/uploads\/sites\/2\/2018\/10\/Jan-with-Cello.jpg\"><\/a>\r\n                                                        <div class=\"eut-bg-dark eut-hover-overlay eut-opacity-40\"><\/div>\r\n                            <img loading=\"lazy\" decoding=\"async\" width=\"560\" height=\"560\" src=\"https:\/\/www.janvogler.com\/en-us\/wp-content\/uploads\/sites\/2\/2018\/10\/Jan-with-Cello-560x560.jpg\" class=\"attachment-fildisi-eutf-small-square size-fildisi-eutf-small-square\" alt=\"\" srcset=\"https:\/\/www.janvogler.com\/en-us\/wp-content\/uploads\/sites\/2\/2018\/10\/Jan-with-Cello-560x560.jpg 560w, https:\/\/www.janvogler.com\/en-us\/wp-content\/uploads\/sites\/2\/2018\/10\/Jan-with-Cello-150x150.jpg 150w, https:\/\/www.janvogler.com\/en-us\/wp-content\/uploads\/sites\/2\/2018\/10\/Jan-with-Cello-300x300.jpg 300w, https:\/\/www.janvogler.com\/en-us\/wp-content\/uploads\/sites\/2\/2018\/10\/Jan-with-Cello.jpg 640w\" sizes=\"auto, (max-width: 560px) 100vw, 560px\" \/>                                                    <\/figure>\r\n                    <\/div>\r\n                <\/article>\r\n\r\n            \r\n                <article id=\"media-asset-5886\" class=\"grid-item eut-isotope-item wpcptm-media-asset-item eut-image-square post-5886 media-assets type-media-assets status-publish has-post-thumbnail hentry media-assets-categories-videos\">\r\n                    <div class=\"eut-isotope-item-inner eut-hover-item eut-zoom-in eut-hover-style-3 eut-animated\">\r\n                        <figure class=\"eut-image-hover eut-media eut-zoom-in\">\r\n                                                                                            <a class=\"eut-item-url\"\r\n                                   href=\"https:\/\/www.youtube.com\/watch?v=z-jrC60jxBg\"\r\n                                   data-title=\"Jan Vogler: Portrait of a world-renowned cellist\"\r\n                                   data-desc=\"\"\r\n                                   data-iframe=\"true\"><\/a>\r\n                                                        <div class=\"eut-bg-dark eut-hover-overlay eut-opacity-40\"><\/div>\r\n                            <img loading=\"lazy\" decoding=\"async\" width=\"560\" height=\"560\" src=\"https:\/\/www.janvogler.com\/en-us\/wp-content\/uploads\/sites\/2\/2021\/05\/10_2014-05-04_16_Fotor-1-560x560.jpg\" class=\"attachment-fildisi-eutf-small-square size-fildisi-eutf-small-square\" alt=\"\" srcset=\"https:\/\/www.janvogler.com\/en-us\/wp-content\/uploads\/sites\/2\/2021\/05\/10_2014-05-04_16_Fotor-1-560x560.jpg 560w, https:\/\/www.janvogler.com\/en-us\/wp-content\/uploads\/sites\/2\/2021\/05\/10_2014-05-04_16_Fotor-1-150x150.jpg 150w, https:\/\/www.janvogler.com\/en-us\/wp-content\/uploads\/sites\/2\/2021\/05\/10_2014-05-04_16_Fotor-1-900x900.jpg 900w\" sizes=\"auto, (max-width: 560px) 100vw, 560px\" \/>                                                    <\/figure>\r\n                    <\/div>\r\n                <\/article>\r\n\r\n            \r\n                <article id=\"media-asset-5101\" class=\"grid-item eut-isotope-item wpcptm-media-asset-item eut-image-square post-5101 media-assets type-media-assets status-publish has-post-thumbnail hentry media-assets-categories-off-stage\">\r\n                    <div class=\"eut-isotope-item-inner eut-hover-item eut-zoom-in eut-hover-style-3 eut-animated\">\r\n                        <figure class=\"eut-image-hover eut-media eut-zoom-in\">\r\n                                                            <a class=\"eut-item-url\"\r\n                                   href=\"https:\/\/www.janvogler.com\/en-us\/wp-content\/uploads\/sites\/2\/2018\/01\/JV.FujikuraPappanoHoneck.png\"\r\n                                   data-title=\"with Andreas Waldburg Wolfegg, Dai Fujikura, Sir Antonio Pappano and Manfred Honeck\"\r\n                                   data-desc=\"\"\r\n                                   data-link=\"https:\/\/www.janvogler.com\/en-us\/wp-content\/uploads\/sites\/2\/2018\/01\/JV.FujikuraPappanoHoneck.png\"><\/a>\r\n                                                        <div class=\"eut-bg-dark eut-hover-overlay eut-opacity-40\"><\/div>\r\n                            <img loading=\"lazy\" decoding=\"async\" width=\"560\" height=\"560\" src=\"https:\/\/www.janvogler.com\/en-us\/wp-content\/uploads\/sites\/2\/2018\/01\/JV.FujikuraPappanoHoneck-560x560.png\" class=\"attachment-fildisi-eutf-small-square size-fildisi-eutf-small-square\" alt=\"\" srcset=\"https:\/\/www.janvogler.com\/en-us\/wp-content\/uploads\/sites\/2\/2018\/01\/JV.FujikuraPappanoHoneck-560x560.png 560w, https:\/\/www.janvogler.com\/en-us\/wp-content\/uploads\/sites\/2\/2018\/01\/JV.FujikuraPappanoHoneck-150x150.png 150w, https:\/\/www.janvogler.com\/en-us\/wp-content\/uploads\/sites\/2\/2018\/01\/JV.FujikuraPappanoHoneck-900x900.png 900w\" sizes=\"auto, (max-width: 560px) 100vw, 560px\" \/>                                                    <\/figure>\r\n                    <\/div>\r\n                <\/article>\r\n\r\n            \r\n                <article id=\"media-asset-5009\" class=\"grid-item eut-isotope-item wpcptm-media-asset-item eut-image-square post-5009 media-assets type-media-assets status-publish has-post-thumbnail hentry media-assets-categories-off-stage\">\r\n                    <div class=\"eut-isotope-item-inner eut-hover-item eut-zoom-in eut-hover-style-3 eut-animated\">\r\n                        <figure class=\"eut-image-hover eut-media eut-zoom-in\">\r\n                                                            <a class=\"eut-item-url\"\r\n                                   href=\"https:\/\/www.janvogler.com\/en-us\/wp-content\/uploads\/sites\/2\/2017\/11\/DMF-MBader-3449.jpg\"\r\n                                   data-title=\"with Bill Murray at Volkswagen&#8217;s Gl\u00e4serne Manufaktur\"\r\n                                   data-desc=\"\"\r\n                                   data-link=\"https:\/\/www.janvogler.com\/en-us\/wp-content\/uploads\/sites\/2\/2017\/11\/DMF-MBader-3449.jpg\"><\/a>\r\n                                                        <div class=\"eut-bg-dark eut-hover-overlay eut-opacity-40\"><\/div>\r\n                            <img loading=\"lazy\" decoding=\"async\" width=\"560\" height=\"560\" src=\"https:\/\/www.janvogler.com\/en-us\/wp-content\/uploads\/sites\/2\/2017\/11\/DMF-MBader-3449-560x560.jpg\" class=\"attachment-fildisi-eutf-small-square size-fildisi-eutf-small-square\" alt=\"\" srcset=\"https:\/\/www.janvogler.com\/en-us\/wp-content\/uploads\/sites\/2\/2017\/11\/DMF-MBader-3449-560x560.jpg 560w, https:\/\/www.janvogler.com\/en-us\/wp-content\/uploads\/sites\/2\/2017\/11\/DMF-MBader-3449-150x150.jpg 150w, https:\/\/www.janvogler.com\/en-us\/wp-content\/uploads\/sites\/2\/2017\/11\/DMF-MBader-3449-900x900.jpg 900w\" sizes=\"auto, (max-width: 560px) 100vw, 560px\" \/>                                                    <\/figure>\r\n                    <\/div>\r\n                <\/article>\r\n\r\n            \r\n                <article id=\"media-asset-4908\" class=\"grid-item eut-isotope-item wpcptm-media-asset-item eut-image-landscape post-4908 media-assets type-media-assets status-publish has-post-thumbnail hentry media-assets-categories-videos\">\r\n                    <div class=\"eut-isotope-item-inner eut-hover-item eut-zoom-in eut-hover-style-3 eut-animated\">\r\n                        <figure class=\"eut-image-hover eut-media eut-zoom-in\">\r\n                                                                                            <a class=\"eut-item-url\"\r\n                                   href=\"https:\/\/www.youtube.com\/watch?v=R4QbJL80Ri4\"\r\n                                   data-title=\"Bill Murray and Jan Vogler on Stephen Colbert\"\r\n                                   data-desc=\"\"\r\n                                   data-iframe=\"true\"><\/a>\r\n                                                        <div class=\"eut-bg-dark eut-hover-overlay eut-opacity-40\"><\/div>\r\n                            <img loading=\"lazy\" decoding=\"async\" width=\"900\" height=\"675\" src=\"https:\/\/www.janvogler.com\/en-us\/wp-content\/uploads\/sites\/2\/2017\/10\/JV.ColbertVideo-900x675.png\" class=\"attachment-fildisi-eutf-medium-rect-horizontal size-fildisi-eutf-medium-rect-horizontal\" alt=\"\" srcset=\"https:\/\/www.janvogler.com\/en-us\/wp-content\/uploads\/sites\/2\/2017\/10\/JV.ColbertVideo-900x675.png 900w, https:\/\/www.janvogler.com\/en-us\/wp-content\/uploads\/sites\/2\/2017\/10\/JV.ColbertVideo-560x420.png 560w\" sizes=\"auto, (max-width: 900px) 100vw, 900px\" \/>                                                    <\/figure>\r\n                    <\/div>\r\n                <\/article>\r\n\r\n            \r\n                <article id=\"media-asset-4916\" class=\"grid-item eut-isotope-item wpcptm-media-asset-item eut-image-landscape post-4916 media-assets type-media-assets status-publish has-post-thumbnail hentry media-assets-categories-videos\">\r\n                    <div class=\"eut-isotope-item-inner eut-hover-item eut-zoom-in eut-hover-style-3 eut-animated\">\r\n                        <figure class=\"eut-image-hover eut-media eut-zoom-in\">\r\n                                                                                            <a class=\"eut-item-url\"\r\n                                   href=\"https:\/\/www.youtube.com\/watch?v=pswOJFsp5m8\"\r\n                                   data-title=\"Saturday Sessions: Bill Murray, Jan Vogler &amp; Friends perform &#8220;The Swan \/ Blessing the Boats&#8221;\"\r\n                                   data-desc=\"\"\r\n                                   data-iframe=\"true\"><\/a>\r\n                                                        <div class=\"eut-bg-dark eut-hover-overlay eut-opacity-40\"><\/div>\r\n                            <img loading=\"lazy\" decoding=\"async\" width=\"467\" height=\"359\" src=\"https:\/\/www.janvogler.com\/en-us\/wp-content\/uploads\/sites\/2\/2017\/10\/JV.CBSSwanVideo.png\" class=\"attachment-fildisi-eutf-medium-rect-horizontal size-fildisi-eutf-medium-rect-horizontal\" alt=\"\" srcset=\"https:\/\/www.janvogler.com\/en-us\/wp-content\/uploads\/sites\/2\/2017\/10\/JV.CBSSwanVideo.png 467w, https:\/\/www.janvogler.com\/en-us\/wp-content\/uploads\/sites\/2\/2017\/10\/JV.CBSSwanVideo-300x231.png 300w\" sizes=\"auto, (max-width: 467px) 100vw, 467px\" \/>                                                    <\/figure>\r\n                    <\/div>\r\n                <\/article>\r\n\r\n            \r\n                <article id=\"media-asset-4918\" class=\"grid-item eut-isotope-item wpcptm-media-asset-item eut-image-square post-4918 media-assets type-media-assets status-publish has-post-thumbnail hentry media-assets-categories-videos\">\r\n                    <div class=\"eut-isotope-item-inner eut-hover-item eut-zoom-in eut-hover-style-3 eut-animated\">\r\n                        <figure class=\"eut-image-hover eut-media eut-zoom-in\">\r\n                                                                                            <a class=\"eut-item-url\"\r\n                                   href=\"https:\/\/www.youtube.com\/watch?v=Khw19tyHO2Q\"\r\n                                   data-title=\"Saturday Sessions: Bill Murray, Jan Vogler &amp; Friends\"\r\n                                   data-desc=\"\"\r\n                                   data-iframe=\"true\"><\/a>\r\n                                                        <div class=\"eut-bg-dark eut-hover-overlay eut-opacity-40\"><\/div>\r\n                            <img loading=\"lazy\" decoding=\"async\" width=\"560\" height=\"560\" src=\"https:\/\/www.janvogler.com\/en-us\/wp-content\/uploads\/sites\/2\/2017\/10\/JV.CBSVideo-560x560.png\" class=\"attachment-fildisi-eutf-small-square size-fildisi-eutf-small-square\" alt=\"\" srcset=\"https:\/\/www.janvogler.com\/en-us\/wp-content\/uploads\/sites\/2\/2017\/10\/JV.CBSVideo-560x560.png 560w, https:\/\/www.janvogler.com\/en-us\/wp-content\/uploads\/sites\/2\/2017\/10\/JV.CBSVideo-150x150.png 150w, https:\/\/www.janvogler.com\/en-us\/wp-content\/uploads\/sites\/2\/2017\/10\/JV.CBSVideo-900x900.png 900w\" sizes=\"auto, (max-width: 560px) 100vw, 560px\" \/>                                                    <\/figure>\r\n                    <\/div>\r\n                <\/article>\r\n\r\n            \r\n                <article id=\"media-asset-4921\" class=\"grid-item eut-isotope-item wpcptm-media-asset-item eut-image-landscape post-4921 media-assets type-media-assets status-publish has-post-thumbnail hentry media-assets-categories-videos\">\r\n                    <div class=\"eut-isotope-item-inner eut-hover-item eut-zoom-in eut-hover-style-3 eut-animated\">\r\n                        <figure class=\"eut-image-hover eut-media eut-zoom-in\">\r\n                                                                                            <a class=\"eut-item-url\"\r\n                                   href=\"https:\/\/www.youtube.com\/watch?v=mcADTUFdM3I\"\r\n                                   data-title=\"Saturday Sessions: Bill Murray, Jan Vogler &amp; Friends perform &#8220;When Will I Ever Learn To Live In God&#8221;\"\r\n                                   data-desc=\"\"\r\n                                   data-iframe=\"true\"><\/a>\r\n                                                        <div class=\"eut-bg-dark eut-hover-overlay eut-opacity-40\"><\/div>\r\n                            <img loading=\"lazy\" decoding=\"async\" width=\"750\" height=\"577\" src=\"https:\/\/www.janvogler.com\/en-us\/wp-content\/uploads\/sites\/2\/2017\/07\/JV.CBSInterviewVideo.png\" class=\"attachment-fildisi-eutf-medium-rect-horizontal size-fildisi-eutf-medium-rect-horizontal\" alt=\"\" srcset=\"https:\/\/www.janvogler.com\/en-us\/wp-content\/uploads\/sites\/2\/2017\/07\/JV.CBSInterviewVideo.png 750w, https:\/\/www.janvogler.com\/en-us\/wp-content\/uploads\/sites\/2\/2017\/07\/JV.CBSInterviewVideo-300x231.png 300w\" sizes=\"auto, (max-width: 750px) 100vw, 750px\" \/>                                                    <\/figure>\r\n                    <\/div>\r\n                <\/article>\r\n\r\n            \r\n                <article id=\"media-asset-4545\" class=\"grid-item eut-isotope-item wpcptm-media-asset-item eut-image-square post-4545 media-assets type-media-assets status-publish has-post-thumbnail hentry media-assets-categories-portraits\">\r\n                    <div class=\"eut-isotope-item-inner eut-hover-item eut-zoom-in eut-hover-style-3 eut-animated\">\r\n                        <figure class=\"eut-image-hover eut-media eut-zoom-in\">\r\n                                                            <a class=\"eut-item-url\"\r\n                                   href=\"https:\/\/www.janvogler.com\/en-us\/wp-content\/uploads\/sites\/2\/2017\/08\/Felix-Broede.jpg\"\r\n                                   data-title=\"\u00a9 Felix Broede\"\r\n                                   data-desc=\"\"\r\n                                   data-link=\"https:\/\/www.janvogler.com\/en-us\/wp-content\/uploads\/sites\/2\/2017\/08\/Felix-Broede.jpg\"><\/a>\r\n                                                        <div class=\"eut-bg-dark eut-hover-overlay eut-opacity-40\"><\/div>\r\n                            <img loading=\"lazy\" decoding=\"async\" width=\"560\" height=\"560\" src=\"https:\/\/www.janvogler.com\/en-us\/wp-content\/uploads\/sites\/2\/2017\/08\/Felix-Broede.jpg\" class=\"attachment-fildisi-eutf-small-square size-fildisi-eutf-small-square\" alt=\"\" srcset=\"https:\/\/www.janvogler.com\/en-us\/wp-content\/uploads\/sites\/2\/2017\/08\/Felix-Broede.jpg 560w, https:\/\/www.janvogler.com\/en-us\/wp-content\/uploads\/sites\/2\/2017\/08\/Felix-Broede-150x150.jpg 150w, https:\/\/www.janvogler.com\/en-us\/wp-content\/uploads\/sites\/2\/2017\/08\/Felix-Broede-300x300.jpg 300w\" sizes=\"auto, (max-width: 560px) 100vw, 560px\" \/>                                                    <\/figure>\r\n                    <\/div>\r\n                <\/article>\r\n\r\n            \r\n                <article id=\"media-asset-4548\" class=\"grid-item eut-isotope-item wpcptm-media-asset-item eut-image-landscape post-4548 media-assets type-media-assets status-publish has-post-thumbnail hentry media-assets-categories-videos\">\r\n                    <div class=\"eut-isotope-item-inner eut-hover-item eut-zoom-in eut-hover-style-3 eut-animated\">\r\n                        <figure class=\"eut-image-hover eut-media eut-zoom-in\">\r\n                                                                                            <a class=\"eut-item-url\"\r\n                                   href=\"https:\/\/www.youtube.com\/watch?v=MUECFViGS60\"\r\n                                   data-title=\"Times Talks: New Worlds\"\r\n                                   data-desc=\"\"\r\n                                   data-iframe=\"true\"><\/a>\r\n                                                        <div class=\"eut-bg-dark eut-hover-overlay eut-opacity-40\"><\/div>\r\n                            <img loading=\"lazy\" decoding=\"async\" width=\"650\" height=\"500\" src=\"https:\/\/www.janvogler.com\/en-us\/wp-content\/uploads\/sites\/2\/2017\/08\/Timestalk-Video-Thumbnail.jpg\" class=\"attachment-fildisi-eutf-medium-rect-horizontal size-fildisi-eutf-medium-rect-horizontal\" alt=\"\" srcset=\"https:\/\/www.janvogler.com\/en-us\/wp-content\/uploads\/sites\/2\/2017\/08\/Timestalk-Video-Thumbnail.jpg 650w, https:\/\/www.janvogler.com\/en-us\/wp-content\/uploads\/sites\/2\/2017\/08\/Timestalk-Video-Thumbnail-300x231.jpg 300w\" sizes=\"auto, (max-width: 650px) 100vw, 650px\" \/>                                                    <\/figure>\r\n                    <\/div>\r\n                <\/article>\r\n\r\n            \r\n                <article id=\"media-asset-4551\" class=\"grid-item eut-isotope-item wpcptm-media-asset-item eut-image-square post-4551 media-assets type-media-assets status-publish has-post-thumbnail hentry media-assets-categories-on-stage\">\r\n                    <div class=\"eut-isotope-item-inner eut-hover-item eut-zoom-in eut-hover-style-3 eut-animated\">\r\n                        <figure class=\"eut-image-hover eut-media eut-zoom-in\">\r\n                                                            <a class=\"eut-item-url\"\r\n                                   href=\"https:\/\/www.janvogler.com\/en-us\/wp-content\/uploads\/sites\/2\/2017\/08\/10th-Hope.jpg\"\r\n                                   data-title=\"10th HOPE-Gala at the Schauspielhaus Dresden, \u00a9 Kathleen Pfennig\"\r\n                                   data-desc=\"\"\r\n                                   data-link=\"https:\/\/www.janvogler.com\/en-us\/wp-content\/uploads\/sites\/2\/2017\/08\/10th-Hope.jpg\"><\/a>\r\n                                                        <div class=\"eut-bg-dark eut-hover-overlay eut-opacity-40\"><\/div>\r\n                            <img loading=\"lazy\" decoding=\"async\" width=\"560\" height=\"560\" src=\"https:\/\/www.janvogler.com\/en-us\/wp-content\/uploads\/sites\/2\/2017\/08\/10th-Hope.jpg\" class=\"attachment-fildisi-eutf-small-square size-fildisi-eutf-small-square\" alt=\"\" srcset=\"https:\/\/www.janvogler.com\/en-us\/wp-content\/uploads\/sites\/2\/2017\/08\/10th-Hope.jpg 560w, https:\/\/www.janvogler.com\/en-us\/wp-content\/uploads\/sites\/2\/2017\/08\/10th-Hope-150x150.jpg 150w, https:\/\/www.janvogler.com\/en-us\/wp-content\/uploads\/sites\/2\/2017\/08\/10th-Hope-300x300.jpg 300w\" sizes=\"auto, (max-width: 560px) 100vw, 560px\" \/>                                                    <\/figure>\r\n                    <\/div>\r\n                <\/article>\r\n\r\n            \r\n                <article id=\"media-asset-4552\" class=\"grid-item eut-isotope-item wpcptm-media-asset-item eut-image-landscape post-4552 media-assets type-media-assets status-publish has-post-thumbnail hentry media-assets-categories-off-stage\">\r\n                    <div class=\"eut-isotope-item-inner eut-hover-item eut-zoom-in eut-hover-style-3 eut-animated\">\r\n                        <figure class=\"eut-image-hover eut-media eut-zoom-in\">\r\n                                                            <a class=\"eut-item-url\"\r\n                                   href=\"https:\/\/www.janvogler.com\/en-us\/wp-content\/uploads\/sites\/2\/2017\/08\/In-The-Studio-1.jpg\"\r\n                                   data-title=\"In the studio with Giuliano Carmignola and the La Folia Baroque Orchestra\"\r\n                                   data-desc=\"\"\r\n                                   data-link=\"https:\/\/www.janvogler.com\/en-us\/wp-content\/uploads\/sites\/2\/2017\/08\/In-The-Studio-1.jpg\"><\/a>\r\n                                                        <div class=\"eut-bg-dark eut-hover-overlay eut-opacity-40\"><\/div>\r\n                            <img loading=\"lazy\" decoding=\"async\" width=\"650\" height=\"500\" src=\"https:\/\/www.janvogler.com\/en-us\/wp-content\/uploads\/sites\/2\/2017\/08\/In-The-Studio-1.jpg\" class=\"attachment-fildisi-eutf-medium-rect-horizontal size-fildisi-eutf-medium-rect-horizontal\" alt=\"\" srcset=\"https:\/\/www.janvogler.com\/en-us\/wp-content\/uploads\/sites\/2\/2017\/08\/In-The-Studio-1.jpg 650w, https:\/\/www.janvogler.com\/en-us\/wp-content\/uploads\/sites\/2\/2017\/08\/In-The-Studio-1-300x231.jpg 300w\" sizes=\"auto, (max-width: 650px) 100vw, 650px\" \/>                                                    <\/figure>\r\n                    <\/div>\r\n                <\/article>\r\n\r\n            \r\n                <article id=\"media-asset-4553\" class=\"grid-item eut-isotope-item wpcptm-media-asset-item eut-image-portrait post-4553 media-assets type-media-assets status-publish has-post-thumbnail hentry media-assets-categories-on-stage\">\r\n                    <div class=\"eut-isotope-item-inner eut-hover-item eut-zoom-in eut-hover-style-3 eut-animated\">\r\n                        <figure class=\"eut-image-hover eut-media eut-zoom-in\">\r\n                                                            <a class=\"eut-item-url\"\r\n                                   href=\"https:\/\/www.janvogler.com\/en-us\/wp-content\/uploads\/sites\/2\/2017\/08\/Radeberger.jpg\"\r\n                                   data-title=\"\u201cRadeberger Nacht der Stars\u201d 2012 with Anna Netrebko and Semperoper Dresden, \u00a9 Radeberger\"\r\n                                   data-desc=\"\"\r\n                                   data-link=\"https:\/\/www.janvogler.com\/en-us\/wp-content\/uploads\/sites\/2\/2017\/08\/Radeberger.jpg\"><\/a>\r\n                                                        <div class=\"eut-bg-dark eut-hover-overlay eut-opacity-40\"><\/div>\r\n                            <img loading=\"lazy\" decoding=\"async\" width=\"500\" height=\"650\" src=\"https:\/\/www.janvogler.com\/en-us\/wp-content\/uploads\/sites\/2\/2017\/08\/Radeberger.jpg\" class=\"attachment-fildisi-eutf-medium-rect-vertical size-fildisi-eutf-medium-rect-vertical\" alt=\"\" srcset=\"https:\/\/www.janvogler.com\/en-us\/wp-content\/uploads\/sites\/2\/2017\/08\/Radeberger.jpg 500w, https:\/\/www.janvogler.com\/en-us\/wp-content\/uploads\/sites\/2\/2017\/08\/Radeberger-231x300.jpg 231w\" sizes=\"auto, (max-width: 500px) 100vw, 500px\" \/>                                                    <\/figure>\r\n                    <\/div>\r\n                <\/article>\r\n\r\n            \r\n                <article id=\"media-asset-4554\" class=\"grid-item eut-isotope-item wpcptm-media-asset-item eut-image-landscape post-4554 media-assets type-media-assets status-publish has-post-thumbnail hentry media-assets-categories-on-stage\">\r\n                    <div class=\"eut-isotope-item-inner eut-hover-item eut-zoom-in eut-hover-style-3 eut-animated\">\r\n                        <figure class=\"eut-image-hover eut-media eut-zoom-in\">\r\n                                                            <a class=\"eut-item-url\"\r\n                                   href=\"https:\/\/www.janvogler.com\/en-us\/wp-content\/uploads\/sites\/2\/2017\/08\/Heinrich-1.jpg\"\r\n                                   data-title=\"Heinrich Schiff 60th Birthday Concert, \u00a9 Sonja Werner\"\r\n                                   data-desc=\"\"\r\n                                   data-link=\"https:\/\/www.janvogler.com\/en-us\/wp-content\/uploads\/sites\/2\/2017\/08\/Heinrich-1.jpg\"><\/a>\r\n                                                        <div class=\"eut-bg-dark eut-hover-overlay eut-opacity-40\"><\/div>\r\n                            <img loading=\"lazy\" decoding=\"async\" width=\"560\" height=\"560\" src=\"https:\/\/www.janvogler.com\/en-us\/wp-content\/uploads\/sites\/2\/2017\/08\/Heinrich-1.jpg\" class=\"attachment-fildisi-eutf-medium-rect-horizontal size-fildisi-eutf-medium-rect-horizontal\" alt=\"\" srcset=\"https:\/\/www.janvogler.com\/en-us\/wp-content\/uploads\/sites\/2\/2017\/08\/Heinrich-1.jpg 560w, https:\/\/www.janvogler.com\/en-us\/wp-content\/uploads\/sites\/2\/2017\/08\/Heinrich-1-150x150.jpg 150w, https:\/\/www.janvogler.com\/en-us\/wp-content\/uploads\/sites\/2\/2017\/08\/Heinrich-1-300x300.jpg 300w\" sizes=\"auto, (max-width: 560px) 100vw, 560px\" \/>                                                    <\/figure>\r\n                    <\/div>\r\n                <\/article>\r\n\r\n            \r\n                <article id=\"media-asset-4594\" class=\"grid-item eut-isotope-item wpcptm-media-asset-item eut-image-landscape post-4594 media-assets type-media-assets status-publish has-post-thumbnail hentry media-assets-categories-off-stage\">\r\n                    <div class=\"eut-isotope-item-inner eut-hover-item eut-zoom-in eut-hover-style-3 eut-animated\">\r\n                        <figure class=\"eut-image-hover eut-media eut-zoom-in\">\r\n                                                            <a class=\"eut-item-url\"\r\n                                   href=\"https:\/\/www.janvogler.com\/en-us\/wp-content\/uploads\/sites\/2\/2017\/08\/In-The-Studio-2.jpg\"\r\n                                   data-title=\"In the studio with Giuliano Carmignola and the La Folia Baroque Orchestra\"\r\n                                   data-desc=\"\"\r\n                                   data-link=\"https:\/\/www.janvogler.com\/en-us\/wp-content\/uploads\/sites\/2\/2017\/08\/In-The-Studio-2.jpg\"><\/a>\r\n                                                        <div class=\"eut-bg-dark eut-hover-overlay eut-opacity-40\"><\/div>\r\n                            <img loading=\"lazy\" decoding=\"async\" width=\"650\" height=\"500\" src=\"https:\/\/www.janvogler.com\/en-us\/wp-content\/uploads\/sites\/2\/2017\/08\/In-The-Studio-2.jpg\" class=\"attachment-fildisi-eutf-medium-rect-horizontal size-fildisi-eutf-medium-rect-horizontal\" alt=\"\" srcset=\"https:\/\/www.janvogler.com\/en-us\/wp-content\/uploads\/sites\/2\/2017\/08\/In-The-Studio-2.jpg 650w, https:\/\/www.janvogler.com\/en-us\/wp-content\/uploads\/sites\/2\/2017\/08\/In-The-Studio-2-300x231.jpg 300w\" sizes=\"auto, (max-width: 650px) 100vw, 650px\" \/>                                                    <\/figure>\r\n                    <\/div>\r\n                <\/article>\r\n\r\n            \r\n                <article id=\"media-asset-4596\" class=\"grid-item eut-isotope-item wpcptm-media-asset-item eut-image-square post-4596 media-assets type-media-assets status-publish has-post-thumbnail hentry media-assets-categories-off-stage\">\r\n                    <div class=\"eut-isotope-item-inner eut-hover-item eut-zoom-in eut-hover-style-3 eut-animated\">\r\n                        <figure class=\"eut-image-hover eut-media eut-zoom-in\">\r\n                                                            <a class=\"eut-item-url\"\r\n                                   href=\"https:\/\/www.janvogler.com\/en-us\/wp-content\/uploads\/sites\/2\/2017\/08\/In-The-Studio-3.jpg\"\r\n                                   data-title=\"In the studio with Giuliano Carmignola and the La Folia Baroque Orchestra\"\r\n                                   data-desc=\"\"\r\n                                   data-link=\"https:\/\/www.janvogler.com\/en-us\/wp-content\/uploads\/sites\/2\/2017\/08\/In-The-Studio-3.jpg\"><\/a>\r\n                                                        <div class=\"eut-bg-dark eut-hover-overlay eut-opacity-40\"><\/div>\r\n                            <img loading=\"lazy\" decoding=\"async\" width=\"560\" height=\"560\" src=\"https:\/\/www.janvogler.com\/en-us\/wp-content\/uploads\/sites\/2\/2017\/08\/In-The-Studio-3.jpg\" class=\"attachment-fildisi-eutf-small-square size-fildisi-eutf-small-square\" alt=\"\" srcset=\"https:\/\/www.janvogler.com\/en-us\/wp-content\/uploads\/sites\/2\/2017\/08\/In-The-Studio-3.jpg 560w, https:\/\/www.janvogler.com\/en-us\/wp-content\/uploads\/sites\/2\/2017\/08\/In-The-Studio-3-150x150.jpg 150w, https:\/\/www.janvogler.com\/en-us\/wp-content\/uploads\/sites\/2\/2017\/08\/In-The-Studio-3-300x300.jpg 300w\" sizes=\"auto, (max-width: 560px) 100vw, 560px\" \/>                                                    <\/figure>\r\n                    <\/div>\r\n                <\/article>\r\n\r\n            \r\n                <article id=\"media-asset-4598\" class=\"grid-item eut-isotope-item wpcptm-media-asset-item eut-image-landscape post-4598 media-assets type-media-assets status-publish has-post-thumbnail hentry media-assets-categories-videos\">\r\n                    <div class=\"eut-isotope-item-inner eut-hover-item eut-zoom-in eut-hover-style-3 eut-animated\">\r\n                        <figure class=\"eut-image-hover eut-media eut-zoom-in\">\r\n                                                                                            <a class=\"eut-item-url\"\r\n                                   href=\"https:\/\/www.youtube.com\/watch?v=8jXWDyyFesE\"\r\n                                   data-title=\"New Worlds Trailer\"\r\n                                   data-desc=\"\"\r\n                                   data-iframe=\"true\"><\/a>\r\n                                                        <div class=\"eut-bg-dark eut-hover-overlay eut-opacity-40\"><\/div>\r\n                            <img loading=\"lazy\" decoding=\"async\" width=\"650\" height=\"500\" src=\"https:\/\/www.janvogler.com\/en-us\/wp-content\/uploads\/sites\/2\/2017\/08\/New-Worlds-Video-Thumbnail.jpg\" class=\"attachment-fildisi-eutf-medium-rect-horizontal size-fildisi-eutf-medium-rect-horizontal\" alt=\"\" srcset=\"https:\/\/www.janvogler.com\/en-us\/wp-content\/uploads\/sites\/2\/2017\/08\/New-Worlds-Video-Thumbnail.jpg 650w, https:\/\/www.janvogler.com\/en-us\/wp-content\/uploads\/sites\/2\/2017\/08\/New-Worlds-Video-Thumbnail-300x231.jpg 300w\" sizes=\"auto, (max-width: 650px) 100vw, 650px\" \/>                                                    <\/figure>\r\n                    <\/div>\r\n                <\/article>\r\n\r\n            \r\n                <article id=\"media-asset-4756\" class=\"grid-item eut-isotope-item wpcptm-media-asset-item eut-image-square post-4756 media-assets type-media-assets status-publish has-post-thumbnail hentry media-assets-categories-videos\">\r\n                    <div class=\"eut-isotope-item-inner eut-hover-item eut-zoom-in eut-hover-style-3 eut-animated\">\r\n                        <figure class=\"eut-image-hover eut-media eut-zoom-in\">\r\n                                                                                            <a class=\"eut-item-url\"\r\n                                   href=\"https:\/\/www.youtube.com\/watch?v=-kP8cXd7t6o\"\r\n                                   data-title=\"Schumann Cello Concerto with the Singapore Symphony Orchestra, Lan Shui\"\r\n                                   data-desc=\"\"\r\n                                   data-iframe=\"true\"><\/a>\r\n                                                        <div class=\"eut-bg-dark eut-hover-overlay eut-opacity-40\"><\/div>\r\n                            <img loading=\"lazy\" decoding=\"async\" width=\"560\" height=\"560\" src=\"https:\/\/www.janvogler.com\/en-us\/wp-content\/uploads\/sites\/2\/2017\/09\/Singapore-Schumann-Thumbnail-560x560.png\" class=\"attachment-fildisi-eutf-small-square size-fildisi-eutf-small-square\" alt=\"\" srcset=\"https:\/\/www.janvogler.com\/en-us\/wp-content\/uploads\/sites\/2\/2017\/09\/Singapore-Schumann-Thumbnail-560x560.png 560w, https:\/\/www.janvogler.com\/en-us\/wp-content\/uploads\/sites\/2\/2017\/09\/Singapore-Schumann-Thumbnail-150x150.png 150w, https:\/\/www.janvogler.com\/en-us\/wp-content\/uploads\/sites\/2\/2017\/09\/Singapore-Schumann-Thumbnail-300x300.png 300w, https:\/\/www.janvogler.com\/en-us\/wp-content\/uploads\/sites\/2\/2017\/09\/Singapore-Schumann-Thumbnail.png 679w\" sizes=\"auto, (max-width: 560px) 100vw, 560px\" \/>                                                    <\/figure>\r\n                    <\/div>\r\n                <\/article>\r\n\r\n            \r\n                <article id=\"media-asset-4759\" class=\"grid-item eut-isotope-item wpcptm-media-asset-item eut-image-square post-4759 media-assets type-media-assets status-publish has-post-thumbnail hentry media-assets-categories-videos\">\r\n                    <div class=\"eut-isotope-item-inner eut-hover-item eut-zoom-in eut-hover-style-3 eut-animated\">\r\n                        <figure class=\"eut-image-hover eut-media eut-zoom-in\">\r\n                                                                                            <a class=\"eut-item-url\"\r\n                                   href=\"https:\/\/www.youtube.com\/watch?v=_xeXCe_ca24\"\r\n                                   data-title=\"Jan Vogler and The Knights Experience: Live from New York\"\r\n                                   data-desc=\"\"\r\n                                   data-iframe=\"true\"><\/a>\r\n                                                        <div class=\"eut-bg-dark eut-hover-overlay eut-opacity-40\"><\/div>\r\n                            <img loading=\"lazy\" decoding=\"async\" width=\"560\" height=\"560\" src=\"https:\/\/www.janvogler.com\/en-us\/wp-content\/uploads\/sites\/2\/2017\/09\/Jan-Vogler-and-the-Knights-Experience-560x560.jpg\" class=\"attachment-fildisi-eutf-small-square size-fildisi-eutf-small-square\" alt=\"Jan-Vogler-and-the-Knights-Experience\" srcset=\"https:\/\/www.janvogler.com\/en-us\/wp-content\/uploads\/sites\/2\/2017\/09\/Jan-Vogler-and-the-Knights-Experience-560x560.jpg 560w, https:\/\/www.janvogler.com\/en-us\/wp-content\/uploads\/sites\/2\/2017\/09\/Jan-Vogler-and-the-Knights-Experience-150x150.jpg 150w, https:\/\/www.janvogler.com\/en-us\/wp-content\/uploads\/sites\/2\/2017\/09\/Jan-Vogler-and-the-Knights-Experience-300x300.jpg 300w, https:\/\/www.janvogler.com\/en-us\/wp-content\/uploads\/sites\/2\/2017\/09\/Jan-Vogler-and-the-Knights-Experience.jpg 768w\" sizes=\"auto, (max-width: 560px) 100vw, 560px\" \/>                                                    <\/figure>\r\n                    <\/div>\r\n                <\/article>\r\n\r\n            \r\n                <article id=\"media-asset-5394\" class=\"grid-item eut-isotope-item wpcptm-media-asset-item eut-image-square post-5394 media-assets type-media-assets status-publish has-post-thumbnail hentry media-assets-categories-on-stage\">\r\n                    <div class=\"eut-isotope-item-inner eut-hover-item eut-zoom-in eut-hover-style-3 eut-animated\">\r\n                        <figure class=\"eut-image-hover eut-media eut-zoom-in\">\r\n                                                            <a class=\"eut-item-url\"\r\n                                   href=\"https:\/\/www.janvogler.com\/en-us\/wp-content\/uploads\/sites\/2\/2018\/10\/Jan-playing-BW.jpg\"\r\n                                   data-title=\"\"\r\n                                   data-desc=\"\"\r\n                                   data-link=\"https:\/\/www.janvogler.com\/en-us\/wp-content\/uploads\/sites\/2\/2018\/10\/Jan-playing-BW.jpg\"><\/a>\r\n                                                        <div class=\"eut-bg-dark eut-hover-overlay eut-opacity-40\"><\/div>\r\n                            <img loading=\"lazy\" decoding=\"async\" width=\"472\" height=\"560\" src=\"https:\/\/www.janvogler.com\/en-us\/wp-content\/uploads\/sites\/2\/2018\/10\/Jan-playing-BW-472x560.jpg\" class=\"attachment-fildisi-eutf-small-square size-fildisi-eutf-small-square\" alt=\"\" \/>                                                    <\/figure>\r\n                    <\/div>\r\n                <\/article>\r\n\r\n            \r\n                <article id=\"media-asset-4965\" class=\"grid-item eut-isotope-item wpcptm-media-asset-item eut-image-square post-4965 media-assets type-media-assets status-publish has-post-thumbnail hentry media-assets-categories-off-stage\">\r\n                    <div class=\"eut-isotope-item-inner eut-hover-item eut-zoom-in eut-hover-style-3 eut-animated\">\r\n                        <figure class=\"eut-image-hover eut-media eut-zoom-in\">\r\n                                                            <a class=\"eut-item-url\"\r\n                                   href=\"https:\/\/www.janvogler.com\/en-us\/wp-content\/uploads\/sites\/2\/2017\/11\/2_med_preview.jpeg\"\r\n                                   data-title=\"In New York with Composer David Philip Hefti (May 2015)\"\r\n                                   data-desc=\"\"\r\n                                   data-link=\"https:\/\/www.janvogler.com\/en-us\/wp-content\/uploads\/sites\/2\/2017\/11\/2_med_preview.jpeg\"><\/a>\r\n                                                        <div class=\"eut-bg-dark eut-hover-overlay eut-opacity-40\"><\/div>\r\n                            <img loading=\"lazy\" decoding=\"async\" width=\"507\" height=\"560\" src=\"https:\/\/www.janvogler.com\/en-us\/wp-content\/uploads\/sites\/2\/2017\/11\/2_med_preview-507x560.jpeg\" class=\"attachment-fildisi-eutf-small-square size-fildisi-eutf-small-square\" alt=\"\" \/>                                                    <\/figure>\r\n                    <\/div>\r\n                <\/article>\r\n\r\n            \r\n                <article id=\"media-asset-4969\" class=\"grid-item eut-isotope-item wpcptm-media-asset-item eut-image-square post-4969 media-assets type-media-assets status-publish has-post-thumbnail hentry media-assets-categories-portraits\">\r\n                    <div class=\"eut-isotope-item-inner eut-hover-item eut-zoom-in eut-hover-style-3 eut-animated\">\r\n                        <figure class=\"eut-image-hover eut-media eut-zoom-in\">\r\n                                                            <a class=\"eut-item-url\"\r\n                                   href=\"https:\/\/www.janvogler.com\/en-us\/wp-content\/uploads\/sites\/2\/2017\/11\/JV__c__Mat_Hennek__164-06_med.jpg\"\r\n                                   data-title=\"\u00a9 Mat Hennek\"\r\n                                   data-desc=\"\"\r\n                                   data-link=\"https:\/\/www.janvogler.com\/en-us\/wp-content\/uploads\/sites\/2\/2017\/11\/JV__c__Mat_Hennek__164-06_med.jpg\"><\/a>\r\n                                                        <div class=\"eut-bg-dark eut-hover-overlay eut-opacity-40\"><\/div>\r\n                            <img loading=\"lazy\" decoding=\"async\" width=\"560\" height=\"560\" src=\"https:\/\/www.janvogler.com\/en-us\/wp-content\/uploads\/sites\/2\/2017\/11\/JV__c__Mat_Hennek__164-06_med-560x560.jpg\" class=\"attachment-fildisi-eutf-small-square size-fildisi-eutf-small-square\" alt=\"\" srcset=\"https:\/\/www.janvogler.com\/en-us\/wp-content\/uploads\/sites\/2\/2017\/11\/JV__c__Mat_Hennek__164-06_med-560x560.jpg 560w, https:\/\/www.janvogler.com\/en-us\/wp-content\/uploads\/sites\/2\/2017\/11\/JV__c__Mat_Hennek__164-06_med-150x150.jpg 150w, https:\/\/www.janvogler.com\/en-us\/wp-content\/uploads\/sites\/2\/2017\/11\/JV__c__Mat_Hennek__164-06_med-300x300.jpg 300w, https:\/\/www.janvogler.com\/en-us\/wp-content\/uploads\/sites\/2\/2017\/11\/JV__c__Mat_Hennek__164-06_med-768x767.jpg 768w, https:\/\/www.janvogler.com\/en-us\/wp-content\/uploads\/sites\/2\/2017\/11\/JV__c__Mat_Hennek__164-06_med-1024x1024.jpg 1024w, https:\/\/www.janvogler.com\/en-us\/wp-content\/uploads\/sites\/2\/2017\/11\/JV__c__Mat_Hennek__164-06_med-900x900.jpg 900w, https:\/\/www.janvogler.com\/en-us\/wp-content\/uploads\/sites\/2\/2017\/11\/JV__c__Mat_Hennek__164-06_med.jpg 1768w\" sizes=\"auto, (max-width: 560px) 100vw, 560px\" \/>                                                    <\/figure>\r\n                    <\/div>\r\n                <\/article>\r\n\r\n            \r\n                <article id=\"media-asset-4972\" class=\"grid-item eut-isotope-item wpcptm-media-asset-item eut-image-square post-4972 media-assets type-media-assets status-publish has-post-thumbnail hentry media-assets-categories-portraits\">\r\n                    <div class=\"eut-isotope-item-inner eut-hover-item eut-zoom-in eut-hover-style-3 eut-animated\">\r\n                        <figure class=\"eut-image-hover eut-media eut-zoom-in\">\r\n                                                            <a class=\"eut-item-url\"\r\n                                   href=\"https:\/\/www.janvogler.com\/en-us\/wp-content\/uploads\/sites\/2\/2017\/11\/Jan-Vogler-Mat-Hennek.jpg\"\r\n                                   data-title=\"\u00a9 Mat Hennek\"\r\n                                   data-desc=\"\"\r\n                                   data-link=\"https:\/\/www.janvogler.com\/en-us\/wp-content\/uploads\/sites\/2\/2017\/11\/Jan-Vogler-Mat-Hennek.jpg\"><\/a>\r\n                                                        <div class=\"eut-bg-dark eut-hover-overlay eut-opacity-40\"><\/div>\r\n                            <img loading=\"lazy\" decoding=\"async\" width=\"560\" height=\"560\" src=\"https:\/\/www.janvogler.com\/en-us\/wp-content\/uploads\/sites\/2\/2017\/11\/Jan-Vogler-Mat-Hennek-560x560.jpg\" class=\"attachment-fildisi-eutf-small-square size-fildisi-eutf-small-square\" alt=\"\" srcset=\"https:\/\/www.janvogler.com\/en-us\/wp-content\/uploads\/sites\/2\/2017\/11\/Jan-Vogler-Mat-Hennek-560x560.jpg 560w, https:\/\/www.janvogler.com\/en-us\/wp-content\/uploads\/sites\/2\/2017\/11\/Jan-Vogler-Mat-Hennek-150x150.jpg 150w, https:\/\/www.janvogler.com\/en-us\/wp-content\/uploads\/sites\/2\/2017\/11\/Jan-Vogler-Mat-Hennek-300x300.jpg 300w\" sizes=\"auto, (max-width: 560px) 100vw, 560px\" \/>                                                    <\/figure>\r\n                    <\/div>\r\n                <\/article>\r\n\r\n            \r\n                <article id=\"media-asset-4976\" class=\"grid-item eut-isotope-item wpcptm-media-asset-item eut-image-square post-4976 media-assets type-media-assets status-publish has-post-thumbnail hentry media-assets-categories-portraits\">\r\n                    <div class=\"eut-isotope-item-inner eut-hover-item eut-zoom-in eut-hover-style-3 eut-animated\">\r\n                        <figure class=\"eut-image-hover eut-media eut-zoom-in\">\r\n                                                            <a class=\"eut-item-url\"\r\n                                   href=\"https:\/\/www.janvogler.com\/en-us\/wp-content\/uploads\/sites\/2\/2017\/11\/JV__c__Mat_Hennek__176-03_med.jpg\"\r\n                                   data-title=\"\u00a9 Mat Hennek\"\r\n                                   data-desc=\"\"\r\n                                   data-link=\"https:\/\/www.janvogler.com\/en-us\/wp-content\/uploads\/sites\/2\/2017\/11\/JV__c__Mat_Hennek__176-03_med.jpg\"><\/a>\r\n                                                        <div class=\"eut-bg-dark eut-hover-overlay eut-opacity-40\"><\/div>\r\n                            <img loading=\"lazy\" decoding=\"async\" width=\"560\" height=\"560\" src=\"https:\/\/www.janvogler.com\/en-us\/wp-content\/uploads\/sites\/2\/2017\/11\/JV__c__Mat_Hennek__176-03_med-560x560.jpg\" class=\"attachment-fildisi-eutf-small-square size-fildisi-eutf-small-square\" alt=\"\" srcset=\"https:\/\/www.janvogler.com\/en-us\/wp-content\/uploads\/sites\/2\/2017\/11\/JV__c__Mat_Hennek__176-03_med-560x560.jpg 560w, https:\/\/www.janvogler.com\/en-us\/wp-content\/uploads\/sites\/2\/2017\/11\/JV__c__Mat_Hennek__176-03_med-150x150.jpg 150w, https:\/\/www.janvogler.com\/en-us\/wp-content\/uploads\/sites\/2\/2017\/11\/JV__c__Mat_Hennek__176-03_med-900x900.jpg 900w\" sizes=\"auto, (max-width: 560px) 100vw, 560px\" \/>                                                    <\/figure>\r\n                    <\/div>\r\n                <\/article>\r\n\r\n            \r\n                <article id=\"media-asset-4978\" class=\"grid-item eut-isotope-item wpcptm-media-asset-item eut-image-square post-4978 media-assets type-media-assets status-publish has-post-thumbnail hentry media-assets-categories-on-stage\">\r\n                    <div class=\"eut-isotope-item-inner eut-hover-item eut-zoom-in eut-hover-style-3 eut-animated\">\r\n                        <figure class=\"eut-image-hover eut-media eut-zoom-in\">\r\n                                                            <a class=\"eut-item-url\"\r\n                                   href=\"https:\/\/www.janvogler.com\/en-us\/wp-content\/uploads\/sites\/2\/2017\/11\/050616killig104.jpg\"\r\n                                   data-title=\"Dresdner Musikfestspiele 2016: Closing Concert with Festival Orchestra and Ivor Bolton, Oliver Killig\"\r\n                                   data-desc=\"\"\r\n                                   data-link=\"https:\/\/www.janvogler.com\/en-us\/wp-content\/uploads\/sites\/2\/2017\/11\/050616killig104.jpg\"><\/a>\r\n                                                        <div class=\"eut-bg-dark eut-hover-overlay eut-opacity-40\"><\/div>\r\n                            <img loading=\"lazy\" decoding=\"async\" width=\"560\" height=\"560\" src=\"https:\/\/www.janvogler.com\/en-us\/wp-content\/uploads\/sites\/2\/2017\/11\/050616killig104-560x560.jpg\" class=\"attachment-fildisi-eutf-small-square size-fildisi-eutf-small-square\" alt=\"\" srcset=\"https:\/\/www.janvogler.com\/en-us\/wp-content\/uploads\/sites\/2\/2017\/11\/050616killig104-560x560.jpg 560w, https:\/\/www.janvogler.com\/en-us\/wp-content\/uploads\/sites\/2\/2017\/11\/050616killig104-150x150.jpg 150w\" sizes=\"auto, (max-width: 560px) 100vw, 560px\" \/>                                                    <\/figure>\r\n                    <\/div>\r\n                <\/article>\r\n\r\n            \r\n                <article id=\"media-asset-4980\" class=\"grid-item eut-isotope-item wpcptm-media-asset-item eut-image-square post-4980 media-assets type-media-assets status-publish has-post-thumbnail hentry media-assets-categories-on-stage\">\r\n                    <div class=\"eut-isotope-item-inner eut-hover-item eut-zoom-in eut-hover-style-3 eut-animated\">\r\n                        <figure class=\"eut-image-hover eut-media eut-zoom-in\">\r\n                                                            <a class=\"eut-item-url\"\r\n                                   href=\"https:\/\/www.janvogler.com\/en-us\/wp-content\/uploads\/sites\/2\/2017\/11\/060611killig114.jpg\"\r\n                                   data-title=\"Dvorak with the Gewandhaus Orchestra and Christoph Eschenbach, Oliver Killig\"\r\n                                   data-desc=\"\"\r\n                                   data-link=\"https:\/\/www.janvogler.com\/en-us\/wp-content\/uploads\/sites\/2\/2017\/11\/060611killig114.jpg\"><\/a>\r\n                                                        <div class=\"eut-bg-dark eut-hover-overlay eut-opacity-40\"><\/div>\r\n                            <img loading=\"lazy\" decoding=\"async\" width=\"560\" height=\"560\" src=\"https:\/\/www.janvogler.com\/en-us\/wp-content\/uploads\/sites\/2\/2017\/11\/060611killig114-560x560.jpg\" class=\"attachment-fildisi-eutf-small-square size-fildisi-eutf-small-square\" alt=\"\" srcset=\"https:\/\/www.janvogler.com\/en-us\/wp-content\/uploads\/sites\/2\/2017\/11\/060611killig114-560x560.jpg 560w, https:\/\/www.janvogler.com\/en-us\/wp-content\/uploads\/sites\/2\/2017\/11\/060611killig114-150x150.jpg 150w, https:\/\/www.janvogler.com\/en-us\/wp-content\/uploads\/sites\/2\/2017\/11\/060611killig114-900x900.jpg 900w\" sizes=\"auto, (max-width: 560px) 100vw, 560px\" \/>                                                    <\/figure>\r\n                    <\/div>\r\n                <\/article>\r\n\r\n            \r\n                <article id=\"media-asset-4982\" class=\"grid-item eut-isotope-item wpcptm-media-asset-item eut-image-square post-4982 media-assets type-media-assets status-publish has-post-thumbnail hentry media-assets-categories-on-stage\">\r\n                    <div class=\"eut-isotope-item-inner eut-hover-item eut-zoom-in eut-hover-style-3 eut-animated\">\r\n                        <figure class=\"eut-image-hover eut-media eut-zoom-in\">\r\n                                                            <a class=\"eut-item-url\"\r\n                                   href=\"https:\/\/www.janvogler.com\/en-us\/wp-content\/uploads\/sites\/2\/2017\/11\/060611killig121_01.jpg\"\r\n                                   data-title=\"Dresden Music Festival finale with Gewandhaus Orchestra and Christoph Eschenbach, Oliver Killig\"\r\n                                   data-desc=\"\"\r\n                                   data-link=\"https:\/\/www.janvogler.com\/en-us\/wp-content\/uploads\/sites\/2\/2017\/11\/060611killig121_01.jpg\"><\/a>\r\n                                                        <div class=\"eut-bg-dark eut-hover-overlay eut-opacity-40\"><\/div>\r\n                            <img loading=\"lazy\" decoding=\"async\" width=\"560\" height=\"560\" src=\"https:\/\/www.janvogler.com\/en-us\/wp-content\/uploads\/sites\/2\/2017\/11\/060611killig121_01-560x560.jpg\" class=\"attachment-fildisi-eutf-small-square size-fildisi-eutf-small-square\" alt=\"\" srcset=\"https:\/\/www.janvogler.com\/en-us\/wp-content\/uploads\/sites\/2\/2017\/11\/060611killig121_01-560x560.jpg 560w, https:\/\/www.janvogler.com\/en-us\/wp-content\/uploads\/sites\/2\/2017\/11\/060611killig121_01-150x150.jpg 150w, https:\/\/www.janvogler.com\/en-us\/wp-content\/uploads\/sites\/2\/2017\/11\/060611killig121_01-900x900.jpg 900w\" sizes=\"auto, (max-width: 560px) 100vw, 560px\" \/>                                                    <\/figure>\r\n                    <\/div>\r\n                <\/article>\r\n\r\n            \r\n                <article id=\"media-asset-4986\" class=\"grid-item eut-isotope-item wpcptm-media-asset-item eut-image-square post-4986 media-assets type-media-assets status-publish has-post-thumbnail hentry media-assets-categories-on-stage\">\r\n                    <div class=\"eut-isotope-item-inner eut-hover-item eut-zoom-in eut-hover-style-3 eut-animated\">\r\n                        <figure class=\"eut-image-hover eut-media eut-zoom-in\">\r\n                                                            <a class=\"eut-item-url\"\r\n                                   href=\"https:\/\/www.janvogler.com\/en-us\/wp-content\/uploads\/sites\/2\/2017\/11\/280512killig002.jpg\"\r\n                                   data-title=\"With Valery Gergiev, Dresden 2012 \u00a9 Oliver Killig\"\r\n                                   data-desc=\"\"\r\n                                   data-link=\"https:\/\/www.janvogler.com\/en-us\/wp-content\/uploads\/sites\/2\/2017\/11\/280512killig002.jpg\"><\/a>\r\n                                                        <div class=\"eut-bg-dark eut-hover-overlay eut-opacity-40\"><\/div>\r\n                            <img loading=\"lazy\" decoding=\"async\" width=\"560\" height=\"560\" src=\"https:\/\/www.janvogler.com\/en-us\/wp-content\/uploads\/sites\/2\/2017\/11\/280512killig002-560x560.jpg\" class=\"attachment-fildisi-eutf-small-square size-fildisi-eutf-small-square\" alt=\"\" srcset=\"https:\/\/www.janvogler.com\/en-us\/wp-content\/uploads\/sites\/2\/2017\/11\/280512killig002-560x560.jpg 560w, https:\/\/www.janvogler.com\/en-us\/wp-content\/uploads\/sites\/2\/2017\/11\/280512killig002-150x150.jpg 150w, https:\/\/www.janvogler.com\/en-us\/wp-content\/uploads\/sites\/2\/2017\/11\/280512killig002-900x900.jpg 900w\" sizes=\"auto, (max-width: 560px) 100vw, 560px\" \/>                                                    <\/figure>\r\n                    <\/div>\r\n                <\/article>\r\n\r\n            \r\n                <article id=\"media-asset-4989\" class=\"grid-item eut-isotope-item wpcptm-media-asset-item eut-image-square post-4989 media-assets type-media-assets status-publish has-post-thumbnail hentry media-assets-categories-off-stage\">\r\n                    <div class=\"eut-isotope-item-inner eut-hover-item eut-zoom-in eut-hover-style-3 eut-animated\">\r\n                        <figure class=\"eut-image-hover eut-media eut-zoom-in\">\r\n                                                            <a class=\"eut-item-url\"\r\n                                   href=\"https:\/\/www.janvogler.com\/en-us\/wp-content\/uploads\/sites\/2\/2017\/11\/030611killig300.jpg\"\r\n                                   data-title=\"Glash\u00fctte Original Music Award Ceremony to Sir Simon Rattle at the DMF 2011 \u00a9 Killig\"\r\n                                   data-desc=\"\"\r\n                                   data-link=\"https:\/\/www.janvogler.com\/en-us\/wp-content\/uploads\/sites\/2\/2017\/11\/030611killig300.jpg\"><\/a>\r\n                                                        <div class=\"eut-bg-dark eut-hover-overlay eut-opacity-40\"><\/div>\r\n                            <img loading=\"lazy\" decoding=\"async\" width=\"560\" height=\"560\" src=\"https:\/\/www.janvogler.com\/en-us\/wp-content\/uploads\/sites\/2\/2017\/11\/030611killig300-560x560.jpg\" class=\"attachment-fildisi-eutf-small-square size-fildisi-eutf-small-square\" alt=\"\" srcset=\"https:\/\/www.janvogler.com\/en-us\/wp-content\/uploads\/sites\/2\/2017\/11\/030611killig300-560x560.jpg 560w, https:\/\/www.janvogler.com\/en-us\/wp-content\/uploads\/sites\/2\/2017\/11\/030611killig300-150x150.jpg 150w, https:\/\/www.janvogler.com\/en-us\/wp-content\/uploads\/sites\/2\/2017\/11\/030611killig300-900x900.jpg 900w\" sizes=\"auto, (max-width: 560px) 100vw, 560px\" \/>                                                    <\/figure>\r\n                    <\/div>\r\n                <\/article>\r\n\r\n            \r\n                <article id=\"media-asset-4992\" class=\"grid-item eut-isotope-item wpcptm-media-asset-item eut-image-square post-4992 media-assets type-media-assets status-publish has-post-thumbnail hentry media-assets-categories-off-stage\">\r\n                    <div class=\"eut-isotope-item-inner eut-hover-item eut-zoom-in eut-hover-style-3 eut-animated\">\r\n                        <figure class=\"eut-image-hover eut-media eut-zoom-in\">\r\n                                                            <a class=\"eut-item-url\"\r\n                                   href=\"https:\/\/www.janvogler.com\/en-us\/wp-content\/uploads\/sites\/2\/2017\/11\/150427_Vertrag_Musikfestspiele_DD_c_Landeshauptstadt-Dresden_01.jpg\"\r\n                                   data-title=\"with Dirk Hilbert, renewing contract with Dresden Music Festival\"\r\n                                   data-desc=\"\"\r\n                                   data-link=\"https:\/\/www.janvogler.com\/en-us\/wp-content\/uploads\/sites\/2\/2017\/11\/150427_Vertrag_Musikfestspiele_DD_c_Landeshauptstadt-Dresden_01.jpg\"><\/a>\r\n                                                        <div class=\"eut-bg-dark eut-hover-overlay eut-opacity-40\"><\/div>\r\n                            <img loading=\"lazy\" decoding=\"async\" width=\"560\" height=\"560\" src=\"https:\/\/www.janvogler.com\/en-us\/wp-content\/uploads\/sites\/2\/2017\/11\/150427_Vertrag_Musikfestspiele_DD_c_Landeshauptstadt-Dresden_01-560x560.jpg\" class=\"attachment-fildisi-eutf-small-square size-fildisi-eutf-small-square\" alt=\"\" srcset=\"https:\/\/www.janvogler.com\/en-us\/wp-content\/uploads\/sites\/2\/2017\/11\/150427_Vertrag_Musikfestspiele_DD_c_Landeshauptstadt-Dresden_01-560x560.jpg 560w, https:\/\/www.janvogler.com\/en-us\/wp-content\/uploads\/sites\/2\/2017\/11\/150427_Vertrag_Musikfestspiele_DD_c_Landeshauptstadt-Dresden_01-150x150.jpg 150w, https:\/\/www.janvogler.com\/en-us\/wp-content\/uploads\/sites\/2\/2017\/11\/150427_Vertrag_Musikfestspiele_DD_c_Landeshauptstadt-Dresden_01-900x900.jpg 900w\" sizes=\"auto, (max-width: 560px) 100vw, 560px\" \/>                                                    <\/figure>\r\n                    <\/div>\r\n                <\/article>\r\n\r\n            \r\n                <article id=\"media-asset-4994\" class=\"grid-item eut-isotope-item wpcptm-media-asset-item eut-image-square post-4994 media-assets type-media-assets status-publish has-post-thumbnail hentry media-assets-categories-on-stage\">\r\n                    <div class=\"eut-isotope-item-inner eut-hover-item eut-zoom-in eut-hover-style-3 eut-animated\">\r\n                        <figure class=\"eut-image-hover eut-media eut-zoom-in\">\r\n                                                            <a class=\"eut-item-url\"\r\n                                   href=\"https:\/\/www.janvogler.com\/en-us\/wp-content\/uploads\/sites\/2\/2017\/11\/251015killig013_med-1.jpg\"\r\n                                   data-title=\"10th Anniversary of Dresdner Frauenkirche, with the Orpheus Chamber Orchestra, Mira Wang and Wolfgang Rihm \u00a9 Oliver Killig\"\r\n                                   data-desc=\"\"\r\n                                   data-link=\"https:\/\/www.janvogler.com\/en-us\/wp-content\/uploads\/sites\/2\/2017\/11\/251015killig013_med-1.jpg\"><\/a>\r\n                                                        <div class=\"eut-bg-dark eut-hover-overlay eut-opacity-40\"><\/div>\r\n                            <img loading=\"lazy\" decoding=\"async\" width=\"560\" height=\"560\" src=\"https:\/\/www.janvogler.com\/en-us\/wp-content\/uploads\/sites\/2\/2017\/11\/251015killig013_med-1-560x560.jpg\" class=\"attachment-fildisi-eutf-small-square size-fildisi-eutf-small-square\" alt=\"\" srcset=\"https:\/\/www.janvogler.com\/en-us\/wp-content\/uploads\/sites\/2\/2017\/11\/251015killig013_med-1-560x560.jpg 560w, https:\/\/www.janvogler.com\/en-us\/wp-content\/uploads\/sites\/2\/2017\/11\/251015killig013_med-1-150x150.jpg 150w\" sizes=\"auto, (max-width: 560px) 100vw, 560px\" \/>                                                    <\/figure>\r\n                    <\/div>\r\n                <\/article>\r\n\r\n            \r\n                <article id=\"media-asset-4996\" class=\"grid-item eut-isotope-item wpcptm-media-asset-item eut-image-square post-4996 media-assets type-media-assets status-publish has-post-thumbnail hentry media-assets-categories-off-stage\">\r\n                    <div class=\"eut-isotope-item-inner eut-hover-item eut-zoom-in eut-hover-style-3 eut-animated\">\r\n                        <figure class=\"eut-image-hover eut-media eut-zoom-in\">\r\n                                                            <a class=\"eut-item-url\"\r\n                                   href=\"https:\/\/www.janvogler.com\/en-us\/wp-content\/uploads\/sites\/2\/2017\/11\/c_DussmanndasKulturKaufhaus_1.jpg\"\r\n                                   data-title=\"Presentation of Bach album, 2013, \u00a9 Kulturkaufhaus Dussman\"\r\n                                   data-desc=\"\"\r\n                                   data-link=\"https:\/\/www.janvogler.com\/en-us\/wp-content\/uploads\/sites\/2\/2017\/11\/c_DussmanndasKulturKaufhaus_1.jpg\"><\/a>\r\n                                                        <div class=\"eut-bg-dark eut-hover-overlay eut-opacity-40\"><\/div>\r\n                            <img loading=\"lazy\" decoding=\"async\" width=\"480\" height=\"560\" src=\"https:\/\/www.janvogler.com\/en-us\/wp-content\/uploads\/sites\/2\/2017\/11\/c_DussmanndasKulturKaufhaus_1-480x560.jpg\" class=\"attachment-fildisi-eutf-small-square size-fildisi-eutf-small-square\" alt=\"\" \/>                                                    <\/figure>\r\n                    <\/div>\r\n                <\/article>\r\n\r\n            \r\n                <article id=\"media-asset-4998\" class=\"grid-item eut-isotope-item wpcptm-media-asset-item eut-image-square post-4998 media-assets type-media-assets status-publish has-post-thumbnail hentry media-assets-categories-off-stage\">\r\n                    <div class=\"eut-isotope-item-inner eut-hover-item eut-zoom-in eut-hover-style-3 eut-animated\">\r\n                        <figure class=\"eut-image-hover eut-media eut-zoom-in\">\r\n                                                            <a class=\"eut-item-url\"\r\n                                   href=\"https:\/\/www.janvogler.com\/en-us\/wp-content\/uploads\/sites\/2\/2017\/11\/Anna_Netrebko_Axel_Frech_Jan_Vogler_Claudio_Vandelli.jpg\"\r\n                                   data-title=\"with Anna Netrebko, Axel Frech and Claudio Vandelli\"\r\n                                   data-desc=\"\"\r\n                                   data-link=\"https:\/\/www.janvogler.com\/en-us\/wp-content\/uploads\/sites\/2\/2017\/11\/Anna_Netrebko_Axel_Frech_Jan_Vogler_Claudio_Vandelli.jpg\"><\/a>\r\n                                                        <div class=\"eut-bg-dark eut-hover-overlay eut-opacity-40\"><\/div>\r\n                            <img loading=\"lazy\" decoding=\"async\" width=\"560\" height=\"560\" src=\"https:\/\/www.janvogler.com\/en-us\/wp-content\/uploads\/sites\/2\/2017\/11\/Anna_Netrebko_Axel_Frech_Jan_Vogler_Claudio_Vandelli-560x560.jpg\" class=\"attachment-fildisi-eutf-small-square size-fildisi-eutf-small-square\" alt=\"\" srcset=\"https:\/\/www.janvogler.com\/en-us\/wp-content\/uploads\/sites\/2\/2017\/11\/Anna_Netrebko_Axel_Frech_Jan_Vogler_Claudio_Vandelli-560x560.jpg 560w, https:\/\/www.janvogler.com\/en-us\/wp-content\/uploads\/sites\/2\/2017\/11\/Anna_Netrebko_Axel_Frech_Jan_Vogler_Claudio_Vandelli-150x150.jpg 150w\" sizes=\"auto, (max-width: 560px) 100vw, 560px\" \/>                                                    <\/figure>\r\n                    <\/div>\r\n                <\/article>\r\n\r\n            \r\n                <article id=\"media-asset-5000\" class=\"grid-item eut-isotope-item wpcptm-media-asset-item eut-image-square post-5000 media-assets type-media-assets status-publish has-post-thumbnail hentry media-assets-categories-off-stage\">\r\n                    <div class=\"eut-isotope-item-inner eut-hover-item eut-zoom-in eut-hover-style-3 eut-animated\">\r\n                        <figure class=\"eut-image-hover eut-media eut-zoom-in\">\r\n                                                            <a class=\"eut-item-url\"\r\n                                   href=\"https:\/\/www.janvogler.com\/en-us\/wp-content\/uploads\/sites\/2\/2017\/11\/Axel_Frech__Anna_Netrebko__Jan_Vogler__c__Radeberger.jpg\"\r\n                                   data-title=\"Radeberger Nacht der Stars with Anna Netrebko, Axel Frech\"\r\n                                   data-desc=\"\"\r\n                                   data-link=\"https:\/\/www.janvogler.com\/en-us\/wp-content\/uploads\/sites\/2\/2017\/11\/Axel_Frech__Anna_Netrebko__Jan_Vogler__c__Radeberger.jpg\"><\/a>\r\n                                                        <div class=\"eut-bg-dark eut-hover-overlay eut-opacity-40\"><\/div>\r\n                            <img loading=\"lazy\" decoding=\"async\" width=\"560\" height=\"560\" src=\"https:\/\/www.janvogler.com\/en-us\/wp-content\/uploads\/sites\/2\/2017\/11\/Axel_Frech__Anna_Netrebko__Jan_Vogler__c__Radeberger-560x560.jpg\" class=\"attachment-fildisi-eutf-small-square size-fildisi-eutf-small-square\" alt=\"\" srcset=\"https:\/\/www.janvogler.com\/en-us\/wp-content\/uploads\/sites\/2\/2017\/11\/Axel_Frech__Anna_Netrebko__Jan_Vogler__c__Radeberger-560x560.jpg 560w, https:\/\/www.janvogler.com\/en-us\/wp-content\/uploads\/sites\/2\/2017\/11\/Axel_Frech__Anna_Netrebko__Jan_Vogler__c__Radeberger-150x150.jpg 150w, https:\/\/www.janvogler.com\/en-us\/wp-content\/uploads\/sites\/2\/2017\/11\/Axel_Frech__Anna_Netrebko__Jan_Vogler__c__Radeberger-900x900.jpg 900w\" sizes=\"auto, (max-width: 560px) 100vw, 560px\" \/>                                                    <\/figure>\r\n                    <\/div>\r\n                <\/article>\r\n\r\n            \r\n                <article id=\"media-asset-5002\" class=\"grid-item eut-isotope-item wpcptm-media-asset-item eut-image-square post-5002 media-assets type-media-assets status-publish has-post-thumbnail hentry media-assets-categories-on-stage\">\r\n                    <div class=\"eut-isotope-item-inner eut-hover-item eut-zoom-in eut-hover-style-3 eut-animated\">\r\n                        <figure class=\"eut-image-hover eut-media eut-zoom-in\">\r\n                                                            <a class=\"eut-item-url\"\r\n                                   href=\"https:\/\/www.janvogler.com\/en-us\/wp-content\/uploads\/sites\/2\/2017\/11\/Care_Konzert_Orchester-1530284__2_.jpg\"\r\n                                   data-title=\"CARE Gala in Munich with the Singapore Symphony Orchestra and Lan Shui\"\r\n                                   data-desc=\"\"\r\n                                   data-link=\"https:\/\/www.janvogler.com\/en-us\/wp-content\/uploads\/sites\/2\/2017\/11\/Care_Konzert_Orchester-1530284__2_.jpg\"><\/a>\r\n                                                        <div class=\"eut-bg-dark eut-hover-overlay eut-opacity-40\"><\/div>\r\n                            <img loading=\"lazy\" decoding=\"async\" width=\"560\" height=\"560\" src=\"https:\/\/www.janvogler.com\/en-us\/wp-content\/uploads\/sites\/2\/2017\/11\/Care_Konzert_Orchester-1530284__2_-560x560.jpg\" class=\"attachment-fildisi-eutf-small-square size-fildisi-eutf-small-square\" alt=\"\" srcset=\"https:\/\/www.janvogler.com\/en-us\/wp-content\/uploads\/sites\/2\/2017\/11\/Care_Konzert_Orchester-1530284__2_-560x560.jpg 560w, https:\/\/www.janvogler.com\/en-us\/wp-content\/uploads\/sites\/2\/2017\/11\/Care_Konzert_Orchester-1530284__2_-150x150.jpg 150w, https:\/\/www.janvogler.com\/en-us\/wp-content\/uploads\/sites\/2\/2017\/11\/Care_Konzert_Orchester-1530284__2_-900x900.jpg 900w\" sizes=\"auto, (max-width: 560px) 100vw, 560px\" \/>                                                    <\/figure>\r\n                    <\/div>\r\n                <\/article>\r\n\r\n            \r\n                <article id=\"media-asset-5005\" class=\"grid-item eut-isotope-item wpcptm-media-asset-item eut-image-square post-5005 media-assets type-media-assets status-publish has-post-thumbnail hentry media-assets-categories-off-stage\">\r\n                    <div class=\"eut-isotope-item-inner eut-hover-item eut-zoom-in eut-hover-style-3 eut-animated\">\r\n                        <figure class=\"eut-image-hover eut-media eut-zoom-in\">\r\n                                                            <a class=\"eut-item-url\"\r\n                                   href=\"https:\/\/www.janvogler.com\/en-us\/wp-content\/uploads\/sites\/2\/2017\/11\/DMF-MBader-2835.jpg\"\r\n                                   data-title=\"New York Philharmonic, Volkswagen Gl\u00e4serne Manufaktur\"\r\n                                   data-desc=\"\"\r\n                                   data-link=\"https:\/\/www.janvogler.com\/en-us\/wp-content\/uploads\/sites\/2\/2017\/11\/DMF-MBader-2835.jpg\"><\/a>\r\n                                                        <div class=\"eut-bg-dark eut-hover-overlay eut-opacity-40\"><\/div>\r\n                            <img loading=\"lazy\" decoding=\"async\" width=\"560\" height=\"560\" src=\"https:\/\/www.janvogler.com\/en-us\/wp-content\/uploads\/sites\/2\/2017\/11\/DMF-MBader-2835-560x560.jpg\" class=\"attachment-fildisi-eutf-small-square size-fildisi-eutf-small-square\" alt=\"\" srcset=\"https:\/\/www.janvogler.com\/en-us\/wp-content\/uploads\/sites\/2\/2017\/11\/DMF-MBader-2835-560x560.jpg 560w, https:\/\/www.janvogler.com\/en-us\/wp-content\/uploads\/sites\/2\/2017\/11\/DMF-MBader-2835-150x150.jpg 150w, https:\/\/www.janvogler.com\/en-us\/wp-content\/uploads\/sites\/2\/2017\/11\/DMF-MBader-2835-900x900.jpg 900w\" sizes=\"auto, (max-width: 560px) 100vw, 560px\" \/>                                                    <\/figure>\r\n                    <\/div>\r\n                <\/article>\r\n\r\n            \r\n                <article id=\"media-asset-5007\" class=\"grid-item eut-isotope-item wpcptm-media-asset-item eut-image-square post-5007 media-assets type-media-assets status-publish has-post-thumbnail hentry media-assets-categories-off-stage\">\r\n                    <div class=\"eut-isotope-item-inner eut-hover-item eut-zoom-in eut-hover-style-3 eut-animated\">\r\n                        <figure class=\"eut-image-hover eut-media eut-zoom-in\">\r\n                                                            <a class=\"eut-item-url\"\r\n                                   href=\"https:\/\/www.janvogler.com\/en-us\/wp-content\/uploads\/sites\/2\/2017\/11\/DMF-MBader-3051.jpg\"\r\n                                   data-title=\"New York Philharmonic, Volkswagen Gl\u00e4serne Manufaktur\"\r\n                                   data-desc=\"\"\r\n                                   data-link=\"https:\/\/www.janvogler.com\/en-us\/wp-content\/uploads\/sites\/2\/2017\/11\/DMF-MBader-3051.jpg\"><\/a>\r\n                                                        <div class=\"eut-bg-dark eut-hover-overlay eut-opacity-40\"><\/div>\r\n                            <img loading=\"lazy\" decoding=\"async\" width=\"560\" height=\"560\" src=\"https:\/\/www.janvogler.com\/en-us\/wp-content\/uploads\/sites\/2\/2017\/11\/DMF-MBader-3051-560x560.jpg\" class=\"attachment-fildisi-eutf-small-square size-fildisi-eutf-small-square\" alt=\"\" srcset=\"https:\/\/www.janvogler.com\/en-us\/wp-content\/uploads\/sites\/2\/2017\/11\/DMF-MBader-3051-560x560.jpg 560w, https:\/\/www.janvogler.com\/en-us\/wp-content\/uploads\/sites\/2\/2017\/11\/DMF-MBader-3051-150x150.jpg 150w, https:\/\/www.janvogler.com\/en-us\/wp-content\/uploads\/sites\/2\/2017\/11\/DMF-MBader-3051-900x900.jpg 900w\" sizes=\"auto, (max-width: 560px) 100vw, 560px\" \/>                                                    <\/figure>\r\n                    <\/div>\r\n                <\/article>\r\n\r\n            \r\n                <article id=\"media-asset-5011\" class=\"grid-item eut-isotope-item wpcptm-media-asset-item eut-image-square post-5011 media-assets type-media-assets status-publish has-post-thumbnail hentry media-assets-categories-off-stage\">\r\n                    <div class=\"eut-isotope-item-inner eut-hover-item eut-zoom-in eut-hover-style-3 eut-animated\">\r\n                        <figure class=\"eut-image-hover eut-media eut-zoom-in\">\r\n                                                            <a class=\"eut-item-url\"\r\n                                   href=\"https:\/\/www.janvogler.com\/en-us\/wp-content\/uploads\/sites\/2\/2017\/11\/DMF-MBader-3489.jpg\"\r\n                                   data-title=\"with Mira Wang, Bill Murray, and Alan Gilbert at Volkswagen&#8217;s Gl\u00e4serne Manufaktur\"\r\n                                   data-desc=\"\"\r\n                                   data-link=\"https:\/\/www.janvogler.com\/en-us\/wp-content\/uploads\/sites\/2\/2017\/11\/DMF-MBader-3489.jpg\"><\/a>\r\n                                                        <div class=\"eut-bg-dark eut-hover-overlay eut-opacity-40\"><\/div>\r\n                            <img loading=\"lazy\" decoding=\"async\" width=\"560\" height=\"560\" src=\"https:\/\/www.janvogler.com\/en-us\/wp-content\/uploads\/sites\/2\/2017\/11\/DMF-MBader-3489-560x560.jpg\" class=\"attachment-fildisi-eutf-small-square size-fildisi-eutf-small-square\" alt=\"\" srcset=\"https:\/\/www.janvogler.com\/en-us\/wp-content\/uploads\/sites\/2\/2017\/11\/DMF-MBader-3489-560x560.jpg 560w, https:\/\/www.janvogler.com\/en-us\/wp-content\/uploads\/sites\/2\/2017\/11\/DMF-MBader-3489-150x150.jpg 150w, https:\/\/www.janvogler.com\/en-us\/wp-content\/uploads\/sites\/2\/2017\/11\/DMF-MBader-3489-900x900.jpg 900w\" sizes=\"auto, (max-width: 560px) 100vw, 560px\" \/>                                                    <\/figure>\r\n                    <\/div>\r\n                <\/article>\r\n\r\n            \r\n                <article id=\"media-asset-5594\" class=\"grid-item eut-isotope-item wpcptm-media-asset-item eut-image-square post-5594 media-assets type-media-assets status-publish has-post-thumbnail hentry media-assets-categories-portraits\">\r\n                    <div class=\"eut-isotope-item-inner eut-hover-item eut-zoom-in eut-hover-style-3 eut-animated\">\r\n                        <figure class=\"eut-image-hover eut-media eut-zoom-in\">\r\n                                                            <a class=\"eut-item-url\"\r\n                                   href=\"https:\/\/www.janvogler.com\/en-us\/wp-content\/uploads\/sites\/2\/2019\/09\/1_Jan-Vogler-\u00a9-Felix-Broede-11.jpg\"\r\n                                   data-title=\"\u00a9 Felix Broede\"\r\n                                   data-desc=\"\"\r\n                                   data-link=\"https:\/\/www.janvogler.com\/en-us\/wp-content\/uploads\/sites\/2\/2019\/09\/1_Jan-Vogler-\u00a9-Felix-Broede-11.jpg\"><\/a>\r\n                                                        <div class=\"eut-bg-dark eut-hover-overlay eut-opacity-40\"><\/div>\r\n                            <img loading=\"lazy\" decoding=\"async\" width=\"560\" height=\"560\" src=\"https:\/\/www.janvogler.com\/en-us\/wp-content\/uploads\/sites\/2\/2019\/09\/1_Jan-Vogler-\u00a9-Felix-Broede-11-560x560.jpg\" class=\"attachment-fildisi-eutf-small-square size-fildisi-eutf-small-square\" alt=\"\" srcset=\"https:\/\/www.janvogler.com\/en-us\/wp-content\/uploads\/sites\/2\/2019\/09\/1_Jan-Vogler-\u00a9-Felix-Broede-11-560x560.jpg 560w, https:\/\/www.janvogler.com\/en-us\/wp-content\/uploads\/sites\/2\/2019\/09\/1_Jan-Vogler-\u00a9-Felix-Broede-11-150x150.jpg 150w, https:\/\/www.janvogler.com\/en-us\/wp-content\/uploads\/sites\/2\/2019\/09\/1_Jan-Vogler-\u00a9-Felix-Broede-11-900x899.jpg 900w\" sizes=\"auto, (max-width: 560px) 100vw, 560px\" \/>                                                    <\/figure>\r\n                    <\/div>\r\n                <\/article>\r\n\r\n            \r\n                <article id=\"media-asset-5596\" class=\"grid-item eut-isotope-item wpcptm-media-asset-item eut-image-square post-5596 media-assets type-media-assets status-publish has-post-thumbnail hentry\">\r\n                    <div class=\"eut-isotope-item-inner eut-hover-item eut-zoom-in eut-hover-style-3 eut-animated\">\r\n                        <figure class=\"eut-image-hover eut-media eut-zoom-in\">\r\n                                                            <a class=\"eut-item-url\"\r\n                                   href=\"https:\/\/www.janvogler.com\/en-us\/wp-content\/uploads\/sites\/2\/2019\/09\/2_Jan-Vogler-\u00a9-Felix-Broede-22.jpg\"\r\n                                   data-title=\"\u00a9 Felix Broede\"\r\n                                   data-desc=\"\"\r\n                                   data-link=\"https:\/\/www.janvogler.com\/en-us\/wp-content\/uploads\/sites\/2\/2019\/09\/2_Jan-Vogler-\u00a9-Felix-Broede-22.jpg\"><\/a>\r\n                                                        <div class=\"eut-bg-dark eut-hover-overlay eut-opacity-40\"><\/div>\r\n                            <img loading=\"lazy\" decoding=\"async\" width=\"560\" height=\"560\" src=\"https:\/\/www.janvogler.com\/en-us\/wp-content\/uploads\/sites\/2\/2019\/09\/2_Jan-Vogler-\u00a9-Felix-Broede-22-560x560.jpg\" class=\"attachment-fildisi-eutf-small-square size-fildisi-eutf-small-square\" alt=\"\" srcset=\"https:\/\/www.janvogler.com\/en-us\/wp-content\/uploads\/sites\/2\/2019\/09\/2_Jan-Vogler-\u00a9-Felix-Broede-22-560x560.jpg 560w, https:\/\/www.janvogler.com\/en-us\/wp-content\/uploads\/sites\/2\/2019\/09\/2_Jan-Vogler-\u00a9-Felix-Broede-22-150x150.jpg 150w\" sizes=\"auto, (max-width: 560px) 100vw, 560px\" \/>                                                    <\/figure>\r\n                    <\/div>\r\n                <\/article>\r\n\r\n            \r\n                <article id=\"media-asset-5600\" class=\"grid-item eut-isotope-item wpcptm-media-asset-item eut-image-square post-5600 media-assets type-media-assets status-publish has-post-thumbnail hentry media-assets-categories-portraits\">\r\n                    <div class=\"eut-isotope-item-inner eut-hover-item eut-zoom-in eut-hover-style-3 eut-animated\">\r\n                        <figure class=\"eut-image-hover eut-media eut-zoom-in\">\r\n                                                            <a class=\"eut-item-url\"\r\n                                   href=\"https:\/\/www.janvogler.com\/en-us\/wp-content\/uploads\/sites\/2\/2019\/09\/7_JV-by-FelixBroede.jpeg\"\r\n                                   data-title=\"\u00a9 Felix Broede\"\r\n                                   data-desc=\"\"\r\n                                   data-link=\"https:\/\/www.janvogler.com\/en-us\/wp-content\/uploads\/sites\/2\/2019\/09\/7_JV-by-FelixBroede.jpeg\"><\/a>\r\n                                                        <div class=\"eut-bg-dark eut-hover-overlay eut-opacity-40\"><\/div>\r\n                            <img loading=\"lazy\" decoding=\"async\" width=\"560\" height=\"560\" src=\"https:\/\/www.janvogler.com\/en-us\/wp-content\/uploads\/sites\/2\/2019\/09\/7_JV-by-FelixBroede-560x560.jpeg\" class=\"attachment-fildisi-eutf-small-square size-fildisi-eutf-small-square\" alt=\"\" srcset=\"https:\/\/www.janvogler.com\/en-us\/wp-content\/uploads\/sites\/2\/2019\/09\/7_JV-by-FelixBroede-560x560.jpeg 560w, https:\/\/www.janvogler.com\/en-us\/wp-content\/uploads\/sites\/2\/2019\/09\/7_JV-by-FelixBroede-150x150.jpeg 150w\" sizes=\"auto, (max-width: 560px) 100vw, 560px\" \/>                                                    <\/figure>\r\n                    <\/div>\r\n                <\/article>\r\n\r\n            \r\n                <article id=\"media-asset-5602\" class=\"grid-item eut-isotope-item wpcptm-media-asset-item eut-image-square post-5602 media-assets type-media-assets status-publish has-post-thumbnail hentry media-assets-categories-on-stage\">\r\n                    <div class=\"eut-isotope-item-inner eut-hover-item eut-zoom-in eut-hover-style-3 eut-animated\">\r\n                        <figure class=\"eut-image-hover eut-media eut-zoom-in\">\r\n                                                            <a class=\"eut-item-url\"\r\n                                   href=\"https:\/\/www.janvogler.com\/en-us\/wp-content\/uploads\/sites\/2\/2019\/09\/8_WithHeleneGrimaud.jpg\"\r\n                                   data-title=\"After a concert with H\u00e9l\u00e8ne Grimaud in Essen, summer 2017\"\r\n                                   data-desc=\"\"\r\n                                   data-link=\"https:\/\/www.janvogler.com\/en-us\/wp-content\/uploads\/sites\/2\/2019\/09\/8_WithHeleneGrimaud.jpg\"><\/a>\r\n                                                        <div class=\"eut-bg-dark eut-hover-overlay eut-opacity-40\"><\/div>\r\n                            <img loading=\"lazy\" decoding=\"async\" width=\"560\" height=\"560\" src=\"https:\/\/www.janvogler.com\/en-us\/wp-content\/uploads\/sites\/2\/2019\/09\/8_WithHeleneGrimaud-560x560.jpg\" class=\"attachment-fildisi-eutf-small-square size-fildisi-eutf-small-square\" alt=\"\" srcset=\"https:\/\/www.janvogler.com\/en-us\/wp-content\/uploads\/sites\/2\/2019\/09\/8_WithHeleneGrimaud-560x560.jpg 560w, https:\/\/www.janvogler.com\/en-us\/wp-content\/uploads\/sites\/2\/2019\/09\/8_WithHeleneGrimaud-150x150.jpg 150w, https:\/\/www.janvogler.com\/en-us\/wp-content\/uploads\/sites\/2\/2019\/09\/8_WithHeleneGrimaud-900x900.jpg 900w\" sizes=\"auto, (max-width: 560px) 100vw, 560px\" \/>                                                    <\/figure>\r\n                    <\/div>\r\n                <\/article>\r\n\r\n            \r\n                <article id=\"media-asset-5604\" class=\"grid-item eut-isotope-item wpcptm-media-asset-item eut-image-square post-5604 media-assets type-media-assets status-publish has-post-thumbnail hentry media-assets-categories-on-stage\">\r\n                    <div class=\"eut-isotope-item-inner eut-hover-item eut-zoom-in eut-hover-style-3 eut-animated\">\r\n                        <figure class=\"eut-image-hover eut-media eut-zoom-in\">\r\n                                                            <a class=\"eut-item-url\"\r\n                                   href=\"https:\/\/www.janvogler.com\/en-us\/wp-content\/uploads\/sites\/2\/2019\/09\/10_2014-05-04_16_Fotor.jpg\"\r\n                                   data-title=\"Recording with Giuliano Carmignola and La Folia\"\r\n                                   data-desc=\"\"\r\n                                   data-link=\"https:\/\/www.janvogler.com\/en-us\/wp-content\/uploads\/sites\/2\/2019\/09\/10_2014-05-04_16_Fotor.jpg\"><\/a>\r\n                                                        <div class=\"eut-bg-dark eut-hover-overlay eut-opacity-40\"><\/div>\r\n                            <img loading=\"lazy\" decoding=\"async\" width=\"560\" height=\"560\" src=\"https:\/\/www.janvogler.com\/en-us\/wp-content\/uploads\/sites\/2\/2019\/09\/10_2014-05-04_16_Fotor-560x560.jpg\" class=\"attachment-fildisi-eutf-small-square size-fildisi-eutf-small-square\" alt=\"\" srcset=\"https:\/\/www.janvogler.com\/en-us\/wp-content\/uploads\/sites\/2\/2019\/09\/10_2014-05-04_16_Fotor-560x560.jpg 560w, https:\/\/www.janvogler.com\/en-us\/wp-content\/uploads\/sites\/2\/2019\/09\/10_2014-05-04_16_Fotor-150x150.jpg 150w, https:\/\/www.janvogler.com\/en-us\/wp-content\/uploads\/sites\/2\/2019\/09\/10_2014-05-04_16_Fotor-900x900.jpg 900w\" sizes=\"auto, (max-width: 560px) 100vw, 560px\" \/>                                                    <\/figure>\r\n                    <\/div>\r\n                <\/article>\r\n\r\n            \r\n                <article id=\"media-asset-5606\" class=\"grid-item eut-isotope-item wpcptm-media-asset-item eut-image-square post-5606 media-assets type-media-assets status-publish has-post-thumbnail hentry media-assets-categories-off-stage\">\r\n                    <div class=\"eut-isotope-item-inner eut-hover-item eut-zoom-in eut-hover-style-3 eut-animated\">\r\n                        <figure class=\"eut-image-hover eut-media eut-zoom-in\">\r\n                                                            <a class=\"eut-item-url\"\r\n                                   href=\"https:\/\/www.janvogler.com\/en-us\/wp-content\/uploads\/sites\/2\/2019\/09\/11_5to9-Photo-original-\u00a9-Gianni-Occhipinti.jpg\"\r\n                                   data-title=\"With chef Cornelia Poletto\"\r\n                                   data-desc=\"\"\r\n                                   data-link=\"https:\/\/www.janvogler.com\/en-us\/wp-content\/uploads\/sites\/2\/2019\/09\/11_5to9-Photo-original-\u00a9-Gianni-Occhipinti.jpg\"><\/a>\r\n                                                        <div class=\"eut-bg-dark eut-hover-overlay eut-opacity-40\"><\/div>\r\n                            <img loading=\"lazy\" decoding=\"async\" width=\"560\" height=\"560\" src=\"https:\/\/www.janvogler.com\/en-us\/wp-content\/uploads\/sites\/2\/2019\/09\/11_5to9-Photo-original-\u00a9-Gianni-Occhipinti-560x560.jpg\" class=\"attachment-fildisi-eutf-small-square size-fildisi-eutf-small-square\" alt=\"\" srcset=\"https:\/\/www.janvogler.com\/en-us\/wp-content\/uploads\/sites\/2\/2019\/09\/11_5to9-Photo-original-\u00a9-Gianni-Occhipinti-560x560.jpg 560w, https:\/\/www.janvogler.com\/en-us\/wp-content\/uploads\/sites\/2\/2019\/09\/11_5to9-Photo-original-\u00a9-Gianni-Occhipinti-150x150.jpg 150w, https:\/\/www.janvogler.com\/en-us\/wp-content\/uploads\/sites\/2\/2019\/09\/11_5to9-Photo-original-\u00a9-Gianni-Occhipinti-900x900.jpg 900w\" sizes=\"auto, (max-width: 560px) 100vw, 560px\" \/>                                                    <\/figure>\r\n                    <\/div>\r\n                <\/article>\r\n\r\n            \r\n                <article id=\"media-asset-5608\" class=\"grid-item eut-isotope-item wpcptm-media-asset-item eut-image-square post-5608 media-assets type-media-assets status-publish has-post-thumbnail hentry media-assets-categories-off-stage\">\r\n                    <div class=\"eut-isotope-item-inner eut-hover-item eut-zoom-in eut-hover-style-3 eut-animated\">\r\n                        <figure class=\"eut-image-hover eut-media eut-zoom-in\">\r\n                                                            <a class=\"eut-item-url\"\r\n                                   href=\"https:\/\/www.janvogler.com\/en-us\/wp-content\/uploads\/sites\/2\/2019\/09\/12_MG_2810.jpg\"\r\n                                   data-title=\"With Bill Murray in Dresden\"\r\n                                   data-desc=\"\"\r\n                                   data-link=\"https:\/\/www.janvogler.com\/en-us\/wp-content\/uploads\/sites\/2\/2019\/09\/12_MG_2810.jpg\"><\/a>\r\n                                                        <div class=\"eut-bg-dark eut-hover-overlay eut-opacity-40\"><\/div>\r\n                            <img loading=\"lazy\" decoding=\"async\" width=\"560\" height=\"560\" src=\"https:\/\/www.janvogler.com\/en-us\/wp-content\/uploads\/sites\/2\/2019\/09\/12_MG_2810-560x560.jpg\" class=\"attachment-fildisi-eutf-small-square size-fildisi-eutf-small-square\" alt=\"\" srcset=\"https:\/\/www.janvogler.com\/en-us\/wp-content\/uploads\/sites\/2\/2019\/09\/12_MG_2810-560x560.jpg 560w, https:\/\/www.janvogler.com\/en-us\/wp-content\/uploads\/sites\/2\/2019\/09\/12_MG_2810-150x150.jpg 150w, https:\/\/www.janvogler.com\/en-us\/wp-content\/uploads\/sites\/2\/2019\/09\/12_MG_2810-900x900.jpg 900w\" sizes=\"auto, (max-width: 560px) 100vw, 560px\" \/>                                                    <\/figure>\r\n                    <\/div>\r\n                <\/article>\r\n\r\n            \r\n                <article id=\"media-asset-5610\" class=\"grid-item eut-isotope-item wpcptm-media-asset-item eut-image-square post-5610 media-assets type-media-assets status-publish has-post-thumbnail hentry media-assets-categories-on-stage\">\r\n                    <div class=\"eut-isotope-item-inner eut-hover-item eut-zoom-in eut-hover-style-3 eut-animated\">\r\n                        <figure class=\"eut-image-hover eut-media eut-zoom-in\">\r\n                                                            <a class=\"eut-item-url\"\r\n                                   href=\"https:\/\/www.janvogler.com\/en-us\/wp-content\/uploads\/sites\/2\/2019\/09\/13_\u00a9_Chris_Lee_XE2G5402.jpg\"\r\n                                   data-title=\"Opening of Dresden Frauenkirche with Lorin Maazel and the New York Philharmonic \u00a9 Chris Lee\"\r\n                                   data-desc=\"\"\r\n                                   data-link=\"https:\/\/www.janvogler.com\/en-us\/wp-content\/uploads\/sites\/2\/2019\/09\/13_\u00a9_Chris_Lee_XE2G5402.jpg\"><\/a>\r\n                                                        <div class=\"eut-bg-dark eut-hover-overlay eut-opacity-40\"><\/div>\r\n                            <img loading=\"lazy\" decoding=\"async\" width=\"560\" height=\"560\" src=\"https:\/\/www.janvogler.com\/en-us\/wp-content\/uploads\/sites\/2\/2019\/09\/13_\u00a9_Chris_Lee_XE2G5402-560x560.jpg\" class=\"attachment-fildisi-eutf-small-square size-fildisi-eutf-small-square\" alt=\"\" srcset=\"https:\/\/www.janvogler.com\/en-us\/wp-content\/uploads\/sites\/2\/2019\/09\/13_\u00a9_Chris_Lee_XE2G5402-560x560.jpg 560w, https:\/\/www.janvogler.com\/en-us\/wp-content\/uploads\/sites\/2\/2019\/09\/13_\u00a9_Chris_Lee_XE2G5402-150x150.jpg 150w, https:\/\/www.janvogler.com\/en-us\/wp-content\/uploads\/sites\/2\/2019\/09\/13_\u00a9_Chris_Lee_XE2G5402-900x900.jpg 900w\" sizes=\"auto, (max-width: 560px) 100vw, 560px\" \/>                                                    <\/figure>\r\n                    <\/div>\r\n                <\/article>\r\n\r\n            \r\n                <article id=\"media-asset-5614\" class=\"grid-item eut-isotope-item wpcptm-media-asset-item eut-image-square post-5614 media-assets type-media-assets status-publish has-post-thumbnail hentry media-assets-categories-on-stage\">\r\n                    <div class=\"eut-isotope-item-inner eut-hover-item eut-zoom-in eut-hover-style-3 eut-animated\">\r\n                        <figure class=\"eut-image-hover eut-media eut-zoom-in\">\r\n                                                            <a class=\"eut-item-url\"\r\n                                   href=\"https:\/\/www.janvogler.com\/en-us\/wp-content\/uploads\/sites\/2\/2019\/09\/14_\u00a9_Chris_Lee_XE2G5406.jpg\"\r\n                                   data-title=\"Opening of Frauenkirche Dresden with Lorin Maazel and the New York Philharmonic \u00a9 Chris Lee\"\r\n                                   data-desc=\"\"\r\n                                   data-link=\"https:\/\/www.janvogler.com\/en-us\/wp-content\/uploads\/sites\/2\/2019\/09\/14_\u00a9_Chris_Lee_XE2G5406.jpg\"><\/a>\r\n                                                        <div class=\"eut-bg-dark eut-hover-overlay eut-opacity-40\"><\/div>\r\n                            <img loading=\"lazy\" decoding=\"async\" width=\"560\" height=\"560\" src=\"https:\/\/www.janvogler.com\/en-us\/wp-content\/uploads\/sites\/2\/2019\/09\/14_\u00a9_Chris_Lee_XE2G5406-560x560.jpg\" class=\"attachment-fildisi-eutf-small-square size-fildisi-eutf-small-square\" alt=\"\" srcset=\"https:\/\/www.janvogler.com\/en-us\/wp-content\/uploads\/sites\/2\/2019\/09\/14_\u00a9_Chris_Lee_XE2G5406-560x560.jpg 560w, https:\/\/www.janvogler.com\/en-us\/wp-content\/uploads\/sites\/2\/2019\/09\/14_\u00a9_Chris_Lee_XE2G5406-150x150.jpg 150w, https:\/\/www.janvogler.com\/en-us\/wp-content\/uploads\/sites\/2\/2019\/09\/14_\u00a9_Chris_Lee_XE2G5406-900x900.jpg 900w\" sizes=\"auto, (max-width: 560px) 100vw, 560px\" \/>                                                    <\/figure>\r\n                    <\/div>\r\n                <\/article>\r\n\r\n            \r\n                <article id=\"media-asset-5616\" class=\"grid-item eut-isotope-item wpcptm-media-asset-item eut-image-square post-5616 media-assets type-media-assets status-publish has-post-thumbnail hentry media-assets-categories-on-stage\">\r\n                    <div class=\"eut-isotope-item-inner eut-hover-item eut-zoom-in eut-hover-style-3 eut-animated\">\r\n                        <figure class=\"eut-image-hover eut-media eut-zoom-in\">\r\n                                                            <a class=\"eut-item-url\"\r\n                                   href=\"https:\/\/www.janvogler.com\/en-us\/wp-content\/uploads\/sites\/2\/2019\/09\/15_\u00a9_Chris_Lee_XE2G5439.jpg\"\r\n                                   data-title=\"Opening of Frauenkirche Dresden with Lorin Maazel and the New York Philharmonic \u00a9 Chris Lee\"\r\n                                   data-desc=\"\"\r\n                                   data-link=\"https:\/\/www.janvogler.com\/en-us\/wp-content\/uploads\/sites\/2\/2019\/09\/15_\u00a9_Chris_Lee_XE2G5439.jpg\"><\/a>\r\n                                                        <div class=\"eut-bg-dark eut-hover-overlay eut-opacity-40\"><\/div>\r\n                            <img loading=\"lazy\" decoding=\"async\" width=\"560\" height=\"560\" src=\"https:\/\/www.janvogler.com\/en-us\/wp-content\/uploads\/sites\/2\/2019\/09\/15_\u00a9_Chris_Lee_XE2G5439-560x560.jpg\" class=\"attachment-fildisi-eutf-small-square size-fildisi-eutf-small-square\" alt=\"\" srcset=\"https:\/\/www.janvogler.com\/en-us\/wp-content\/uploads\/sites\/2\/2019\/09\/15_\u00a9_Chris_Lee_XE2G5439-560x560.jpg 560w, https:\/\/www.janvogler.com\/en-us\/wp-content\/uploads\/sites\/2\/2019\/09\/15_\u00a9_Chris_Lee_XE2G5439-150x150.jpg 150w, https:\/\/www.janvogler.com\/en-us\/wp-content\/uploads\/sites\/2\/2019\/09\/15_\u00a9_Chris_Lee_XE2G5439-900x900.jpg 900w\" sizes=\"auto, (max-width: 560px) 100vw, 560px\" \/>                                                    <\/figure>\r\n                    <\/div>\r\n                <\/article>\r\n\r\n            \r\n                <article id=\"media-asset-5618\" class=\"grid-item eut-isotope-item wpcptm-media-asset-item eut-image-square post-5618 media-assets type-media-assets status-publish has-post-thumbnail hentry media-assets-categories-on-stage\">\r\n                    <div class=\"eut-isotope-item-inner eut-hover-item eut-zoom-in eut-hover-style-3 eut-animated\">\r\n                        <figure class=\"eut-image-hover eut-media eut-zoom-in\">\r\n                                                            <a class=\"eut-item-url\"\r\n                                   href=\"https:\/\/www.janvogler.com\/en-us\/wp-content\/uploads\/sites\/2\/2019\/09\/16_060611killig103.jpg\"\r\n                                   data-title=\"With Christoph Eschenbach in 2011 \u00a9 Oliver Killig\"\r\n                                   data-desc=\"\"\r\n                                   data-link=\"https:\/\/www.janvogler.com\/en-us\/wp-content\/uploads\/sites\/2\/2019\/09\/16_060611killig103.jpg\"><\/a>\r\n                                                        <div class=\"eut-bg-dark eut-hover-overlay eut-opacity-40\"><\/div>\r\n                            <img loading=\"lazy\" decoding=\"async\" width=\"560\" height=\"560\" src=\"https:\/\/www.janvogler.com\/en-us\/wp-content\/uploads\/sites\/2\/2019\/09\/16_060611killig103-560x560.jpg\" class=\"attachment-fildisi-eutf-small-square size-fildisi-eutf-small-square\" alt=\"\" srcset=\"https:\/\/www.janvogler.com\/en-us\/wp-content\/uploads\/sites\/2\/2019\/09\/16_060611killig103-560x560.jpg 560w, https:\/\/www.janvogler.com\/en-us\/wp-content\/uploads\/sites\/2\/2019\/09\/16_060611killig103-150x150.jpg 150w, https:\/\/www.janvogler.com\/en-us\/wp-content\/uploads\/sites\/2\/2019\/09\/16_060611killig103-900x900.jpg 900w\" sizes=\"auto, (max-width: 560px) 100vw, 560px\" \/>                                                    <\/figure>\r\n                    <\/div>\r\n                <\/article>\r\n\r\n            \r\n                <article id=\"media-asset-5620\" class=\"grid-item eut-isotope-item wpcptm-media-asset-item eut-image-square post-5620 media-assets type-media-assets status-publish has-post-thumbnail hentry media-assets-categories-on-stage\">\r\n                    <div class=\"eut-isotope-item-inner eut-hover-item eut-zoom-in eut-hover-style-3 eut-animated\">\r\n                        <figure class=\"eut-image-hover eut-media eut-zoom-in\">\r\n                                                            <a class=\"eut-item-url\"\r\n                                   href=\"https:\/\/www.janvogler.com\/en-us\/wp-content\/uploads\/sites\/2\/2019\/09\/17_060611killig114.jpg\"\r\n                                   data-title=\"With Christoph Eschenbach in 2011 \u00a9 Oliver Killig\"\r\n                                   data-desc=\"\"\r\n                                   data-link=\"https:\/\/www.janvogler.com\/en-us\/wp-content\/uploads\/sites\/2\/2019\/09\/17_060611killig114.jpg\"><\/a>\r\n                                                        <div class=\"eut-bg-dark eut-hover-overlay eut-opacity-40\"><\/div>\r\n                            <img loading=\"lazy\" decoding=\"async\" width=\"560\" height=\"560\" src=\"https:\/\/www.janvogler.com\/en-us\/wp-content\/uploads\/sites\/2\/2019\/09\/17_060611killig114-560x560.jpg\" class=\"attachment-fildisi-eutf-small-square size-fildisi-eutf-small-square\" alt=\"\" srcset=\"https:\/\/www.janvogler.com\/en-us\/wp-content\/uploads\/sites\/2\/2019\/09\/17_060611killig114-560x560.jpg 560w, https:\/\/www.janvogler.com\/en-us\/wp-content\/uploads\/sites\/2\/2019\/09\/17_060611killig114-150x150.jpg 150w, https:\/\/www.janvogler.com\/en-us\/wp-content\/uploads\/sites\/2\/2019\/09\/17_060611killig114-900x900.jpg 900w\" sizes=\"auto, (max-width: 560px) 100vw, 560px\" \/>                                                    <\/figure>\r\n                    <\/div>\r\n                <\/article>\r\n\r\n            \r\n                <article id=\"media-asset-5622\" class=\"grid-item eut-isotope-item wpcptm-media-asset-item eut-image-square post-5622 media-assets type-media-assets status-publish has-post-thumbnail hentry media-assets-categories-on-stage\">\r\n                    <div class=\"eut-isotope-item-inner eut-hover-item eut-zoom-in eut-hover-style-3 eut-animated\">\r\n                        <figure class=\"eut-image-hover eut-media eut-zoom-in\">\r\n                                                            <a class=\"eut-item-url\"\r\n                                   href=\"https:\/\/www.janvogler.com\/en-us\/wp-content\/uploads\/sites\/2\/2019\/09\/18_060611killig121.jpg\"\r\n                                   data-title=\"With Christoph Eschenbach in 2011 \u00a9 Oliver Killig\"\r\n                                   data-desc=\"\"\r\n                                   data-link=\"https:\/\/www.janvogler.com\/en-us\/wp-content\/uploads\/sites\/2\/2019\/09\/18_060611killig121.jpg\"><\/a>\r\n                                                        <div class=\"eut-bg-dark eut-hover-overlay eut-opacity-40\"><\/div>\r\n                            <img loading=\"lazy\" decoding=\"async\" width=\"560\" height=\"560\" src=\"https:\/\/www.janvogler.com\/en-us\/wp-content\/uploads\/sites\/2\/2019\/09\/18_060611killig121-560x560.jpg\" class=\"attachment-fildisi-eutf-small-square size-fildisi-eutf-small-square\" alt=\"\" srcset=\"https:\/\/www.janvogler.com\/en-us\/wp-content\/uploads\/sites\/2\/2019\/09\/18_060611killig121-560x560.jpg 560w, https:\/\/www.janvogler.com\/en-us\/wp-content\/uploads\/sites\/2\/2019\/09\/18_060611killig121-150x150.jpg 150w, https:\/\/www.janvogler.com\/en-us\/wp-content\/uploads\/sites\/2\/2019\/09\/18_060611killig121-900x900.jpg 900w\" sizes=\"auto, (max-width: 560px) 100vw, 560px\" \/>                                                    <\/figure>\r\n                    <\/div>\r\n                <\/article>\r\n\r\n            \r\n                <article id=\"media-asset-5625\" class=\"grid-item eut-isotope-item wpcptm-media-asset-item eut-image-square post-5625 media-assets type-media-assets status-publish has-post-thumbnail hentry media-assets-categories-on-stage\">\r\n                    <div class=\"eut-isotope-item-inner eut-hover-item eut-zoom-in eut-hover-style-3 eut-animated\">\r\n                        <figure class=\"eut-image-hover eut-media eut-zoom-in\">\r\n                                                            <a class=\"eut-item-url\"\r\n                                   href=\"https:\/\/www.janvogler.com\/en-us\/wp-content\/uploads\/sites\/2\/2019\/09\/19_060611killig129.jpg\"\r\n                                   data-title=\"With Christoph Eschenbach in 2011 \u00a9 Oliver Killig\"\r\n                                   data-desc=\"\"\r\n                                   data-link=\"https:\/\/www.janvogler.com\/en-us\/wp-content\/uploads\/sites\/2\/2019\/09\/19_060611killig129.jpg\"><\/a>\r\n                                                        <div class=\"eut-bg-dark eut-hover-overlay eut-opacity-40\"><\/div>\r\n                            <img loading=\"lazy\" decoding=\"async\" width=\"560\" height=\"560\" src=\"https:\/\/www.janvogler.com\/en-us\/wp-content\/uploads\/sites\/2\/2019\/09\/19_060611killig129-560x560.jpg\" class=\"attachment-fildisi-eutf-small-square size-fildisi-eutf-small-square\" alt=\"\" srcset=\"https:\/\/www.janvogler.com\/en-us\/wp-content\/uploads\/sites\/2\/2019\/09\/19_060611killig129-560x560.jpg 560w, https:\/\/www.janvogler.com\/en-us\/wp-content\/uploads\/sites\/2\/2019\/09\/19_060611killig129-150x150.jpg 150w, https:\/\/www.janvogler.com\/en-us\/wp-content\/uploads\/sites\/2\/2019\/09\/19_060611killig129-900x900.jpg 900w\" sizes=\"auto, (max-width: 560px) 100vw, 560px\" \/>                                                    <\/figure>\r\n                    <\/div>\r\n                <\/article>\r\n\r\n            \r\n                <article id=\"media-asset-5632\" class=\"grid-item eut-isotope-item wpcptm-media-asset-item eut-image-square post-5632 media-assets type-media-assets status-publish has-post-thumbnail hentry media-assets-categories-on-stage\">\r\n                    <div class=\"eut-isotope-item-inner eut-hover-item eut-zoom-in eut-hover-style-3 eut-animated\">\r\n                        <figure class=\"eut-image-hover eut-media eut-zoom-in\">\r\n                                                            <a class=\"eut-item-url\"\r\n                                   href=\"https:\/\/www.janvogler.com\/en-us\/wp-content\/uploads\/sites\/2\/2019\/09\/20_240513killig200.jpg\"\r\n                                   data-title=\"With Kent Nagano after &#8216;Don Quichotte&#8217; \u00a9 Oliver Killig\"\r\n                                   data-desc=\"\"\r\n                                   data-link=\"https:\/\/www.janvogler.com\/en-us\/wp-content\/uploads\/sites\/2\/2019\/09\/20_240513killig200.jpg\"><\/a>\r\n                                                        <div class=\"eut-bg-dark eut-hover-overlay eut-opacity-40\"><\/div>\r\n                            <img loading=\"lazy\" decoding=\"async\" width=\"560\" height=\"560\" src=\"https:\/\/www.janvogler.com\/en-us\/wp-content\/uploads\/sites\/2\/2019\/09\/20_240513killig200-560x560.jpg\" class=\"attachment-fildisi-eutf-small-square size-fildisi-eutf-small-square\" alt=\"\" srcset=\"https:\/\/www.janvogler.com\/en-us\/wp-content\/uploads\/sites\/2\/2019\/09\/20_240513killig200-560x560.jpg 560w, https:\/\/www.janvogler.com\/en-us\/wp-content\/uploads\/sites\/2\/2019\/09\/20_240513killig200-150x150.jpg 150w, https:\/\/www.janvogler.com\/en-us\/wp-content\/uploads\/sites\/2\/2019\/09\/20_240513killig200-900x900.jpg 900w\" sizes=\"auto, (max-width: 560px) 100vw, 560px\" \/>                                                    <\/figure>\r\n                    <\/div>\r\n                <\/article>\r\n\r\n            \r\n                <article id=\"media-asset-5634\" class=\"grid-item eut-isotope-item wpcptm-media-asset-item eut-image-square post-5634 media-assets type-media-assets status-publish has-post-thumbnail hentry media-assets-categories-on-stage\">\r\n                    <div class=\"eut-isotope-item-inner eut-hover-item eut-zoom-in eut-hover-style-3 eut-animated\">\r\n                        <figure class=\"eut-image-hover eut-media eut-zoom-in\">\r\n                                                            <a class=\"eut-item-url\"\r\n                                   href=\"https:\/\/www.janvogler.com\/en-us\/wp-content\/uploads\/sites\/2\/2019\/09\/23_250514killig417_1-1.jpg\"\r\n                                   data-title=\"With Mark Morris Dance Company in Dresden performing &#8220;Falling Down Stairs&#8221; \u00a9 Oliver Killig\"\r\n                                   data-desc=\"\"\r\n                                   data-link=\"https:\/\/www.janvogler.com\/en-us\/wp-content\/uploads\/sites\/2\/2019\/09\/23_250514killig417_1-1.jpg\"><\/a>\r\n                                                        <div class=\"eut-bg-dark eut-hover-overlay eut-opacity-40\"><\/div>\r\n                            <img loading=\"lazy\" decoding=\"async\" width=\"560\" height=\"560\" src=\"https:\/\/www.janvogler.com\/en-us\/wp-content\/uploads\/sites\/2\/2019\/09\/23_250514killig417_1-1-560x560.jpg\" class=\"attachment-fildisi-eutf-small-square size-fildisi-eutf-small-square\" alt=\"\" srcset=\"https:\/\/www.janvogler.com\/en-us\/wp-content\/uploads\/sites\/2\/2019\/09\/23_250514killig417_1-1-560x560.jpg 560w, https:\/\/www.janvogler.com\/en-us\/wp-content\/uploads\/sites\/2\/2019\/09\/23_250514killig417_1-1-150x150.jpg 150w, https:\/\/www.janvogler.com\/en-us\/wp-content\/uploads\/sites\/2\/2019\/09\/23_250514killig417_1-1-900x900.jpg 900w\" sizes=\"auto, (max-width: 560px) 100vw, 560px\" \/>                                                    <\/figure>\r\n                    <\/div>\r\n                <\/article>\r\n\r\n            \r\n                <article id=\"media-asset-5636\" class=\"grid-item eut-isotope-item wpcptm-media-asset-item eut-image-square post-5636 media-assets type-media-assets status-publish has-post-thumbnail hentry media-assets-categories-on-stage\">\r\n                    <div class=\"eut-isotope-item-inner eut-hover-item eut-zoom-in eut-hover-style-3 eut-animated\">\r\n                        <figure class=\"eut-image-hover eut-media eut-zoom-in\">\r\n                                                            <a class=\"eut-item-url\"\r\n                                   href=\"https:\/\/www.janvogler.com\/en-us\/wp-content\/uploads\/sites\/2\/2019\/09\/26_251015killig013-med.jpg\"\r\n                                   data-title=\"German premiere of Wolfgang Rihm&#8217;s Double Concerto. With Mira Wang and Wolfgang Rihm. \u00a9 Oliver Killig\"\r\n                                   data-desc=\"\"\r\n                                   data-link=\"https:\/\/www.janvogler.com\/en-us\/wp-content\/uploads\/sites\/2\/2019\/09\/26_251015killig013-med.jpg\"><\/a>\r\n                                                        <div class=\"eut-bg-dark eut-hover-overlay eut-opacity-40\"><\/div>\r\n                            <img loading=\"lazy\" decoding=\"async\" width=\"560\" height=\"560\" src=\"https:\/\/www.janvogler.com\/en-us\/wp-content\/uploads\/sites\/2\/2019\/09\/26_251015killig013-med-560x560.jpg\" class=\"attachment-fildisi-eutf-small-square size-fildisi-eutf-small-square\" alt=\"\" srcset=\"https:\/\/www.janvogler.com\/en-us\/wp-content\/uploads\/sites\/2\/2019\/09\/26_251015killig013-med-560x560.jpg 560w, https:\/\/www.janvogler.com\/en-us\/wp-content\/uploads\/sites\/2\/2019\/09\/26_251015killig013-med-150x150.jpg 150w\" sizes=\"auto, (max-width: 560px) 100vw, 560px\" \/>                                                    <\/figure>\r\n                    <\/div>\r\n                <\/article>\r\n\r\n            \r\n                <article id=\"media-asset-5638\" class=\"grid-item eut-isotope-item wpcptm-media-asset-item eut-image-square post-5638 media-assets type-media-assets status-publish has-post-thumbnail hentry media-assets-categories-on-stage\">\r\n                    <div class=\"eut-isotope-item-inner eut-hover-item eut-zoom-in eut-hover-style-3 eut-animated\">\r\n                        <figure class=\"eut-image-hover eut-media eut-zoom-in\">\r\n                                                            <a class=\"eut-item-url\"\r\n                                   href=\"https:\/\/www.janvogler.com\/en-us\/wp-content\/uploads\/sites\/2\/2019\/09\/27_251015killig020.jpg\"\r\n                                   data-title=\"German premiere of Wolfgang Rihm&#8217;s Double Concerto. With Mira Wang. \u00a9 Oliver Killig\"\r\n                                   data-desc=\"\"\r\n                                   data-link=\"https:\/\/www.janvogler.com\/en-us\/wp-content\/uploads\/sites\/2\/2019\/09\/27_251015killig020.jpg\"><\/a>\r\n                                                        <div class=\"eut-bg-dark eut-hover-overlay eut-opacity-40\"><\/div>\r\n                            <img loading=\"lazy\" decoding=\"async\" width=\"560\" height=\"560\" src=\"https:\/\/www.janvogler.com\/en-us\/wp-content\/uploads\/sites\/2\/2019\/09\/27_251015killig020-560x560.jpg\" class=\"attachment-fildisi-eutf-small-square size-fildisi-eutf-small-square\" alt=\"\" srcset=\"https:\/\/www.janvogler.com\/en-us\/wp-content\/uploads\/sites\/2\/2019\/09\/27_251015killig020-560x560.jpg 560w, https:\/\/www.janvogler.com\/en-us\/wp-content\/uploads\/sites\/2\/2019\/09\/27_251015killig020-150x150.jpg 150w, https:\/\/www.janvogler.com\/en-us\/wp-content\/uploads\/sites\/2\/2019\/09\/27_251015killig020-900x900.jpg 900w\" sizes=\"auto, (max-width: 560px) 100vw, 560px\" \/>                                                    <\/figure>\r\n                    <\/div>\r\n                <\/article>\r\n\r\n            \r\n                <article id=\"media-asset-5640\" class=\"grid-item eut-isotope-item wpcptm-media-asset-item eut-image-square post-5640 media-assets type-media-assets status-publish has-post-thumbnail hentry media-assets-categories-on-stage\">\r\n                    <div class=\"eut-isotope-item-inner eut-hover-item eut-zoom-in eut-hover-style-3 eut-animated\">\r\n                        <figure class=\"eut-image-hover eut-media eut-zoom-in\">\r\n                                                            <a class=\"eut-item-url\"\r\n                                   href=\"https:\/\/www.janvogler.com\/en-us\/wp-content\/uploads\/sites\/2\/2019\/09\/28_280512killig001.jpg\"\r\n                                   data-title=\"With Valery Gergiev, Dresden 2012 \u00a9 Oliver Killig\"\r\n                                   data-desc=\"\"\r\n                                   data-link=\"https:\/\/www.janvogler.com\/en-us\/wp-content\/uploads\/sites\/2\/2019\/09\/28_280512killig001.jpg\"><\/a>\r\n                                                        <div class=\"eut-bg-dark eut-hover-overlay eut-opacity-40\"><\/div>\r\n                            <img loading=\"lazy\" decoding=\"async\" width=\"560\" height=\"560\" src=\"https:\/\/www.janvogler.com\/en-us\/wp-content\/uploads\/sites\/2\/2019\/09\/28_280512killig001-560x560.jpg\" class=\"attachment-fildisi-eutf-small-square size-fildisi-eutf-small-square\" alt=\"\" srcset=\"https:\/\/www.janvogler.com\/en-us\/wp-content\/uploads\/sites\/2\/2019\/09\/28_280512killig001-560x560.jpg 560w, https:\/\/www.janvogler.com\/en-us\/wp-content\/uploads\/sites\/2\/2019\/09\/28_280512killig001-150x150.jpg 150w, https:\/\/www.janvogler.com\/en-us\/wp-content\/uploads\/sites\/2\/2019\/09\/28_280512killig001-900x900.jpg 900w\" sizes=\"auto, (max-width: 560px) 100vw, 560px\" \/>                                                    <\/figure>\r\n                    <\/div>\r\n                <\/article>\r\n\r\n            \r\n                <article id=\"media-asset-5642\" class=\"grid-item eut-isotope-item wpcptm-media-asset-item eut-image-square post-5642 media-assets type-media-assets status-publish has-post-thumbnail hentry media-assets-categories-on-stage\">\r\n                    <div class=\"eut-isotope-item-inner eut-hover-item eut-zoom-in eut-hover-style-3 eut-animated\">\r\n                        <figure class=\"eut-image-hover eut-media eut-zoom-in\">\r\n                                                            <a class=\"eut-item-url\"\r\n                                   href=\"https:\/\/www.janvogler.com\/en-us\/wp-content\/uploads\/sites\/2\/2019\/09\/29_280512killig002.jpg\"\r\n                                   data-title=\"With Valery Gergiev, Dresden 2012 \u00a9 Oliver Killig\"\r\n                                   data-desc=\"\"\r\n                                   data-link=\"https:\/\/www.janvogler.com\/en-us\/wp-content\/uploads\/sites\/2\/2019\/09\/29_280512killig002.jpg\"><\/a>\r\n                                                        <div class=\"eut-bg-dark eut-hover-overlay eut-opacity-40\"><\/div>\r\n                            <img loading=\"lazy\" decoding=\"async\" width=\"560\" height=\"560\" src=\"https:\/\/www.janvogler.com\/en-us\/wp-content\/uploads\/sites\/2\/2019\/09\/29_280512killig002-560x560.jpg\" class=\"attachment-fildisi-eutf-small-square size-fildisi-eutf-small-square\" alt=\"\" srcset=\"https:\/\/www.janvogler.com\/en-us\/wp-content\/uploads\/sites\/2\/2019\/09\/29_280512killig002-560x560.jpg 560w, https:\/\/www.janvogler.com\/en-us\/wp-content\/uploads\/sites\/2\/2019\/09\/29_280512killig002-150x150.jpg 150w, https:\/\/www.janvogler.com\/en-us\/wp-content\/uploads\/sites\/2\/2019\/09\/29_280512killig002-900x900.jpg 900w\" sizes=\"auto, (max-width: 560px) 100vw, 560px\" \/>                                                    <\/figure>\r\n                    <\/div>\r\n                <\/article>\r\n\r\n            \r\n                <article id=\"media-asset-5644\" class=\"grid-item eut-isotope-item wpcptm-media-asset-item eut-image-square post-5644 media-assets type-media-assets status-publish has-post-thumbnail hentry media-assets-categories-on-stage\">\r\n                    <div class=\"eut-isotope-item-inner eut-hover-item eut-zoom-in eut-hover-style-3 eut-animated\">\r\n                        <figure class=\"eut-image-hover eut-media eut-zoom-in\">\r\n                                                            <a class=\"eut-item-url\"\r\n                                   href=\"https:\/\/www.janvogler.com\/en-us\/wp-content\/uploads\/sites\/2\/2019\/09\/30_280512killig003-crop.jpg\"\r\n                                   data-title=\"With Valery Gergiev, Dresden 2012 \u00a9 Oliver Killig\"\r\n                                   data-desc=\"\"\r\n                                   data-link=\"https:\/\/www.janvogler.com\/en-us\/wp-content\/uploads\/sites\/2\/2019\/09\/30_280512killig003-crop.jpg\"><\/a>\r\n                                                        <div class=\"eut-bg-dark eut-hover-overlay eut-opacity-40\"><\/div>\r\n                            <img loading=\"lazy\" decoding=\"async\" width=\"560\" height=\"560\" src=\"https:\/\/www.janvogler.com\/en-us\/wp-content\/uploads\/sites\/2\/2019\/09\/30_280512killig003-crop-560x560.jpg\" class=\"attachment-fildisi-eutf-small-square size-fildisi-eutf-small-square\" alt=\"\" srcset=\"https:\/\/www.janvogler.com\/en-us\/wp-content\/uploads\/sites\/2\/2019\/09\/30_280512killig003-crop-560x560.jpg 560w, https:\/\/www.janvogler.com\/en-us\/wp-content\/uploads\/sites\/2\/2019\/09\/30_280512killig003-crop-150x150.jpg 150w, https:\/\/www.janvogler.com\/en-us\/wp-content\/uploads\/sites\/2\/2019\/09\/30_280512killig003-crop-900x900.jpg 900w\" sizes=\"auto, (max-width: 560px) 100vw, 560px\" \/>                                                    <\/figure>\r\n                    <\/div>\r\n                <\/article>\r\n\r\n            \r\n                <article id=\"media-asset-5646\" class=\"grid-item eut-isotope-item wpcptm-media-asset-item eut-image-square post-5646 media-assets type-media-assets status-publish has-post-thumbnail hentry media-assets-categories-on-stage\">\r\n                    <div class=\"eut-isotope-item-inner eut-hover-item eut-zoom-in eut-hover-style-3 eut-animated\">\r\n                        <figure class=\"eut-image-hover eut-media eut-zoom-in\">\r\n                                                            <a class=\"eut-item-url\"\r\n                                   href=\"https:\/\/www.janvogler.com\/en-us\/wp-content\/uploads\/sites\/2\/2019\/09\/31_280512killig008.jpg\"\r\n                                   data-title=\"With Valery Gergiev, Dresden 2012 \u00a9 Oliver Killig\"\r\n                                   data-desc=\"\"\r\n                                   data-link=\"https:\/\/www.janvogler.com\/en-us\/wp-content\/uploads\/sites\/2\/2019\/09\/31_280512killig008.jpg\"><\/a>\r\n                                                        <div class=\"eut-bg-dark eut-hover-overlay eut-opacity-40\"><\/div>\r\n                            <img loading=\"lazy\" decoding=\"async\" width=\"560\" height=\"560\" src=\"https:\/\/www.janvogler.com\/en-us\/wp-content\/uploads\/sites\/2\/2019\/09\/31_280512killig008-560x560.jpg\" class=\"attachment-fildisi-eutf-small-square size-fildisi-eutf-small-square\" alt=\"\" srcset=\"https:\/\/www.janvogler.com\/en-us\/wp-content\/uploads\/sites\/2\/2019\/09\/31_280512killig008-560x560.jpg 560w, https:\/\/www.janvogler.com\/en-us\/wp-content\/uploads\/sites\/2\/2019\/09\/31_280512killig008-150x150.jpg 150w, https:\/\/www.janvogler.com\/en-us\/wp-content\/uploads\/sites\/2\/2019\/09\/31_280512killig008-900x900.jpg 900w\" sizes=\"auto, (max-width: 560px) 100vw, 560px\" \/>                                                    <\/figure>\r\n                    <\/div>\r\n                <\/article>\r\n\r\n            \r\n                <article id=\"media-asset-5648\" class=\"grid-item eut-isotope-item wpcptm-media-asset-item eut-image-square post-5648 media-assets type-media-assets status-publish has-post-thumbnail hentry media-assets-categories-on-stage\">\r\n                    <div class=\"eut-isotope-item-inner eut-hover-item eut-zoom-in eut-hover-style-3 eut-animated\">\r\n                        <figure class=\"eut-image-hover eut-media eut-zoom-in\">\r\n                                                            <a class=\"eut-item-url\"\r\n                                   href=\"https:\/\/www.janvogler.com\/en-us\/wp-content\/uploads\/sites\/2\/2019\/09\/32_280512killig013.jpg\"\r\n                                   data-title=\"With Valery Gergiev, Dresden 2012 \u00a9 Oliver Killig\"\r\n                                   data-desc=\"\"\r\n                                   data-link=\"https:\/\/www.janvogler.com\/en-us\/wp-content\/uploads\/sites\/2\/2019\/09\/32_280512killig013.jpg\"><\/a>\r\n                                                        <div class=\"eut-bg-dark eut-hover-overlay eut-opacity-40\"><\/div>\r\n                            <img loading=\"lazy\" decoding=\"async\" width=\"560\" height=\"560\" src=\"https:\/\/www.janvogler.com\/en-us\/wp-content\/uploads\/sites\/2\/2019\/09\/32_280512killig013-560x560.jpg\" class=\"attachment-fildisi-eutf-small-square size-fildisi-eutf-small-square\" alt=\"\" srcset=\"https:\/\/www.janvogler.com\/en-us\/wp-content\/uploads\/sites\/2\/2019\/09\/32_280512killig013-560x560.jpg 560w, https:\/\/www.janvogler.com\/en-us\/wp-content\/uploads\/sites\/2\/2019\/09\/32_280512killig013-150x150.jpg 150w, https:\/\/www.janvogler.com\/en-us\/wp-content\/uploads\/sites\/2\/2019\/09\/32_280512killig013-900x900.jpg 900w\" sizes=\"auto, (max-width: 560px) 100vw, 560px\" \/>                                                    <\/figure>\r\n                    <\/div>\r\n                <\/article>\r\n\r\n            \r\n                <article id=\"media-asset-5650\" class=\"grid-item eut-isotope-item wpcptm-media-asset-item eut-image-square post-5650 media-assets type-media-assets status-publish has-post-thumbnail hentry media-assets-categories-on-stage\">\r\n                    <div class=\"eut-isotope-item-inner eut-hover-item eut-zoom-in eut-hover-style-3 eut-animated\">\r\n                        <figure class=\"eut-image-hover eut-media eut-zoom-in\">\r\n                                                            <a class=\"eut-item-url\"\r\n                                   href=\"https:\/\/www.janvogler.com\/en-us\/wp-content\/uploads\/sites\/2\/2019\/09\/33_280512killig0081.jpg\"\r\n                                   data-title=\"With Valery Gergiev, Dresden 2012 \u00a9 Oliver Killig\"\r\n                                   data-desc=\"\"\r\n                                   data-link=\"https:\/\/www.janvogler.com\/en-us\/wp-content\/uploads\/sites\/2\/2019\/09\/33_280512killig0081.jpg\"><\/a>\r\n                                                        <div class=\"eut-bg-dark eut-hover-overlay eut-opacity-40\"><\/div>\r\n                            <img loading=\"lazy\" decoding=\"async\" width=\"560\" height=\"560\" src=\"https:\/\/www.janvogler.com\/en-us\/wp-content\/uploads\/sites\/2\/2019\/09\/33_280512killig0081-560x560.jpg\" class=\"attachment-fildisi-eutf-small-square size-fildisi-eutf-small-square\" alt=\"\" srcset=\"https:\/\/www.janvogler.com\/en-us\/wp-content\/uploads\/sites\/2\/2019\/09\/33_280512killig0081-560x560.jpg 560w, https:\/\/www.janvogler.com\/en-us\/wp-content\/uploads\/sites\/2\/2019\/09\/33_280512killig0081-150x150.jpg 150w, https:\/\/www.janvogler.com\/en-us\/wp-content\/uploads\/sites\/2\/2019\/09\/33_280512killig0081-900x900.jpg 900w\" sizes=\"auto, (max-width: 560px) 100vw, 560px\" \/>                                                    <\/figure>\r\n                    <\/div>\r\n                <\/article>\r\n\r\n            \r\n                <article id=\"media-asset-5652\" class=\"grid-item eut-isotope-item wpcptm-media-asset-item eut-image-square post-5652 media-assets type-media-assets status-publish has-post-thumbnail hentry media-assets-categories-off-stage\">\r\n                    <div class=\"eut-isotope-item-inner eut-hover-item eut-zoom-in eut-hover-style-3 eut-animated\">\r\n                        <figure class=\"eut-image-hover eut-media eut-zoom-in\">\r\n                                                            <a class=\"eut-item-url\"\r\n                                   href=\"https:\/\/www.janvogler.com\/en-us\/wp-content\/uploads\/sites\/2\/2019\/09\/34_DMF-MBader-2835.jpg\"\r\n                                   data-title=\"With Bill Murray in Dresden \u00a9MBader\"\r\n                                   data-desc=\"\"\r\n                                   data-link=\"https:\/\/www.janvogler.com\/en-us\/wp-content\/uploads\/sites\/2\/2019\/09\/34_DMF-MBader-2835.jpg\"><\/a>\r\n                                                        <div class=\"eut-bg-dark eut-hover-overlay eut-opacity-40\"><\/div>\r\n                            <img loading=\"lazy\" decoding=\"async\" width=\"560\" height=\"560\" src=\"https:\/\/www.janvogler.com\/en-us\/wp-content\/uploads\/sites\/2\/2019\/09\/34_DMF-MBader-2835-560x560.jpg\" class=\"attachment-fildisi-eutf-small-square size-fildisi-eutf-small-square\" alt=\"\" srcset=\"https:\/\/www.janvogler.com\/en-us\/wp-content\/uploads\/sites\/2\/2019\/09\/34_DMF-MBader-2835-560x560.jpg 560w, https:\/\/www.janvogler.com\/en-us\/wp-content\/uploads\/sites\/2\/2019\/09\/34_DMF-MBader-2835-150x150.jpg 150w, https:\/\/www.janvogler.com\/en-us\/wp-content\/uploads\/sites\/2\/2019\/09\/34_DMF-MBader-2835-900x900.jpg 900w\" sizes=\"auto, (max-width: 560px) 100vw, 560px\" \/>                                                    <\/figure>\r\n                    <\/div>\r\n                <\/article>\r\n\r\n            \r\n                <article id=\"media-asset-5655\" class=\"grid-item eut-isotope-item wpcptm-media-asset-item eut-image-square post-5655 media-assets type-media-assets status-publish has-post-thumbnail hentry media-assets-categories-off-stage\">\r\n                    <div class=\"eut-isotope-item-inner eut-hover-item eut-zoom-in eut-hover-style-3 eut-animated\">\r\n                        <figure class=\"eut-image-hover eut-media eut-zoom-in\">\r\n                                                            <a class=\"eut-item-url\"\r\n                                   href=\"https:\/\/www.janvogler.com\/en-us\/wp-content\/uploads\/sites\/2\/2019\/09\/36_DMF-MBader-3435.jpg\"\r\n                                   data-title=\"With Bill Murray and the Volkswagen Representatives in Dresden \u00a9MBader\"\r\n                                   data-desc=\"\"\r\n                                   data-link=\"https:\/\/www.janvogler.com\/en-us\/wp-content\/uploads\/sites\/2\/2019\/09\/36_DMF-MBader-3435.jpg\"><\/a>\r\n                                                        <div class=\"eut-bg-dark eut-hover-overlay eut-opacity-40\"><\/div>\r\n                            <img loading=\"lazy\" decoding=\"async\" width=\"560\" height=\"560\" src=\"https:\/\/www.janvogler.com\/en-us\/wp-content\/uploads\/sites\/2\/2019\/09\/36_DMF-MBader-3435-560x560.jpg\" class=\"attachment-fildisi-eutf-small-square size-fildisi-eutf-small-square\" alt=\"\" srcset=\"https:\/\/www.janvogler.com\/en-us\/wp-content\/uploads\/sites\/2\/2019\/09\/36_DMF-MBader-3435-560x560.jpg 560w, https:\/\/www.janvogler.com\/en-us\/wp-content\/uploads\/sites\/2\/2019\/09\/36_DMF-MBader-3435-150x150.jpg 150w, https:\/\/www.janvogler.com\/en-us\/wp-content\/uploads\/sites\/2\/2019\/09\/36_DMF-MBader-3435-900x900.jpg 900w\" sizes=\"auto, (max-width: 560px) 100vw, 560px\" \/>                                                    <\/figure>\r\n                    <\/div>\r\n                <\/article>\r\n\r\n            \r\n                <article id=\"media-asset-5657\" class=\"grid-item eut-isotope-item wpcptm-media-asset-item eut-image-square post-5657 media-assets type-media-assets status-publish has-post-thumbnail hentry media-assets-categories-off-stage\">\r\n                    <div class=\"eut-isotope-item-inner eut-hover-item eut-zoom-in eut-hover-style-3 eut-animated\">\r\n                        <figure class=\"eut-image-hover eut-media eut-zoom-in\">\r\n                                                            <a class=\"eut-item-url\"\r\n                                   href=\"https:\/\/www.janvogler.com\/en-us\/wp-content\/uploads\/sites\/2\/2019\/09\/37_DMF-MBader-3449.jpg\"\r\n                                   data-title=\"With Bill Murray in Dresden @MBader\"\r\n                                   data-desc=\"\"\r\n                                   data-link=\"https:\/\/www.janvogler.com\/en-us\/wp-content\/uploads\/sites\/2\/2019\/09\/37_DMF-MBader-3449.jpg\"><\/a>\r\n                                                        <div class=\"eut-bg-dark eut-hover-overlay eut-opacity-40\"><\/div>\r\n                            <img loading=\"lazy\" decoding=\"async\" width=\"560\" height=\"560\" src=\"https:\/\/www.janvogler.com\/en-us\/wp-content\/uploads\/sites\/2\/2019\/09\/37_DMF-MBader-3449-560x560.jpg\" class=\"attachment-fildisi-eutf-small-square size-fildisi-eutf-small-square\" alt=\"\" srcset=\"https:\/\/www.janvogler.com\/en-us\/wp-content\/uploads\/sites\/2\/2019\/09\/37_DMF-MBader-3449-560x560.jpg 560w, https:\/\/www.janvogler.com\/en-us\/wp-content\/uploads\/sites\/2\/2019\/09\/37_DMF-MBader-3449-150x150.jpg 150w, https:\/\/www.janvogler.com\/en-us\/wp-content\/uploads\/sites\/2\/2019\/09\/37_DMF-MBader-3449-900x900.jpg 900w\" sizes=\"auto, (max-width: 560px) 100vw, 560px\" \/>                                                    <\/figure>\r\n                    <\/div>\r\n                <\/article>\r\n\r\n            \r\n                <article id=\"media-asset-5659\" class=\"grid-item eut-isotope-item wpcptm-media-asset-item eut-image-square post-5659 media-assets type-media-assets status-publish has-post-thumbnail hentry media-assets-categories-on-stage\">\r\n                    <div class=\"eut-isotope-item-inner eut-hover-item eut-zoom-in eut-hover-style-3 eut-animated\">\r\n                        <figure class=\"eut-image-hover eut-media eut-zoom-in\">\r\n                                                            <a class=\"eut-item-url\"\r\n                                   href=\"https:\/\/www.janvogler.com\/en-us\/wp-content\/uploads\/sites\/2\/2019\/09\/38_Geburtstagskonzert-Heinrich-Schiff-2-c-Sonja-Werner.jpg\"\r\n                                   data-title=\"60th Birthday Concert for Heinrich Schiff with Christian Polt\u00e9ra \u00a9 Sonja Werner\"\r\n                                   data-desc=\"\"\r\n                                   data-link=\"https:\/\/www.janvogler.com\/en-us\/wp-content\/uploads\/sites\/2\/2019\/09\/38_Geburtstagskonzert-Heinrich-Schiff-2-c-Sonja-Werner.jpg\"><\/a>\r\n                                                        <div class=\"eut-bg-dark eut-hover-overlay eut-opacity-40\"><\/div>\r\n                            <img loading=\"lazy\" decoding=\"async\" width=\"560\" height=\"560\" src=\"https:\/\/www.janvogler.com\/en-us\/wp-content\/uploads\/sites\/2\/2019\/09\/38_Geburtstagskonzert-Heinrich-Schiff-2-c-Sonja-Werner-560x560.jpg\" class=\"attachment-fildisi-eutf-small-square size-fildisi-eutf-small-square\" alt=\"\" srcset=\"https:\/\/www.janvogler.com\/en-us\/wp-content\/uploads\/sites\/2\/2019\/09\/38_Geburtstagskonzert-Heinrich-Schiff-2-c-Sonja-Werner-560x560.jpg 560w, https:\/\/www.janvogler.com\/en-us\/wp-content\/uploads\/sites\/2\/2019\/09\/38_Geburtstagskonzert-Heinrich-Schiff-2-c-Sonja-Werner-150x150.jpg 150w, https:\/\/www.janvogler.com\/en-us\/wp-content\/uploads\/sites\/2\/2019\/09\/38_Geburtstagskonzert-Heinrich-Schiff-2-c-Sonja-Werner-900x900.jpg 900w\" sizes=\"auto, (max-width: 560px) 100vw, 560px\" \/>                                                    <\/figure>\r\n                    <\/div>\r\n                <\/article>\r\n\r\n            \r\n                <article id=\"media-asset-5661\" class=\"grid-item eut-isotope-item wpcptm-media-asset-item eut-image-square post-5661 media-assets type-media-assets status-publish has-post-thumbnail hentry media-assets-categories-on-stage\">\r\n                    <div class=\"eut-isotope-item-inner eut-hover-item eut-zoom-in eut-hover-style-3 eut-animated\">\r\n                        <figure class=\"eut-image-hover eut-media eut-zoom-in\">\r\n                                                            <a class=\"eut-item-url\"\r\n                                   href=\"https:\/\/www.janvogler.com\/en-us\/wp-content\/uploads\/sites\/2\/2019\/09\/39_Geburtstagskonzert-Heinrich-Schiff-3-c-Sonja-Werner.jpg\"\r\n                                   data-title=\"60th Birthday Concert for Heinrich Schiff with Christian Polt\u00e9ra \u00a9 Sonja Werner\"\r\n                                   data-desc=\"\"\r\n                                   data-link=\"https:\/\/www.janvogler.com\/en-us\/wp-content\/uploads\/sites\/2\/2019\/09\/39_Geburtstagskonzert-Heinrich-Schiff-3-c-Sonja-Werner.jpg\"><\/a>\r\n                                                        <div class=\"eut-bg-dark eut-hover-overlay eut-opacity-40\"><\/div>\r\n                            <img loading=\"lazy\" decoding=\"async\" width=\"560\" height=\"560\" src=\"https:\/\/www.janvogler.com\/en-us\/wp-content\/uploads\/sites\/2\/2019\/09\/39_Geburtstagskonzert-Heinrich-Schiff-3-c-Sonja-Werner-560x560.jpg\" class=\"attachment-fildisi-eutf-small-square size-fildisi-eutf-small-square\" alt=\"\" srcset=\"https:\/\/www.janvogler.com\/en-us\/wp-content\/uploads\/sites\/2\/2019\/09\/39_Geburtstagskonzert-Heinrich-Schiff-3-c-Sonja-Werner-560x560.jpg 560w, https:\/\/www.janvogler.com\/en-us\/wp-content\/uploads\/sites\/2\/2019\/09\/39_Geburtstagskonzert-Heinrich-Schiff-3-c-Sonja-Werner-150x150.jpg 150w, https:\/\/www.janvogler.com\/en-us\/wp-content\/uploads\/sites\/2\/2019\/09\/39_Geburtstagskonzert-Heinrich-Schiff-3-c-Sonja-Werner-900x900.jpg 900w\" sizes=\"auto, (max-width: 560px) 100vw, 560px\" \/>                                                    <\/figure>\r\n                    <\/div>\r\n                <\/article>\r\n\r\n            \r\n                <article id=\"media-asset-5663\" class=\"grid-item eut-isotope-item wpcptm-media-asset-item eut-image-square post-5663 media-assets type-media-assets status-publish has-post-thumbnail hentry media-assets-categories-off-stage\">\r\n                    <div class=\"eut-isotope-item-inner eut-hover-item eut-zoom-in eut-hover-style-3 eut-animated\">\r\n                        <figure class=\"eut-image-hover eut-media eut-zoom-in\">\r\n                                                            <a class=\"eut-item-url\"\r\n                                   href=\"https:\/\/www.janvogler.com\/en-us\/wp-content\/uploads\/sites\/2\/2019\/09\/40_Heinr-Ka\u0308stnerpreis-020-med.jpg\"\r\n                                   data-title=\"after Kaestner Award\"\r\n                                   data-desc=\"\"\r\n                                   data-link=\"https:\/\/www.janvogler.com\/en-us\/wp-content\/uploads\/sites\/2\/2019\/09\/40_Heinr-Ka\u0308stnerpreis-020-med.jpg\"><\/a>\r\n                                                        <div class=\"eut-bg-dark eut-hover-overlay eut-opacity-40\"><\/div>\r\n                            <img loading=\"lazy\" decoding=\"async\" width=\"560\" height=\"560\" src=\"https:\/\/www.janvogler.com\/en-us\/wp-content\/uploads\/sites\/2\/2019\/09\/40_Heinr-Ka\u0308stnerpreis-020-med-560x560.jpg\" class=\"attachment-fildisi-eutf-small-square size-fildisi-eutf-small-square\" alt=\"\" srcset=\"https:\/\/www.janvogler.com\/en-us\/wp-content\/uploads\/sites\/2\/2019\/09\/40_Heinr-Ka\u0308stnerpreis-020-med-560x560.jpg 560w, https:\/\/www.janvogler.com\/en-us\/wp-content\/uploads\/sites\/2\/2019\/09\/40_Heinr-Ka\u0308stnerpreis-020-med-150x150.jpg 150w\" sizes=\"auto, (max-width: 560px) 100vw, 560px\" \/>                                                    <\/figure>\r\n                    <\/div>\r\n                <\/article>\r\n\r\n            \r\n                <article id=\"media-asset-5665\" class=\"grid-item eut-isotope-item wpcptm-media-asset-item eut-image-square post-5665 media-assets type-media-assets status-publish has-post-thumbnail hentry media-assets-categories-on-stage\">\r\n                    <div class=\"eut-isotope-item-inner eut-hover-item eut-zoom-in eut-hover-style-3 eut-animated\">\r\n                        <figure class=\"eut-image-hover eut-media eut-zoom-in\">\r\n                                                            <a class=\"eut-item-url\"\r\n                                   href=\"https:\/\/www.janvogler.com\/en-us\/wp-content\/uploads\/sites\/2\/2019\/09\/41_Jan-Vogler-_Helene-Grimaud-\u00a9-Rene\u0301-Gaens.jpg\"\r\n                                   data-title=\"With H\u00e9l\u00e8ne Grimaud, Bonn Beethoven Festival 2010 \u00a9 Ren\u00e9 Gaens\"\r\n                                   data-desc=\"\"\r\n                                   data-link=\"https:\/\/www.janvogler.com\/en-us\/wp-content\/uploads\/sites\/2\/2019\/09\/41_Jan-Vogler-_Helene-Grimaud-\u00a9-Rene\u0301-Gaens.jpg\"><\/a>\r\n                                                        <div class=\"eut-bg-dark eut-hover-overlay eut-opacity-40\"><\/div>\r\n                            <img loading=\"lazy\" decoding=\"async\" width=\"560\" height=\"560\" src=\"https:\/\/www.janvogler.com\/en-us\/wp-content\/uploads\/sites\/2\/2019\/09\/41_Jan-Vogler-_Helene-Grimaud-\u00a9-Rene\u0301-Gaens-560x560.jpg\" class=\"attachment-fildisi-eutf-small-square size-fildisi-eutf-small-square\" alt=\"\" srcset=\"https:\/\/www.janvogler.com\/en-us\/wp-content\/uploads\/sites\/2\/2019\/09\/41_Jan-Vogler-_Helene-Grimaud-\u00a9-Rene\u0301-Gaens-560x560.jpg 560w, https:\/\/www.janvogler.com\/en-us\/wp-content\/uploads\/sites\/2\/2019\/09\/41_Jan-Vogler-_Helene-Grimaud-\u00a9-Rene\u0301-Gaens-150x150.jpg 150w, https:\/\/www.janvogler.com\/en-us\/wp-content\/uploads\/sites\/2\/2019\/09\/41_Jan-Vogler-_Helene-Grimaud-\u00a9-Rene\u0301-Gaens-900x900.jpg 900w\" sizes=\"auto, (max-width: 560px) 100vw, 560px\" \/>                                                    <\/figure>\r\n                    <\/div>\r\n                <\/article>\r\n\r\n            \r\n                <article id=\"media-asset-5667\" class=\"grid-item eut-isotope-item wpcptm-media-asset-item eut-image-square post-5667 media-assets type-media-assets status-publish has-post-thumbnail hentry media-assets-categories-on-stage\">\r\n                    <div class=\"eut-isotope-item-inner eut-hover-item eut-zoom-in eut-hover-style-3 eut-animated\">\r\n                        <figure class=\"eut-image-hover eut-media eut-zoom-in\">\r\n                                                            <a class=\"eut-item-url\"\r\n                                   href=\"https:\/\/www.janvogler.com\/en-us\/wp-content\/uploads\/sites\/2\/2019\/09\/42_Jan-Vogler-Anna-Netrebko-\u00a9-Radeberger.jpg\"\r\n                                   data-title=\"With Anna Netrebko at the Radeberger Gala\"\r\n                                   data-desc=\"\"\r\n                                   data-link=\"https:\/\/www.janvogler.com\/en-us\/wp-content\/uploads\/sites\/2\/2019\/09\/42_Jan-Vogler-Anna-Netrebko-\u00a9-Radeberger.jpg\"><\/a>\r\n                                                        <div class=\"eut-bg-dark eut-hover-overlay eut-opacity-40\"><\/div>\r\n                            <img loading=\"lazy\" decoding=\"async\" width=\"560\" height=\"560\" src=\"https:\/\/www.janvogler.com\/en-us\/wp-content\/uploads\/sites\/2\/2019\/09\/42_Jan-Vogler-Anna-Netrebko-\u00a9-Radeberger-560x560.jpg\" class=\"attachment-fildisi-eutf-small-square size-fildisi-eutf-small-square\" alt=\"\" srcset=\"https:\/\/www.janvogler.com\/en-us\/wp-content\/uploads\/sites\/2\/2019\/09\/42_Jan-Vogler-Anna-Netrebko-\u00a9-Radeberger-560x560.jpg 560w, https:\/\/www.janvogler.com\/en-us\/wp-content\/uploads\/sites\/2\/2019\/09\/42_Jan-Vogler-Anna-Netrebko-\u00a9-Radeberger-150x150.jpg 150w, https:\/\/www.janvogler.com\/en-us\/wp-content\/uploads\/sites\/2\/2019\/09\/42_Jan-Vogler-Anna-Netrebko-\u00a9-Radeberger-900x900.jpg 900w\" sizes=\"auto, (max-width: 560px) 100vw, 560px\" \/>                                                    <\/figure>\r\n                    <\/div>\r\n                <\/article>\r\n\r\n            \r\n                <article id=\"media-asset-5669\" class=\"grid-item eut-isotope-item wpcptm-media-asset-item eut-image-square post-5669 media-assets type-media-assets status-publish has-post-thumbnail hentry media-assets-categories-portraits\">\r\n                    <div class=\"eut-isotope-item-inner eut-hover-item eut-zoom-in eut-hover-style-3 eut-animated\">\r\n                        <figure class=\"eut-image-hover eut-media eut-zoom-in\">\r\n                                                            <a class=\"eut-item-url\"\r\n                                   href=\"https:\/\/www.janvogler.com\/en-us\/wp-content\/uploads\/sites\/2\/2019\/09\/44_Jan-Vogler-\u00a9-Felix-Broede-5.jpg\"\r\n                                   data-title=\"\u00a9 Felix Broede\"\r\n                                   data-desc=\"\"\r\n                                   data-link=\"https:\/\/www.janvogler.com\/en-us\/wp-content\/uploads\/sites\/2\/2019\/09\/44_Jan-Vogler-\u00a9-Felix-Broede-5.jpg\"><\/a>\r\n                                                        <div class=\"eut-bg-dark eut-hover-overlay eut-opacity-40\"><\/div>\r\n                            <img loading=\"lazy\" decoding=\"async\" width=\"560\" height=\"560\" src=\"https:\/\/www.janvogler.com\/en-us\/wp-content\/uploads\/sites\/2\/2019\/09\/44_Jan-Vogler-\u00a9-Felix-Broede-5-560x560.jpg\" class=\"attachment-fildisi-eutf-small-square size-fildisi-eutf-small-square\" alt=\"\" srcset=\"https:\/\/www.janvogler.com\/en-us\/wp-content\/uploads\/sites\/2\/2019\/09\/44_Jan-Vogler-\u00a9-Felix-Broede-5-560x560.jpg 560w, https:\/\/www.janvogler.com\/en-us\/wp-content\/uploads\/sites\/2\/2019\/09\/44_Jan-Vogler-\u00a9-Felix-Broede-5-150x150.jpg 150w, https:\/\/www.janvogler.com\/en-us\/wp-content\/uploads\/sites\/2\/2019\/09\/44_Jan-Vogler-\u00a9-Felix-Broede-5-900x900.jpg 900w\" sizes=\"auto, (max-width: 560px) 100vw, 560px\" \/>                                                    <\/figure>\r\n                    <\/div>\r\n                <\/article>\r\n\r\n            \r\n                <article id=\"media-asset-5673\" class=\"grid-item eut-isotope-item wpcptm-media-asset-item eut-image-square post-5673 media-assets type-media-assets status-publish has-post-thumbnail hentry media-assets-categories-portraits\">\r\n                    <div class=\"eut-isotope-item-inner eut-hover-item eut-zoom-in eut-hover-style-3 eut-animated\">\r\n                        <figure class=\"eut-image-hover eut-media eut-zoom-in\">\r\n                                                            <a class=\"eut-item-url\"\r\n                                   href=\"https:\/\/www.janvogler.com\/en-us\/wp-content\/uploads\/sites\/2\/2019\/09\/48_Jan-Vogler-\u00a9-Uwe-Arens-Sony.jpg\"\r\n                                   data-title=\"\u00a9 Uwe Arens &#8211; Sony\"\r\n                                   data-desc=\"\"\r\n                                   data-link=\"https:\/\/www.janvogler.com\/en-us\/wp-content\/uploads\/sites\/2\/2019\/09\/48_Jan-Vogler-\u00a9-Uwe-Arens-Sony.jpg\"><\/a>\r\n                                                        <div class=\"eut-bg-dark eut-hover-overlay eut-opacity-40\"><\/div>\r\n                            <img loading=\"lazy\" decoding=\"async\" width=\"560\" height=\"560\" src=\"https:\/\/www.janvogler.com\/en-us\/wp-content\/uploads\/sites\/2\/2019\/09\/48_Jan-Vogler-\u00a9-Uwe-Arens-Sony-560x560.jpg\" class=\"attachment-fildisi-eutf-small-square size-fildisi-eutf-small-square\" alt=\"\" srcset=\"https:\/\/www.janvogler.com\/en-us\/wp-content\/uploads\/sites\/2\/2019\/09\/48_Jan-Vogler-\u00a9-Uwe-Arens-Sony-560x560.jpg 560w, https:\/\/www.janvogler.com\/en-us\/wp-content\/uploads\/sites\/2\/2019\/09\/48_Jan-Vogler-\u00a9-Uwe-Arens-Sony-150x150.jpg 150w, https:\/\/www.janvogler.com\/en-us\/wp-content\/uploads\/sites\/2\/2019\/09\/48_Jan-Vogler-\u00a9-Uwe-Arens-Sony-900x900.jpg 900w\" sizes=\"auto, (max-width: 560px) 100vw, 560px\" \/>                                                    <\/figure>\r\n                    <\/div>\r\n                <\/article>\r\n\r\n            \r\n                <article id=\"media-asset-5675\" class=\"grid-item eut-isotope-item wpcptm-media-asset-item eut-image-square post-5675 media-assets type-media-assets status-publish has-post-thumbnail hentry media-assets-categories-on-stage\">\r\n                    <div class=\"eut-isotope-item-inner eut-hover-item eut-zoom-in eut-hover-style-3 eut-animated\">\r\n                        <figure class=\"eut-image-hover eut-media eut-zoom-in\">\r\n                                                            <a class=\"eut-item-url\"\r\n                                   href=\"https:\/\/www.janvogler.com\/en-us\/wp-content\/uploads\/sites\/2\/2019\/09\/49_Jan-Vogler_Helene-Grimaud-\u00a9-Die-Gla\u0308serne-Manufaktur-med.jpg\"\r\n                                   data-title=\"Concert with H\u00e9l\u00e8ne Grimaud, Dresden 2004 \u00a9 Die Gla\u0308serne Manufaktur\"\r\n                                   data-desc=\"\"\r\n                                   data-link=\"https:\/\/www.janvogler.com\/en-us\/wp-content\/uploads\/sites\/2\/2019\/09\/49_Jan-Vogler_Helene-Grimaud-\u00a9-Die-Gla\u0308serne-Manufaktur-med.jpg\"><\/a>\r\n                                                        <div class=\"eut-bg-dark eut-hover-overlay eut-opacity-40\"><\/div>\r\n                            <img loading=\"lazy\" decoding=\"async\" width=\"560\" height=\"560\" src=\"https:\/\/www.janvogler.com\/en-us\/wp-content\/uploads\/sites\/2\/2019\/09\/49_Jan-Vogler_Helene-Grimaud-\u00a9-Die-Gla\u0308serne-Manufaktur-med-560x560.jpg\" class=\"attachment-fildisi-eutf-small-square size-fildisi-eutf-small-square\" alt=\"\" srcset=\"https:\/\/www.janvogler.com\/en-us\/wp-content\/uploads\/sites\/2\/2019\/09\/49_Jan-Vogler_Helene-Grimaud-\u00a9-Die-Gla\u0308serne-Manufaktur-med-560x560.jpg 560w, https:\/\/www.janvogler.com\/en-us\/wp-content\/uploads\/sites\/2\/2019\/09\/49_Jan-Vogler_Helene-Grimaud-\u00a9-Die-Gla\u0308serne-Manufaktur-med-150x150.jpg 150w, https:\/\/www.janvogler.com\/en-us\/wp-content\/uploads\/sites\/2\/2019\/09\/49_Jan-Vogler_Helene-Grimaud-\u00a9-Die-Gla\u0308serne-Manufaktur-med-900x900.jpg 900w\" sizes=\"auto, (max-width: 560px) 100vw, 560px\" \/>                                                    <\/figure>\r\n                    <\/div>\r\n                <\/article>\r\n\r\n            \r\n                <article id=\"media-asset-5677\" class=\"grid-item eut-isotope-item wpcptm-media-asset-item eut-image-square post-5677 media-assets type-media-assets status-publish has-post-thumbnail hentry media-assets-categories-on-stage\">\r\n                    <div class=\"eut-isotope-item-inner eut-hover-item eut-zoom-in eut-hover-style-3 eut-animated\">\r\n                        <figure class=\"eut-image-hover eut-media eut-zoom-in\">\r\n                                                            <a class=\"eut-item-url\"\r\n                                   href=\"https:\/\/www.janvogler.com\/en-us\/wp-content\/uploads\/sites\/2\/2019\/09\/50_Jan-Vogler_Rain-190511-\u00a9-Oliver-Killig_1-med.jpg\"\r\n                                   data-title=\"With Rain in Dresden \u00a9 Oliver Killig\"\r\n                                   data-desc=\"\"\r\n                                   data-link=\"https:\/\/www.janvogler.com\/en-us\/wp-content\/uploads\/sites\/2\/2019\/09\/50_Jan-Vogler_Rain-190511-\u00a9-Oliver-Killig_1-med.jpg\"><\/a>\r\n                                                        <div class=\"eut-bg-dark eut-hover-overlay eut-opacity-40\"><\/div>\r\n                            <img loading=\"lazy\" decoding=\"async\" width=\"560\" height=\"560\" src=\"https:\/\/www.janvogler.com\/en-us\/wp-content\/uploads\/sites\/2\/2019\/09\/50_Jan-Vogler_Rain-190511-\u00a9-Oliver-Killig_1-med-560x560.jpg\" class=\"attachment-fildisi-eutf-small-square size-fildisi-eutf-small-square\" alt=\"\" srcset=\"https:\/\/www.janvogler.com\/en-us\/wp-content\/uploads\/sites\/2\/2019\/09\/50_Jan-Vogler_Rain-190511-\u00a9-Oliver-Killig_1-med-560x560.jpg 560w, https:\/\/www.janvogler.com\/en-us\/wp-content\/uploads\/sites\/2\/2019\/09\/50_Jan-Vogler_Rain-190511-\u00a9-Oliver-Killig_1-med-150x150.jpg 150w, https:\/\/www.janvogler.com\/en-us\/wp-content\/uploads\/sites\/2\/2019\/09\/50_Jan-Vogler_Rain-190511-\u00a9-Oliver-Killig_1-med-900x900.jpg 900w\" sizes=\"auto, (max-width: 560px) 100vw, 560px\" \/>                                                    <\/figure>\r\n                    <\/div>\r\n                <\/article>\r\n\r\n            \r\n                <article id=\"media-asset-5679\" class=\"grid-item eut-isotope-item wpcptm-media-asset-item eut-image-square post-5679 media-assets type-media-assets status-publish has-post-thumbnail hentry media-assets-categories-on-stage\">\r\n                    <div class=\"eut-isotope-item-inner eut-hover-item eut-zoom-in eut-hover-style-3 eut-animated\">\r\n                        <figure class=\"eut-image-hover eut-media eut-zoom-in\">\r\n                                                            <a class=\"eut-item-url\"\r\n                                   href=\"https:\/\/www.janvogler.com\/en-us\/wp-content\/uploads\/sites\/2\/2019\/09\/53_janhe\u00b4lene3.jpg\"\r\n                                   data-title=\"With H\u00e9l\u00e8ne Grimaud, Brussels 2013\"\r\n                                   data-desc=\"\"\r\n                                   data-link=\"https:\/\/www.janvogler.com\/en-us\/wp-content\/uploads\/sites\/2\/2019\/09\/53_janhe\u00b4lene3.jpg\"><\/a>\r\n                                                        <div class=\"eut-bg-dark eut-hover-overlay eut-opacity-40\"><\/div>\r\n                            <img loading=\"lazy\" decoding=\"async\" width=\"560\" height=\"560\" src=\"https:\/\/www.janvogler.com\/en-us\/wp-content\/uploads\/sites\/2\/2019\/09\/53_janhe\u00b4lene3-560x560.jpg\" class=\"attachment-fildisi-eutf-small-square size-fildisi-eutf-small-square\" alt=\"\" srcset=\"https:\/\/www.janvogler.com\/en-us\/wp-content\/uploads\/sites\/2\/2019\/09\/53_janhe\u00b4lene3-560x560.jpg 560w, https:\/\/www.janvogler.com\/en-us\/wp-content\/uploads\/sites\/2\/2019\/09\/53_janhe\u00b4lene3-150x150.jpg 150w\" sizes=\"auto, (max-width: 560px) 100vw, 560px\" \/>                                                    <\/figure>\r\n                    <\/div>\r\n                <\/article>\r\n\r\n            \r\n                <article id=\"media-asset-5681\" class=\"grid-item eut-isotope-item wpcptm-media-asset-item eut-image-square post-5681 media-assets type-media-assets status-publish has-post-thumbnail hentry media-assets-categories-portraits\">\r\n                    <div class=\"eut-isotope-item-inner eut-hover-item eut-zoom-in eut-hover-style-3 eut-animated\">\r\n                        <figure class=\"eut-image-hover eut-media eut-zoom-in\">\r\n                                                            <a class=\"eut-item-url\"\r\n                                   href=\"https:\/\/www.janvogler.com\/en-us\/wp-content\/uploads\/sites\/2\/2019\/09\/55_JV_\u00a9_Mat_Hennek_164-06-1.jpg\"\r\n                                   data-title=\"\u00a9 Mat Hennek\"\r\n                                   data-desc=\"\"\r\n                                   data-link=\"https:\/\/www.janvogler.com\/en-us\/wp-content\/uploads\/sites\/2\/2019\/09\/55_JV_\u00a9_Mat_Hennek_164-06-1.jpg\"><\/a>\r\n                                                        <div class=\"eut-bg-dark eut-hover-overlay eut-opacity-40\"><\/div>\r\n                            <img loading=\"lazy\" decoding=\"async\" width=\"560\" height=\"560\" src=\"https:\/\/www.janvogler.com\/en-us\/wp-content\/uploads\/sites\/2\/2019\/09\/55_JV_\u00a9_Mat_Hennek_164-06-1-560x560.jpg\" class=\"attachment-fildisi-eutf-small-square size-fildisi-eutf-small-square\" alt=\"\" srcset=\"https:\/\/www.janvogler.com\/en-us\/wp-content\/uploads\/sites\/2\/2019\/09\/55_JV_\u00a9_Mat_Hennek_164-06-1-560x560.jpg 560w, https:\/\/www.janvogler.com\/en-us\/wp-content\/uploads\/sites\/2\/2019\/09\/55_JV_\u00a9_Mat_Hennek_164-06-1-150x150.jpg 150w, https:\/\/www.janvogler.com\/en-us\/wp-content\/uploads\/sites\/2\/2019\/09\/55_JV_\u00a9_Mat_Hennek_164-06-1-300x300.jpg 300w, https:\/\/www.janvogler.com\/en-us\/wp-content\/uploads\/sites\/2\/2019\/09\/55_JV_\u00a9_Mat_Hennek_164-06-1-768x767.jpg 768w, https:\/\/www.janvogler.com\/en-us\/wp-content\/uploads\/sites\/2\/2019\/09\/55_JV_\u00a9_Mat_Hennek_164-06-1-1024x1024.jpg 1024w, https:\/\/www.janvogler.com\/en-us\/wp-content\/uploads\/sites\/2\/2019\/09\/55_JV_\u00a9_Mat_Hennek_164-06-1-900x900.jpg 900w, https:\/\/www.janvogler.com\/en-us\/wp-content\/uploads\/sites\/2\/2019\/09\/55_JV_\u00a9_Mat_Hennek_164-06-1-1920x1918.jpg 1920w\" sizes=\"auto, (max-width: 560px) 100vw, 560px\" \/>                                                    <\/figure>\r\n                    <\/div>\r\n                <\/article>\r\n\r\n            \r\n                <article id=\"media-asset-5683\" class=\"grid-item eut-isotope-item wpcptm-media-asset-item eut-image-square post-5683 media-assets type-media-assets status-publish has-post-thumbnail hentry media-assets-categories-portraits\">\r\n                    <div class=\"eut-isotope-item-inner eut-hover-item eut-zoom-in eut-hover-style-3 eut-animated\">\r\n                        <figure class=\"eut-image-hover eut-media eut-zoom-in\">\r\n                                                            <a class=\"eut-item-url\"\r\n                                   href=\"https:\/\/www.janvogler.com\/en-us\/wp-content\/uploads\/sites\/2\/2019\/09\/56_JV_\u00a9_Mat_Hennek_169-12-min.jpg\"\r\n                                   data-title=\"\u00a9 Mat Hennek\"\r\n                                   data-desc=\"\"\r\n                                   data-link=\"https:\/\/www.janvogler.com\/en-us\/wp-content\/uploads\/sites\/2\/2019\/09\/56_JV_\u00a9_Mat_Hennek_169-12-min.jpg\"><\/a>\r\n                                                        <div class=\"eut-bg-dark eut-hover-overlay eut-opacity-40\"><\/div>\r\n                            <img loading=\"lazy\" decoding=\"async\" width=\"560\" height=\"560\" src=\"https:\/\/www.janvogler.com\/en-us\/wp-content\/uploads\/sites\/2\/2019\/09\/56_JV_\u00a9_Mat_Hennek_169-12-min-560x560.jpg\" class=\"attachment-fildisi-eutf-small-square size-fildisi-eutf-small-square\" alt=\"\" srcset=\"https:\/\/www.janvogler.com\/en-us\/wp-content\/uploads\/sites\/2\/2019\/09\/56_JV_\u00a9_Mat_Hennek_169-12-min-560x560.jpg 560w, https:\/\/www.janvogler.com\/en-us\/wp-content\/uploads\/sites\/2\/2019\/09\/56_JV_\u00a9_Mat_Hennek_169-12-min-150x150.jpg 150w, https:\/\/www.janvogler.com\/en-us\/wp-content\/uploads\/sites\/2\/2019\/09\/56_JV_\u00a9_Mat_Hennek_169-12-min-900x900.jpg 900w\" sizes=\"auto, (max-width: 560px) 100vw, 560px\" \/>                                                    <\/figure>\r\n                    <\/div>\r\n                <\/article>\r\n\r\n            \r\n                <article id=\"media-asset-5687\" class=\"grid-item eut-isotope-item wpcptm-media-asset-item eut-image-square post-5687 media-assets type-media-assets status-publish has-post-thumbnail hentry media-assets-categories-off-stage\">\r\n                    <div class=\"eut-isotope-item-inner eut-hover-item eut-zoom-in eut-hover-style-3 eut-animated\">\r\n                        <figure class=\"eut-image-hover eut-media eut-zoom-in\">\r\n                                                            <a class=\"eut-item-url\"\r\n                                   href=\"https:\/\/www.janvogler.com\/en-us\/wp-content\/uploads\/sites\/2\/2019\/09\/59_JV-MS-\u00a9-Adrian-Schmidt.jpg\"\r\n                                   data-title=\"With Martin Stadtfeld recording the Bach Sonatas, Berlin Teldex Studios 2009 \u00a9 Adrian Schmidt\"\r\n                                   data-desc=\"\"\r\n                                   data-link=\"https:\/\/www.janvogler.com\/en-us\/wp-content\/uploads\/sites\/2\/2019\/09\/59_JV-MS-\u00a9-Adrian-Schmidt.jpg\"><\/a>\r\n                                                        <div class=\"eut-bg-dark eut-hover-overlay eut-opacity-40\"><\/div>\r\n                            <img loading=\"lazy\" decoding=\"async\" width=\"560\" height=\"560\" src=\"https:\/\/www.janvogler.com\/en-us\/wp-content\/uploads\/sites\/2\/2019\/09\/59_JV-MS-\u00a9-Adrian-Schmidt-560x560.jpg\" class=\"attachment-fildisi-eutf-small-square size-fildisi-eutf-small-square\" alt=\"\" srcset=\"https:\/\/www.janvogler.com\/en-us\/wp-content\/uploads\/sites\/2\/2019\/09\/59_JV-MS-\u00a9-Adrian-Schmidt-560x560.jpg 560w, https:\/\/www.janvogler.com\/en-us\/wp-content\/uploads\/sites\/2\/2019\/09\/59_JV-MS-\u00a9-Adrian-Schmidt-150x150.jpg 150w, https:\/\/www.janvogler.com\/en-us\/wp-content\/uploads\/sites\/2\/2019\/09\/59_JV-MS-\u00a9-Adrian-Schmidt-900x900.jpg 900w\" sizes=\"auto, (max-width: 560px) 100vw, 560px\" \/>                                                    <\/figure>\r\n                    <\/div>\r\n                <\/article>\r\n\r\n            \r\n                <article id=\"media-asset-5689\" class=\"grid-item eut-isotope-item wpcptm-media-asset-item eut-image-square post-5689 media-assets type-media-assets status-publish has-post-thumbnail hentry media-assets-categories-on-stage\">\r\n                    <div class=\"eut-isotope-item-inner eut-hover-item eut-zoom-in eut-hover-style-3 eut-animated\">\r\n                        <figure class=\"eut-image-hover eut-media eut-zoom-in\">\r\n                                                            <a class=\"eut-item-url\"\r\n                                   href=\"https:\/\/www.janvogler.com\/en-us\/wp-content\/uploads\/sites\/2\/2019\/09\/60_JV_NYPhil_Maazel_Frauchenkirche_2005_\u00a9_Chris_Lee_XE2G5422.jpg\"\r\n                                   data-title=\"With Lorin Maazel and the New York Philharmonic \u00a9Chris Lee\"\r\n                                   data-desc=\"\"\r\n                                   data-link=\"https:\/\/www.janvogler.com\/en-us\/wp-content\/uploads\/sites\/2\/2019\/09\/60_JV_NYPhil_Maazel_Frauchenkirche_2005_\u00a9_Chris_Lee_XE2G5422.jpg\"><\/a>\r\n                                                        <div class=\"eut-bg-dark eut-hover-overlay eut-opacity-40\"><\/div>\r\n                            <img loading=\"lazy\" decoding=\"async\" width=\"560\" height=\"560\" src=\"https:\/\/www.janvogler.com\/en-us\/wp-content\/uploads\/sites\/2\/2019\/09\/60_JV_NYPhil_Maazel_Frauchenkirche_2005_\u00a9_Chris_Lee_XE2G5422-560x560.jpg\" class=\"attachment-fildisi-eutf-small-square size-fildisi-eutf-small-square\" alt=\"\" srcset=\"https:\/\/www.janvogler.com\/en-us\/wp-content\/uploads\/sites\/2\/2019\/09\/60_JV_NYPhil_Maazel_Frauchenkirche_2005_\u00a9_Chris_Lee_XE2G5422-560x560.jpg 560w, https:\/\/www.janvogler.com\/en-us\/wp-content\/uploads\/sites\/2\/2019\/09\/60_JV_NYPhil_Maazel_Frauchenkirche_2005_\u00a9_Chris_Lee_XE2G5422-150x150.jpg 150w, https:\/\/www.janvogler.com\/en-us\/wp-content\/uploads\/sites\/2\/2019\/09\/60_JV_NYPhil_Maazel_Frauchenkirche_2005_\u00a9_Chris_Lee_XE2G5422-900x900.jpg 900w\" sizes=\"auto, (max-width: 560px) 100vw, 560px\" \/>                                                    <\/figure>\r\n                    <\/div>\r\n                <\/article>\r\n\r\n            \r\n                <article id=\"media-asset-5691\" class=\"grid-item eut-isotope-item wpcptm-media-asset-item eut-image-square post-5691 media-assets type-media-assets status-publish has-post-thumbnail hentry media-assets-categories-off-stage\">\r\n                    <div class=\"eut-isotope-item-inner eut-hover-item eut-zoom-in eut-hover-style-3 eut-animated\">\r\n                        <figure class=\"eut-image-hover eut-media eut-zoom-in\">\r\n                                                            <a class=\"eut-item-url\"\r\n                                   href=\"https:\/\/www.janvogler.com\/en-us\/wp-content\/uploads\/sites\/2\/2019\/09\/62_JV-Bill-Murray-Alan-Gilbert-\u00a9-Michael-Bader-med.jpg\"\r\n                                   data-title=\"With Bill Murray and Alan Gilbert in 2017 \u00a9MBader\"\r\n                                   data-desc=\"\"\r\n                                   data-link=\"https:\/\/www.janvogler.com\/en-us\/wp-content\/uploads\/sites\/2\/2019\/09\/62_JV-Bill-Murray-Alan-Gilbert-\u00a9-Michael-Bader-med.jpg\"><\/a>\r\n                                                        <div class=\"eut-bg-dark eut-hover-overlay eut-opacity-40\"><\/div>\r\n                            <img loading=\"lazy\" decoding=\"async\" width=\"560\" height=\"560\" src=\"https:\/\/www.janvogler.com\/en-us\/wp-content\/uploads\/sites\/2\/2019\/09\/62_JV-Bill-Murray-Alan-Gilbert-\u00a9-Michael-Bader-med-560x560.jpg\" class=\"attachment-fildisi-eutf-small-square size-fildisi-eutf-small-square\" alt=\"\" srcset=\"https:\/\/www.janvogler.com\/en-us\/wp-content\/uploads\/sites\/2\/2019\/09\/62_JV-Bill-Murray-Alan-Gilbert-\u00a9-Michael-Bader-med-560x560.jpg 560w, https:\/\/www.janvogler.com\/en-us\/wp-content\/uploads\/sites\/2\/2019\/09\/62_JV-Bill-Murray-Alan-Gilbert-\u00a9-Michael-Bader-med-150x150.jpg 150w, https:\/\/www.janvogler.com\/en-us\/wp-content\/uploads\/sites\/2\/2019\/09\/62_JV-Bill-Murray-Alan-Gilbert-\u00a9-Michael-Bader-med-900x900.jpg 900w\" sizes=\"auto, (max-width: 560px) 100vw, 560px\" \/>                                                    <\/figure>\r\n                    <\/div>\r\n                <\/article>\r\n\r\n            \r\n                <article id=\"media-asset-5696\" class=\"grid-item eut-isotope-item wpcptm-media-asset-item eut-image-square post-5696 media-assets type-media-assets status-publish has-post-thumbnail hentry media-assets-categories-on-stage\">\r\n                    <div class=\"eut-isotope-item-inner eut-hover-item eut-zoom-in eut-hover-style-3 eut-animated\">\r\n                        <figure class=\"eut-image-hover eut-media eut-zoom-in\">\r\n                                                            <a class=\"eut-item-url\"\r\n                                   href=\"https:\/\/www.janvogler.com\/en-us\/wp-content\/uploads\/sites\/2\/2019\/09\/64_JV-Manfred-Honeck-Pittsburgh-Symphony-Orchestra-DMF-2010.jpg\"\r\n                                   data-title=\"With Manfred Honeck, performing Schumann Concerto (2010)\"\r\n                                   data-desc=\"\"\r\n                                   data-link=\"https:\/\/www.janvogler.com\/en-us\/wp-content\/uploads\/sites\/2\/2019\/09\/64_JV-Manfred-Honeck-Pittsburgh-Symphony-Orchestra-DMF-2010.jpg\"><\/a>\r\n                                                        <div class=\"eut-bg-dark eut-hover-overlay eut-opacity-40\"><\/div>\r\n                            <img loading=\"lazy\" decoding=\"async\" width=\"560\" height=\"560\" src=\"https:\/\/www.janvogler.com\/en-us\/wp-content\/uploads\/sites\/2\/2019\/09\/64_JV-Manfred-Honeck-Pittsburgh-Symphony-Orchestra-DMF-2010-560x560.jpg\" class=\"attachment-fildisi-eutf-small-square size-fildisi-eutf-small-square\" alt=\"\" srcset=\"https:\/\/www.janvogler.com\/en-us\/wp-content\/uploads\/sites\/2\/2019\/09\/64_JV-Manfred-Honeck-Pittsburgh-Symphony-Orchestra-DMF-2010-560x560.jpg 560w, https:\/\/www.janvogler.com\/en-us\/wp-content\/uploads\/sites\/2\/2019\/09\/64_JV-Manfred-Honeck-Pittsburgh-Symphony-Orchestra-DMF-2010-150x150.jpg 150w, https:\/\/www.janvogler.com\/en-us\/wp-content\/uploads\/sites\/2\/2019\/09\/64_JV-Manfred-Honeck-Pittsburgh-Symphony-Orchestra-DMF-2010-900x900.jpg 900w\" sizes=\"auto, (max-width: 560px) 100vw, 560px\" \/>                                                    <\/figure>\r\n                    <\/div>\r\n                <\/article>\r\n\r\n            \r\n                <article id=\"media-asset-5698\" class=\"grid-item eut-isotope-item wpcptm-media-asset-item eut-image-square post-5698 media-assets type-media-assets status-publish has-post-thumbnail hentry media-assets-categories-on-stage\">\r\n                    <div class=\"eut-isotope-item-inner eut-hover-item eut-zoom-in eut-hover-style-3 eut-animated\">\r\n                        <figure class=\"eut-image-hover eut-media eut-zoom-in\">\r\n                                                            <a class=\"eut-item-url\"\r\n                                   href=\"https:\/\/www.janvogler.com\/en-us\/wp-content\/uploads\/sites\/2\/2019\/09\/65_JV-NY-Phil-Alan-Gilbert-13.5.2013-\u00a9-Chris-Lee.jpg\"\r\n                                   data-title=\"With Alan Gilbert and the New York Philharmonic, performing Bloch&#8217;s &#8220;Schelomo,&#8221; 2013 \u00a9 Chris Lee\"\r\n                                   data-desc=\"\"\r\n                                   data-link=\"https:\/\/www.janvogler.com\/en-us\/wp-content\/uploads\/sites\/2\/2019\/09\/65_JV-NY-Phil-Alan-Gilbert-13.5.2013-\u00a9-Chris-Lee.jpg\"><\/a>\r\n                                                        <div class=\"eut-bg-dark eut-hover-overlay eut-opacity-40\"><\/div>\r\n                            <img loading=\"lazy\" decoding=\"async\" width=\"560\" height=\"560\" src=\"https:\/\/www.janvogler.com\/en-us\/wp-content\/uploads\/sites\/2\/2019\/09\/65_JV-NY-Phil-Alan-Gilbert-13.5.2013-\u00a9-Chris-Lee-560x560.jpg\" class=\"attachment-fildisi-eutf-small-square size-fildisi-eutf-small-square\" alt=\"\" srcset=\"https:\/\/www.janvogler.com\/en-us\/wp-content\/uploads\/sites\/2\/2019\/09\/65_JV-NY-Phil-Alan-Gilbert-13.5.2013-\u00a9-Chris-Lee-560x560.jpg 560w, https:\/\/www.janvogler.com\/en-us\/wp-content\/uploads\/sites\/2\/2019\/09\/65_JV-NY-Phil-Alan-Gilbert-13.5.2013-\u00a9-Chris-Lee-150x150.jpg 150w, https:\/\/www.janvogler.com\/en-us\/wp-content\/uploads\/sites\/2\/2019\/09\/65_JV-NY-Phil-Alan-Gilbert-13.5.2013-\u00a9-Chris-Lee-900x900.jpg 900w\" sizes=\"auto, (max-width: 560px) 100vw, 560px\" \/>                                                    <\/figure>\r\n                    <\/div>\r\n                <\/article>\r\n\r\n            \r\n                <article id=\"media-asset-5700\" class=\"grid-item eut-isotope-item wpcptm-media-asset-item eut-image-square post-5700 media-assets type-media-assets status-publish has-post-thumbnail hentry media-assets-categories-on-stage\">\r\n                    <div class=\"eut-isotope-item-inner eut-hover-item eut-zoom-in eut-hover-style-3 eut-animated\">\r\n                        <figure class=\"eut-image-hover eut-media eut-zoom-in\">\r\n                                                            <a class=\"eut-item-url\"\r\n                                   href=\"https:\/\/www.janvogler.com\/en-us\/wp-content\/uploads\/sites\/2\/2019\/09\/66_JV-T.-Mansurian-med.jpg\"\r\n                                   data-title=\"World Premiere of Concerto by Tigran Mansurian, Cologne 2010\"\r\n                                   data-desc=\"\"\r\n                                   data-link=\"https:\/\/www.janvogler.com\/en-us\/wp-content\/uploads\/sites\/2\/2019\/09\/66_JV-T.-Mansurian-med.jpg\"><\/a>\r\n                                                        <div class=\"eut-bg-dark eut-hover-overlay eut-opacity-40\"><\/div>\r\n                            <img loading=\"lazy\" decoding=\"async\" width=\"560\" height=\"560\" src=\"https:\/\/www.janvogler.com\/en-us\/wp-content\/uploads\/sites\/2\/2019\/09\/66_JV-T.-Mansurian-med-560x560.jpg\" class=\"attachment-fildisi-eutf-small-square size-fildisi-eutf-small-square\" alt=\"\" srcset=\"https:\/\/www.janvogler.com\/en-us\/wp-content\/uploads\/sites\/2\/2019\/09\/66_JV-T.-Mansurian-med-560x560.jpg 560w, https:\/\/www.janvogler.com\/en-us\/wp-content\/uploads\/sites\/2\/2019\/09\/66_JV-T.-Mansurian-med-150x150.jpg 150w\" sizes=\"auto, (max-width: 560px) 100vw, 560px\" \/>                                                    <\/figure>\r\n                    <\/div>\r\n                <\/article>\r\n\r\n            \r\n                <article id=\"media-asset-5702\" class=\"grid-item eut-isotope-item wpcptm-media-asset-item eut-image-square post-5702 media-assets type-media-assets status-publish has-post-thumbnail hentry media-assets-categories-off-stage\">\r\n                    <div class=\"eut-isotope-item-inner eut-hover-item eut-zoom-in eut-hover-style-3 eut-animated\">\r\n                        <figure class=\"eut-image-hover eut-media eut-zoom-in\">\r\n                                                            <a class=\"eut-item-url\"\r\n                                   href=\"https:\/\/www.janvogler.com\/en-us\/wp-content\/uploads\/sites\/2\/2019\/09\/67_MaazelVogler_1_big.jpg\"\r\n                                   data-title=\"With Lorin Maazel\"\r\n                                   data-desc=\"\"\r\n                                   data-link=\"https:\/\/www.janvogler.com\/en-us\/wp-content\/uploads\/sites\/2\/2019\/09\/67_MaazelVogler_1_big.jpg\"><\/a>\r\n                                                        <div class=\"eut-bg-dark eut-hover-overlay eut-opacity-40\"><\/div>\r\n                            <img loading=\"lazy\" decoding=\"async\" width=\"333\" height=\"500\" src=\"https:\/\/www.janvogler.com\/en-us\/wp-content\/uploads\/sites\/2\/2019\/09\/67_MaazelVogler_1_big.jpg\" class=\"attachment-fildisi-eutf-small-square size-fildisi-eutf-small-square\" alt=\"\" srcset=\"https:\/\/www.janvogler.com\/en-us\/wp-content\/uploads\/sites\/2\/2019\/09\/67_MaazelVogler_1_big.jpg 333w, https:\/\/www.janvogler.com\/en-us\/wp-content\/uploads\/sites\/2\/2019\/09\/67_MaazelVogler_1_big-200x300.jpg 200w\" sizes=\"auto, (max-width: 333px) 100vw, 333px\" \/>                                                    <\/figure>\r\n                    <\/div>\r\n                <\/article>\r\n\r\n            \r\n                <article id=\"media-asset-5704\" class=\"grid-item eut-isotope-item wpcptm-media-asset-item eut-image-square post-5704 media-assets type-media-assets status-publish has-post-thumbnail hentry media-assets-categories-on-stage\">\r\n                    <div class=\"eut-isotope-item-inner eut-hover-item eut-zoom-in eut-hover-style-3 eut-animated\">\r\n                        <figure class=\"eut-image-hover eut-media eut-zoom-in\">\r\n                                                            <a class=\"eut-item-url\"\r\n                                   href=\"https:\/\/www.janvogler.com\/en-us\/wp-content\/uploads\/sites\/2\/2019\/09\/77_100619killig304.jpg\"\r\n                                   data-title=\"With Eric Clapton and Nathan East \u00a9 Oliver Killig\"\r\n                                   data-desc=\"\"\r\n                                   data-link=\"https:\/\/www.janvogler.com\/en-us\/wp-content\/uploads\/sites\/2\/2019\/09\/77_100619killig304.jpg\"><\/a>\r\n                                                        <div class=\"eut-bg-dark eut-hover-overlay eut-opacity-40\"><\/div>\r\n                            <img loading=\"lazy\" decoding=\"async\" width=\"560\" height=\"560\" src=\"https:\/\/www.janvogler.com\/en-us\/wp-content\/uploads\/sites\/2\/2019\/09\/77_100619killig304-560x560.jpg\" class=\"attachment-fildisi-eutf-small-square size-fildisi-eutf-small-square\" alt=\"\" srcset=\"https:\/\/www.janvogler.com\/en-us\/wp-content\/uploads\/sites\/2\/2019\/09\/77_100619killig304-560x560.jpg 560w, https:\/\/www.janvogler.com\/en-us\/wp-content\/uploads\/sites\/2\/2019\/09\/77_100619killig304-150x150.jpg 150w, https:\/\/www.janvogler.com\/en-us\/wp-content\/uploads\/sites\/2\/2019\/09\/77_100619killig304-900x900.jpg 900w\" sizes=\"auto, (max-width: 560px) 100vw, 560px\" \/>                                                    <\/figure>\r\n                    <\/div>\r\n                <\/article>\r\n\r\n            \r\n                <article id=\"media-asset-5707\" class=\"grid-item eut-isotope-item wpcptm-media-asset-item eut-image-square post-5707 media-assets type-media-assets status-publish has-post-thumbnail hentry media-assets-categories-on-stage\">\r\n                    <div class=\"eut-isotope-item-inner eut-hover-item eut-zoom-in eut-hover-style-3 eut-animated\">\r\n                        <figure class=\"eut-image-hover eut-media eut-zoom-in\">\r\n                                                            <a class=\"eut-item-url\"\r\n                                   href=\"https:\/\/www.janvogler.com\/en-us\/wp-content\/uploads\/sites\/2\/2019\/09\/88_20190603-7809.jpg\"\r\n                                   data-title=\"With Valery Gergiev in 2019\"\r\n                                   data-desc=\"\"\r\n                                   data-link=\"https:\/\/www.janvogler.com\/en-us\/wp-content\/uploads\/sites\/2\/2019\/09\/88_20190603-7809.jpg\"><\/a>\r\n                                                        <div class=\"eut-bg-dark eut-hover-overlay eut-opacity-40\"><\/div>\r\n                            <img loading=\"lazy\" decoding=\"async\" width=\"560\" height=\"560\" src=\"https:\/\/www.janvogler.com\/en-us\/wp-content\/uploads\/sites\/2\/2019\/09\/88_20190603-7809-560x560.jpg\" class=\"attachment-fildisi-eutf-small-square size-fildisi-eutf-small-square\" alt=\"\" srcset=\"https:\/\/www.janvogler.com\/en-us\/wp-content\/uploads\/sites\/2\/2019\/09\/88_20190603-7809-560x560.jpg 560w, https:\/\/www.janvogler.com\/en-us\/wp-content\/uploads\/sites\/2\/2019\/09\/88_20190603-7809-150x150.jpg 150w, https:\/\/www.janvogler.com\/en-us\/wp-content\/uploads\/sites\/2\/2019\/09\/88_20190603-7809-900x900.jpg 900w\" sizes=\"auto, (max-width: 560px) 100vw, 560px\" \/>                                                    <\/figure>\r\n                    <\/div>\r\n                <\/article>\r\n\r\n            \r\n                <article id=\"media-asset-5735\" class=\"grid-item eut-isotope-item wpcptm-media-asset-item eut-image-square post-5735 media-assets type-media-assets status-publish has-post-thumbnail hentry media-assets-categories-portraits\">\r\n                    <div class=\"eut-isotope-item-inner eut-hover-item eut-zoom-in eut-hover-style-3 eut-animated\">\r\n                        <figure class=\"eut-image-hover eut-media eut-zoom-in\">\r\n                                                            <a class=\"eut-item-url\"\r\n                                   href=\"https:\/\/www.janvogler.com\/en-us\/wp-content\/uploads\/sites\/2\/2019\/09\/44_Jan-Vogler-\u00a9-Felix-Broede-5-1.jpg\"\r\n                                   data-title=\"\u00a9 Felix Broede\"\r\n                                   data-desc=\"\"\r\n                                   data-link=\"https:\/\/www.janvogler.com\/en-us\/wp-content\/uploads\/sites\/2\/2019\/09\/44_Jan-Vogler-\u00a9-Felix-Broede-5-1.jpg\"><\/a>\r\n                                                        <div class=\"eut-bg-dark eut-hover-overlay eut-opacity-40\"><\/div>\r\n                            <img loading=\"lazy\" decoding=\"async\" width=\"560\" height=\"560\" src=\"https:\/\/www.janvogler.com\/en-us\/wp-content\/uploads\/sites\/2\/2019\/09\/44_Jan-Vogler-\u00a9-Felix-Broede-5-1-560x560.jpg\" class=\"attachment-fildisi-eutf-small-square size-fildisi-eutf-small-square\" alt=\"\" srcset=\"https:\/\/www.janvogler.com\/en-us\/wp-content\/uploads\/sites\/2\/2019\/09\/44_Jan-Vogler-\u00a9-Felix-Broede-5-1-560x560.jpg 560w, https:\/\/www.janvogler.com\/en-us\/wp-content\/uploads\/sites\/2\/2019\/09\/44_Jan-Vogler-\u00a9-Felix-Broede-5-1-150x150.jpg 150w, https:\/\/www.janvogler.com\/en-us\/wp-content\/uploads\/sites\/2\/2019\/09\/44_Jan-Vogler-\u00a9-Felix-Broede-5-1-900x900.jpg 900w\" sizes=\"auto, (max-width: 560px) 100vw, 560px\" \/>                                                    <\/figure>\r\n                    <\/div>\r\n                <\/article>\r\n\r\n            \r\n                <article id=\"media-asset-5832\" class=\"grid-item eut-isotope-item wpcptm-media-asset-item eut-image-square post-5832 media-assets type-media-assets status-publish has-post-thumbnail hentry media-assets-categories-videos\">\r\n                    <div class=\"eut-isotope-item-inner eut-hover-item eut-zoom-in eut-hover-style-3 eut-animated\">\r\n                        <figure class=\"eut-image-hover eut-media eut-zoom-in\">\r\n                                                                                            <a class=\"eut-item-url\"\r\n                                   href=\"https:\/\/www.youtube.com\/watch?v=E-PiB7BgWq8\"\r\n                                   data-title=\"Living the Classical Life: &#8220;Working with Bill Murray taught me that classical music doesn\u2019t need an explanation.&#8221;\"\r\n                                   data-desc=\"\"\r\n                                   data-iframe=\"true\"><\/a>\r\n                                                        <div class=\"eut-bg-dark eut-hover-overlay eut-opacity-40\"><\/div>\r\n                            <img loading=\"lazy\" decoding=\"async\" width=\"560\" height=\"560\" src=\"https:\/\/www.janvogler.com\/en-us\/wp-content\/uploads\/sites\/2\/2020\/04\/Screen-Shot-2020-04-03-at-10.24.43-AM-560x560.png\" class=\"attachment-fildisi-eutf-small-square size-fildisi-eutf-small-square\" alt=\"\" srcset=\"https:\/\/www.janvogler.com\/en-us\/wp-content\/uploads\/sites\/2\/2020\/04\/Screen-Shot-2020-04-03-at-10.24.43-AM-560x560.png 560w, https:\/\/www.janvogler.com\/en-us\/wp-content\/uploads\/sites\/2\/2020\/04\/Screen-Shot-2020-04-03-at-10.24.43-AM-150x150.png 150w\" sizes=\"auto, (max-width: 560px) 100vw, 560px\" \/>                                                    <\/figure>\r\n                    <\/div>\r\n                <\/article>\r\n\r\n            \r\n                <article id=\"media-asset-5839\" class=\"grid-item eut-isotope-item wpcptm-media-asset-item eut-image-square post-5839 media-assets type-media-assets status-publish has-post-thumbnail hentry media-assets-categories-videos\">\r\n                    <div class=\"eut-isotope-item-inner eut-hover-item eut-zoom-in eut-hover-style-3 eut-animated\">\r\n                        <figure class=\"eut-image-hover eut-media eut-zoom-in\">\r\n                                                                                            <a class=\"eut-item-url\"\r\n                                   href=\"https:\/\/www.youtube.com\/watch?v=L-rjS6KpGTk\"\r\n                                   data-title=\"Cellist Jan Vogler traces back through his childhood with Alondra de la Parra\"\r\n                                   data-desc=\"\"\r\n                                   data-iframe=\"true\"><\/a>\r\n                                                        <div class=\"eut-bg-dark eut-hover-overlay eut-opacity-40\"><\/div>\r\n                            <img loading=\"lazy\" decoding=\"async\" width=\"560\" height=\"560\" src=\"https:\/\/www.janvogler.com\/en-us\/wp-content\/uploads\/sites\/2\/2020\/04\/Screen-Shot-2020-04-25-at-2.46.51-PM-560x560.png\" class=\"attachment-fildisi-eutf-small-square size-fildisi-eutf-small-square\" alt=\"\" srcset=\"https:\/\/www.janvogler.com\/en-us\/wp-content\/uploads\/sites\/2\/2020\/04\/Screen-Shot-2020-04-25-at-2.46.51-PM-560x560.png 560w, https:\/\/www.janvogler.com\/en-us\/wp-content\/uploads\/sites\/2\/2020\/04\/Screen-Shot-2020-04-25-at-2.46.51-PM-150x150.png 150w\" sizes=\"auto, (max-width: 560px) 100vw, 560px\" \/>                                                    <\/figure>\r\n                    <\/div>\r\n                <\/article>\r\n\r\n            \r\n                <article id=\"media-asset-5866\" class=\"grid-item eut-isotope-item wpcptm-media-asset-item eut-image-square post-5866 media-assets type-media-assets status-publish has-post-thumbnail hentry media-assets-categories-videos\">\r\n                    <div class=\"eut-isotope-item-inner eut-hover-item eut-zoom-in eut-hover-style-3 eut-animated\">\r\n                        <figure class=\"eut-image-hover eut-media eut-zoom-in\">\r\n                                                                                            <a class=\"eut-item-url\"\r\n                                   href=\"https:\/\/www.youtube.com\/watch?v=MwzZoLEVksQ\"\r\n                                   data-title=\"&#8220;Three Continents&#8221;: WDR Sinfonieorchester, Cristian M\u0103celaru und Jan Vogler\"\r\n                                   data-desc=\"\"\r\n                                   data-iframe=\"true\"><\/a>\r\n                                                        <div class=\"eut-bg-dark eut-hover-overlay eut-opacity-40\"><\/div>\r\n                            <img loading=\"lazy\" decoding=\"async\" width=\"560\" height=\"560\" src=\"https:\/\/www.janvogler.com\/en-us\/wp-content\/uploads\/sites\/2\/2021\/05\/Vogler_Macelaru_WDR-Sinfonieorchester-560x560.png\" class=\"attachment-fildisi-eutf-small-square size-fildisi-eutf-small-square\" alt=\"\" srcset=\"https:\/\/www.janvogler.com\/en-us\/wp-content\/uploads\/sites\/2\/2021\/05\/Vogler_Macelaru_WDR-Sinfonieorchester-560x560.png 560w, https:\/\/www.janvogler.com\/en-us\/wp-content\/uploads\/sites\/2\/2021\/05\/Vogler_Macelaru_WDR-Sinfonieorchester-150x150.png 150w\" sizes=\"auto, (max-width: 560px) 100vw, 560px\" \/>                                                    <\/figure>\r\n                    <\/div>\r\n                <\/article>\r\n\r\n            \r\n                <article id=\"media-asset-5869\" class=\"grid-item eut-isotope-item wpcptm-media-asset-item eut-image-square post-5869 media-assets type-media-assets status-publish has-post-thumbnail hentry media-assets-categories-videos\">\r\n                    <div class=\"eut-isotope-item-inner eut-hover-item eut-zoom-in eut-hover-style-3 eut-animated\">\r\n                        <figure class=\"eut-image-hover eut-media eut-zoom-in\">\r\n                                                                                            <a class=\"eut-item-url\"\r\n                                   href=\"https:\/\/www.youtube.com\/watch?v=1d24-TN19bQ\"\r\n                                   data-title=\"NPR Tiny Desk Concert: Jan Vogler and Alessio Bax\"\r\n                                   data-desc=\"\"\r\n                                   data-iframe=\"true\"><\/a>\r\n                                                        <div class=\"eut-bg-dark eut-hover-overlay eut-opacity-40\"><\/div>\r\n                            <img loading=\"lazy\" decoding=\"async\" width=\"560\" height=\"533\" src=\"https:\/\/www.janvogler.com\/en-us\/wp-content\/uploads\/sites\/2\/2021\/05\/Bildschirmfoto-2021-05-07-um-22.17.31-e1620418843565-560x533.png\" class=\"attachment-fildisi-eutf-small-square size-fildisi-eutf-small-square\" alt=\"\" \/>                                                    <\/figure>\r\n                    <\/div>\r\n                <\/article>\r\n\r\n            \r\n                <article id=\"media-asset-5924\" class=\"grid-item eut-isotope-item wpcptm-media-asset-item eut-image-square post-5924 media-assets type-media-assets status-publish has-post-thumbnail hentry media-assets-categories-off-stage\">\r\n                    <div class=\"eut-isotope-item-inner eut-hover-item eut-zoom-in eut-hover-style-3 eut-animated\">\r\n                        <figure class=\"eut-image-hover eut-media eut-zoom-in\">\r\n                                                            <a class=\"eut-item-url\"\r\n                                   href=\"https:\/\/www.janvogler.com\/en-us\/wp-content\/uploads\/sites\/2\/2021\/08\/DSF9483-e1627932150585.jpeg\"\r\n                                   data-title=\"&#8220;New Worlds: The Cradle of Civilization&#8221; at the Festival de Cannes\"\r\n                                   data-desc=\"\"\r\n                                   data-link=\"https:\/\/www.janvogler.com\/en-us\/wp-content\/uploads\/sites\/2\/2021\/08\/DSF9483-e1627932150585.jpeg\"><\/a>\r\n                                                        <div class=\"eut-bg-dark eut-hover-overlay eut-opacity-40\"><\/div>\r\n                            <img loading=\"lazy\" decoding=\"async\" width=\"560\" height=\"560\" src=\"https:\/\/www.janvogler.com\/en-us\/wp-content\/uploads\/sites\/2\/2021\/08\/DSF9483-e1627932150585-560x560.jpeg\" class=\"attachment-fildisi-eutf-small-square size-fildisi-eutf-small-square\" alt=\"\" srcset=\"https:\/\/www.janvogler.com\/en-us\/wp-content\/uploads\/sites\/2\/2021\/08\/DSF9483-e1627932150585-560x560.jpeg 560w, https:\/\/www.janvogler.com\/en-us\/wp-content\/uploads\/sites\/2\/2021\/08\/DSF9483-e1627932150585-150x150.jpeg 150w\" sizes=\"auto, (max-width: 560px) 100vw, 560px\" \/>                                                    <\/figure>\r\n                    <\/div>\r\n                <\/article>\r\n\r\n            \r\n                <article id=\"media-asset-6004\" class=\"grid-item eut-isotope-item wpcptm-media-asset-item eut-image-square post-6004 media-assets type-media-assets status-publish has-post-thumbnail hentry media-assets-categories-portraits\">\r\n                    <div class=\"eut-isotope-item-inner eut-hover-item eut-zoom-in eut-hover-style-3 eut-animated\">\r\n                        <figure class=\"eut-image-hover eut-media eut-zoom-in\">\r\n                                                            <a class=\"eut-item-url\"\r\n                                   href=\"https:\/\/www.janvogler.com\/en-us\/wp-content\/uploads\/sites\/2\/2022\/06\/7-\u00a9Timor-Raz.jpeg\"\r\n                                   data-title=\"\u00a9Timor Raz\"\r\n                                   data-desc=\"\"\r\n                                   data-link=\"https:\/\/www.janvogler.com\/en-us\/wp-content\/uploads\/sites\/2\/2022\/06\/7-\u00a9Timor-Raz.jpeg\"><\/a>\r\n                                                        <div class=\"eut-bg-dark eut-hover-overlay eut-opacity-40\"><\/div>\r\n                            <img loading=\"lazy\" decoding=\"async\" width=\"560\" height=\"560\" src=\"https:\/\/www.janvogler.com\/en-us\/wp-content\/uploads\/sites\/2\/2022\/06\/7-\u00a9Timor-Raz-560x560.jpeg\" class=\"attachment-fildisi-eutf-small-square size-fildisi-eutf-small-square\" alt=\"\" srcset=\"https:\/\/www.janvogler.com\/en-us\/wp-content\/uploads\/sites\/2\/2022\/06\/7-\u00a9Timor-Raz-560x560.jpeg 560w, https:\/\/www.janvogler.com\/en-us\/wp-content\/uploads\/sites\/2\/2022\/06\/7-\u00a9Timor-Raz-150x150.jpeg 150w\" sizes=\"auto, (max-width: 560px) 100vw, 560px\" \/>                                                    <\/figure>\r\n                    <\/div>\r\n                <\/article>\r\n\r\n            \r\n                <article id=\"media-asset-6005\" class=\"grid-item eut-isotope-item wpcptm-media-asset-item eut-image-square post-6005 media-assets type-media-assets status-publish has-post-thumbnail hentry media-assets-categories-portraits\">\r\n                    <div class=\"eut-isotope-item-inner eut-hover-item eut-zoom-in eut-hover-style-3 eut-animated\">\r\n                        <figure class=\"eut-image-hover eut-media eut-zoom-in\">\r\n                                                            <a class=\"eut-item-url\"\r\n                                   href=\"https:\/\/www.janvogler.com\/en-us\/wp-content\/uploads\/sites\/2\/2022\/06\/6-\u00a9Timor-Raz.jpeg\"\r\n                                   data-title=\"\u00a9Timor Raz\"\r\n                                   data-desc=\"\"\r\n                                   data-link=\"https:\/\/www.janvogler.com\/en-us\/wp-content\/uploads\/sites\/2\/2022\/06\/6-\u00a9Timor-Raz.jpeg\"><\/a>\r\n                                                        <div class=\"eut-bg-dark eut-hover-overlay eut-opacity-40\"><\/div>\r\n                            <img loading=\"lazy\" decoding=\"async\" width=\"560\" height=\"560\" src=\"https:\/\/www.janvogler.com\/en-us\/wp-content\/uploads\/sites\/2\/2022\/06\/6-\u00a9Timor-Raz-560x560.jpeg\" class=\"attachment-fildisi-eutf-small-square size-fildisi-eutf-small-square\" alt=\"\" srcset=\"https:\/\/www.janvogler.com\/en-us\/wp-content\/uploads\/sites\/2\/2022\/06\/6-\u00a9Timor-Raz-560x560.jpeg 560w, https:\/\/www.janvogler.com\/en-us\/wp-content\/uploads\/sites\/2\/2022\/06\/6-\u00a9Timor-Raz-150x150.jpeg 150w\" sizes=\"auto, (max-width: 560px) 100vw, 560px\" \/>                                                    <\/figure>\r\n                    <\/div>\r\n                <\/article>\r\n\r\n            \r\n                <article id=\"media-asset-6006\" class=\"grid-item eut-isotope-item wpcptm-media-asset-item eut-image-square post-6006 media-assets type-media-assets status-publish has-post-thumbnail hentry media-assets-categories-portraits\">\r\n                    <div class=\"eut-isotope-item-inner eut-hover-item eut-zoom-in eut-hover-style-3 eut-animated\">\r\n                        <figure class=\"eut-image-hover eut-media eut-zoom-in\">\r\n                                                            <a class=\"eut-item-url\"\r\n                                   href=\"https:\/\/www.janvogler.com\/en-us\/wp-content\/uploads\/sites\/2\/2022\/06\/4-\u00a9Timor-Raz.jpeg\"\r\n                                   data-title=\"\u00a9Timor Raz\"\r\n                                   data-desc=\"\"\r\n                                   data-link=\"https:\/\/www.janvogler.com\/en-us\/wp-content\/uploads\/sites\/2\/2022\/06\/4-\u00a9Timor-Raz.jpeg\"><\/a>\r\n                                                        <div class=\"eut-bg-dark eut-hover-overlay eut-opacity-40\"><\/div>\r\n                            <img loading=\"lazy\" decoding=\"async\" width=\"560\" height=\"560\" src=\"https:\/\/www.janvogler.com\/en-us\/wp-content\/uploads\/sites\/2\/2022\/06\/4-\u00a9Timor-Raz-560x560.jpeg\" class=\"attachment-fildisi-eutf-small-square size-fildisi-eutf-small-square\" alt=\"\" srcset=\"https:\/\/www.janvogler.com\/en-us\/wp-content\/uploads\/sites\/2\/2022\/06\/4-\u00a9Timor-Raz-560x560.jpeg 560w, https:\/\/www.janvogler.com\/en-us\/wp-content\/uploads\/sites\/2\/2022\/06\/4-\u00a9Timor-Raz-150x150.jpeg 150w\" sizes=\"auto, (max-width: 560px) 100vw, 560px\" \/>                                                    <\/figure>\r\n                    <\/div>\r\n                <\/article>\r\n\r\n            \r\n                <article id=\"media-asset-6007\" class=\"grid-item eut-isotope-item wpcptm-media-asset-item eut-image-square post-6007 media-assets type-media-assets status-publish has-post-thumbnail hentry media-assets-categories-portraits\">\r\n                    <div class=\"eut-isotope-item-inner eut-hover-item eut-zoom-in eut-hover-style-3 eut-animated\">\r\n                        <figure class=\"eut-image-hover eut-media eut-zoom-in\">\r\n                                                            <a class=\"eut-item-url\"\r\n                                   href=\"https:\/\/www.janvogler.com\/en-us\/wp-content\/uploads\/sites\/2\/2022\/06\/2-\u00a9Timor-Raz.jpeg\"\r\n                                   data-title=\"\u00a9Timor Raz\"\r\n                                   data-desc=\"\"\r\n                                   data-link=\"https:\/\/www.janvogler.com\/en-us\/wp-content\/uploads\/sites\/2\/2022\/06\/2-\u00a9Timor-Raz.jpeg\"><\/a>\r\n                                                        <div class=\"eut-bg-dark eut-hover-overlay eut-opacity-40\"><\/div>\r\n                            <img loading=\"lazy\" decoding=\"async\" width=\"560\" height=\"560\" src=\"https:\/\/www.janvogler.com\/en-us\/wp-content\/uploads\/sites\/2\/2022\/06\/2-\u00a9Timor-Raz-560x560.jpeg\" class=\"attachment-fildisi-eutf-small-square size-fildisi-eutf-small-square\" alt=\"\" srcset=\"https:\/\/www.janvogler.com\/en-us\/wp-content\/uploads\/sites\/2\/2022\/06\/2-\u00a9Timor-Raz-560x560.jpeg 560w, https:\/\/www.janvogler.com\/en-us\/wp-content\/uploads\/sites\/2\/2022\/06\/2-\u00a9Timor-Raz-150x150.jpeg 150w\" sizes=\"auto, (max-width: 560px) 100vw, 560px\" \/>                                                    <\/figure>\r\n                    <\/div>\r\n                <\/article>\r\n\r\n            \r\n                <article id=\"media-asset-6008\" class=\"grid-item eut-isotope-item wpcptm-media-asset-item eut-image-square post-6008 media-assets type-media-assets status-publish has-post-thumbnail hentry media-assets-categories-portraits\">\r\n                    <div class=\"eut-isotope-item-inner eut-hover-item eut-zoom-in eut-hover-style-3 eut-animated\">\r\n                        <figure class=\"eut-image-hover eut-media eut-zoom-in\">\r\n                                                            <a class=\"eut-item-url\"\r\n                                   href=\"https:\/\/www.janvogler.com\/en-us\/wp-content\/uploads\/sites\/2\/2022\/06\/1-\u00a9Timor-Raz.jpeg\"\r\n                                   data-title=\"\u00a9Timor Raz\"\r\n                                   data-desc=\"\"\r\n                                   data-link=\"https:\/\/www.janvogler.com\/en-us\/wp-content\/uploads\/sites\/2\/2022\/06\/1-\u00a9Timor-Raz.jpeg\"><\/a>\r\n                                                        <div class=\"eut-bg-dark eut-hover-overlay eut-opacity-40\"><\/div>\r\n                            <img loading=\"lazy\" decoding=\"async\" width=\"560\" height=\"560\" src=\"https:\/\/www.janvogler.com\/en-us\/wp-content\/uploads\/sites\/2\/2022\/06\/1-\u00a9Timor-Raz-560x560.jpeg\" class=\"attachment-fildisi-eutf-small-square size-fildisi-eutf-small-square\" alt=\"\" srcset=\"https:\/\/www.janvogler.com\/en-us\/wp-content\/uploads\/sites\/2\/2022\/06\/1-\u00a9Timor-Raz-560x560.jpeg 560w, https:\/\/www.janvogler.com\/en-us\/wp-content\/uploads\/sites\/2\/2022\/06\/1-\u00a9Timor-Raz-150x150.jpeg 150w\" sizes=\"auto, (max-width: 560px) 100vw, 560px\" \/>                                                    <\/figure>\r\n                    <\/div>\r\n                <\/article>\r\n\r\n            \r\n                <article id=\"media-asset-6034\" class=\"grid-item eut-isotope-item wpcptm-media-asset-item eut-image-square post-6034 media-assets type-media-assets status-publish has-post-thumbnail hentry media-assets-categories-videos\">\r\n                    <div class=\"eut-isotope-item-inner eut-hover-item eut-zoom-in eut-hover-style-3 eut-animated\">\r\n                        <figure class=\"eut-image-hover eut-media eut-zoom-in\">\r\n                                                                                            <a class=\"eut-item-url\"\r\n                                   href=\"https:\/\/www.youtube.com\/watch?v=00kc-btgKVA&t=314s\"\r\n                                   data-title=\"Dvorak Cello Concerto with Paavo J\u00e4rvi and HR Sinfonieorchester\"\r\n                                   data-desc=\"Dvorak cello concerto, recorded in May 2022 at Dresden Music Festival, at Dresden Kulturpalast.\"\r\n                                   data-iframe=\"true\"><\/a>\r\n                                                        <div class=\"eut-bg-dark eut-hover-overlay eut-opacity-40\"><\/div>\r\n                            <img loading=\"lazy\" decoding=\"async\" width=\"560\" height=\"560\" src=\"https:\/\/www.janvogler.com\/en-us\/wp-content\/uploads\/sites\/2\/2022\/12\/JanVogler_S02_536_V2-1-scaled-560x560.jpg\" class=\"attachment-fildisi-eutf-small-square size-fildisi-eutf-small-square\" alt=\"\" srcset=\"https:\/\/www.janvogler.com\/en-us\/wp-content\/uploads\/sites\/2\/2022\/12\/JanVogler_S02_536_V2-1-scaled-560x560.jpg 560w, https:\/\/www.janvogler.com\/en-us\/wp-content\/uploads\/sites\/2\/2022\/12\/JanVogler_S02_536_V2-1-scaled-150x150.jpg 150w, https:\/\/www.janvogler.com\/en-us\/wp-content\/uploads\/sites\/2\/2022\/12\/JanVogler_S02_536_V2-1-scaled-900x900.jpg 900w\" sizes=\"auto, (max-width: 560px) 100vw, 560px\" \/>                                                    <\/figure>\r\n                    <\/div>\r\n                <\/article>\r\n\r\n            \r\n                <article id=\"media-asset-6046\" class=\"grid-item eut-isotope-item wpcptm-media-asset-item eut-image-square post-6046 media-assets type-media-assets status-publish has-post-thumbnail hentry media-assets-categories-portraits\">\r\n                    <div class=\"eut-isotope-item-inner eut-hover-item eut-zoom-in eut-hover-style-3 eut-animated\">\r\n                        <figure class=\"eut-image-hover eut-media eut-zoom-in\">\r\n                                                            <a class=\"eut-item-url\"\r\n                                   href=\"https:\/\/www.janvogler.com\/en-us\/wp-content\/uploads\/sites\/2\/2023\/03\/JanVogler_S04_900-scaled.jpg\"\r\n                                   data-title=\"(c) Timo Raz\"\r\n                                   data-desc=\"\"\r\n                                   data-link=\"https:\/\/www.janvogler.com\/en-us\/wp-content\/uploads\/sites\/2\/2023\/03\/JanVogler_S04_900-scaled.jpg\"><\/a>\r\n                                                        <div class=\"eut-bg-dark eut-hover-overlay eut-opacity-40\"><\/div>\r\n                            <img loading=\"lazy\" decoding=\"async\" width=\"560\" height=\"560\" src=\"https:\/\/www.janvogler.com\/en-us\/wp-content\/uploads\/sites\/2\/2023\/03\/JanVogler_S04_900-scaled-560x560.jpg\" class=\"attachment-fildisi-eutf-small-square size-fildisi-eutf-small-square\" alt=\"\" srcset=\"https:\/\/www.janvogler.com\/en-us\/wp-content\/uploads\/sites\/2\/2023\/03\/JanVogler_S04_900-scaled-560x560.jpg 560w, https:\/\/www.janvogler.com\/en-us\/wp-content\/uploads\/sites\/2\/2023\/03\/JanVogler_S04_900-scaled-150x150.jpg 150w, https:\/\/www.janvogler.com\/en-us\/wp-content\/uploads\/sites\/2\/2023\/03\/JanVogler_S04_900-scaled-900x900.jpg 900w\" sizes=\"auto, (max-width: 560px) 100vw, 560px\" \/>                                                    <\/figure>\r\n                    <\/div>\r\n                <\/article>\r\n\r\n            \r\n                <article id=\"media-asset-6048\" class=\"grid-item eut-isotope-item wpcptm-media-asset-item eut-image-square post-6048 media-assets type-media-assets status-publish has-post-thumbnail hentry media-assets-categories-portraits\">\r\n                    <div class=\"eut-isotope-item-inner eut-hover-item eut-zoom-in eut-hover-style-3 eut-animated\">\r\n                        <figure class=\"eut-image-hover eut-media eut-zoom-in\">\r\n                                                            <a class=\"eut-item-url\"\r\n                                   href=\"https:\/\/www.janvogler.com\/en-us\/wp-content\/uploads\/sites\/2\/2023\/03\/JanVogler_S04_1051-scaled.jpg\"\r\n                                   data-title=\"(c) Timo Raz\"\r\n                                   data-desc=\"\"\r\n                                   data-link=\"https:\/\/www.janvogler.com\/en-us\/wp-content\/uploads\/sites\/2\/2023\/03\/JanVogler_S04_1051-scaled.jpg\"><\/a>\r\n                                                        <div class=\"eut-bg-dark eut-hover-overlay eut-opacity-40\"><\/div>\r\n                            <img loading=\"lazy\" decoding=\"async\" width=\"560\" height=\"560\" src=\"https:\/\/www.janvogler.com\/en-us\/wp-content\/uploads\/sites\/2\/2023\/03\/JanVogler_S04_1051-560x560.jpg\" class=\"attachment-fildisi-eutf-small-square size-fildisi-eutf-small-square\" alt=\"\" srcset=\"https:\/\/www.janvogler.com\/en-us\/wp-content\/uploads\/sites\/2\/2023\/03\/JanVogler_S04_1051-560x560.jpg 560w, https:\/\/www.janvogler.com\/en-us\/wp-content\/uploads\/sites\/2\/2023\/03\/JanVogler_S04_1051-150x150.jpg 150w, https:\/\/www.janvogler.com\/en-us\/wp-content\/uploads\/sites\/2\/2023\/03\/JanVogler_S04_1051-900x900.jpg 900w\" sizes=\"auto, (max-width: 560px) 100vw, 560px\" \/>                                                    <\/figure>\r\n                    <\/div>\r\n                <\/article>\r\n\r\n            <\/div><\/div>[\/vc_column][\/vc_row]<\/p>\n<\/div>","protected":false},"excerpt":{"rendered":"<p>[vc_row padding_top_multiplier=&#8221;3x&#8221; padding_bottom_multiplier=&#8221;3x&#8221;][vc_column][\/vc_column][\/vc_row]<\/p>\n","protected":false},"author":8,"featured_media":0,"parent":0,"menu_order":0,"comment_status":"closed","ping_status":"closed","template":"","meta":{"footnotes":""},"class_list":["post-3953","page","type-page","status-publish","hentry"],"_links":{"self":[{"href":"https:\/\/www.janvogler.com\/en-us\/wp-json\/wp\/v2\/pages\/3953","targetHints":{"allow":["GET"]}}],"collection":[{"href":"https:\/\/www.janvogler.com\/en-us\/wp-json\/wp\/v2\/pages"}],"about":[{"href":"https:\/\/www.janvogler.com\/en-us\/wp-json\/wp\/v2\/types\/page"}],"author":[{"embeddable":true,"href":"https:\/\/www.janvogler.com\/en-us\/wp-json\/wp\/v2\/users\/8"}],"replies":[{"embeddable":true,"href":"https:\/\/www.janvogler.com\/en-us\/wp-json\/wp\/v2\/comments?post=3953"}],"version-history":[{"count":29,"href":"https:\/\/www.janvogler.com\/en-us\/wp-json\/wp\/v2\/pages\/3953\/revisions"}],"predecessor-version":[{"id":4711,"href":"https:\/\/www.janvogler.com\/en-us\/wp-json\/wp\/v2\/pages\/3953\/revisions\/4711"}],"wp:attachment":[{"href":"https:\/\/www.janvogler.com\/en-us\/wp-json\/wp\/v2\/media?parent=3953"}],"curies":[{"name":"wp","href":"https:\/\/api.w.org\/{rel}","templated":true}]}}